{"id":737,"date":"2021-02-06T13:43:20","date_gmt":"2021-02-06T12:43:20","guid":{"rendered":"https:\/\/af.maxi-trampoline.com\/?page_id=737"},"modified":"2022-02-11T11:54:30","modified_gmt":"2022-02-11T10:54:30","slug":"polisdenkmaler","status":"publish","type":"page","link":"https:\/\/artsfuneraires.ch\/de\/monuments-funeraires\/monuments-polis\/","title":{"rendered":"Polisdenkm\u00e4ler"},"content":{"rendered":"<p>[et_pb_section fb_built=\u00a0\u00bb1&Prime; _builder_version=\u00a0\u00bb4.9.0&Prime; _module_preset=\u00a0\u00bbdefault\u00a0\u00bb background_image=\u00a0\u00bbhttps:\/\/www.artsfuneraires.ch\/wp-content\/uploads\/2021\/06\/50633006911_b9580f5dc1_c.jpg\u00a0\u00bb parallax=\u00a0\u00bbon\u00a0\u00bb parallax_method=\u00a0\u00bboff\u00a0\u00bb custom_padding=\u00a0\u00bb||0px|||\u00a0\u00bb locked=\u00a0\u00bboff\u00a0\u00bb global_colors_info=\u00a0\u00bb{}\u00a0\u00bb][et_pb_row column_structure=\u00a0\u00bb3_4,1_4&Prime; _builder_version=\u00a0\u00bb4.9.0&Prime; _module_preset=\u00a0\u00bbdefault\u00a0\u00bb background_color=\u00a0\u00bbrgba(0,39,37,0.9)\u00a0\u00bb width=\u00a0\u00bb100%\u00a0\u00bb max_width=\u00a0\u00bb2560px\u00a0\u00bb custom_margin=\u00a0\u00bb417px|auto|0px|auto|false|false\u00a0\u00bb custom_margin_tablet=\u00a0\u00bb0px||||false|false\u00a0\u00bb custom_margin_phone=\u00a0\u00bb0px|auto|0px|auto|false|false\u00a0\u00bb custom_margin_last_edited=\u00a0\u00bbon|tablet\u00a0\u00bb custom_padding=\u00a0\u00bb0px||0px||false|false\u00a0\u00bb locked=\u00a0\u00bboff\u00a0\u00bb global_colors_info=\u00a0\u00bb{}\u00a0\u00bb][et_pb_column type=\u00a0\u00bb3_4&Prime; _builder_version=\u00a0\u00bb4.8.2&Prime; _module_preset=\u00a0\u00bbdefault\u00a0\u00bb global_colors_info=\u00a0\u00bb{}\u00a0\u00bb][et_pb_text _builder_version=\u00a0\u00bb4.10.2&Prime; _module_preset=\u00a0\u00bbdefault\u00a0\u00bb text_font=\u00a0\u00bbOpen Sans||||||||\u00a0\u00bb text_text_color=\u00a0\u00bb#E09900&Prime; text_font_size=\u00a0\u00bb22px\u00a0\u00bb text_line_height=\u00a0\u00bb2em\u00a0\u00bb header_text_color=\u00a0\u00bb#000000&Prime; header_2_font=\u00a0\u00bbOpen Sans||||||||\u00a0\u00bb header_2_text_color=\u00a0\u00bb#FFFFFF\u00a0\u00bb header_2_font_size=\u00a0\u00bb55px\u00a0\u00bb header_2_line_height=\u00a0\u00bb1.5em\u00a0\u00bb header_3_font=\u00a0\u00bbOpen Sans||||||||\u00a0\u00bb header_3_text_color=\u00a0\u00bb#FFFFFF\u00a0\u00bb header_3_line_height=\u00a0\u00bb1.4em\u00a0\u00bb header_6_font=\u00a0\u00bbOpen Sans||||||||\u00a0\u00bb header_6_text_color=\u00a0\u00bb#e09900&Prime; header_6_font_size=\u00a0\u00bb40px\u00a0\u00bb custom_margin_tablet=\u00a0\u00bb\u00a0\u00bb custom_margin_phone=\u00a0\u00bb50px||-50px||false|false\u00a0\u00bb custom_margin_last_edited=\u00a0\u00bbon|phone\u00a0\u00bb custom_padding=\u00a0\u00bb20px|30px|20px|320px|true|false\u00a0\u00bb custom_padding_tablet=\u00a0\u00bb|20px||20px|false|true\u00a0\u00bb custom_padding_phone=\u00a0\u00bb0px|20px||20px|false|false\u00a0\u00bb custom_padding_last_edited=\u00a0\u00bbon|tablet\u00a0\u00bb text_font_size_tablet=\u00a0\u00bb\u00a0\u00bb text_font_size_phone=\u00a0\u00bb16px\u00a0\u00bb text_font_size_last_edited=\u00a0\u00bbon|phone\u00a0\u00bb header_2_font_size_tablet=\u00a0\u00bb\u00a0\u00bb header_2_font_size_phone=\u00a0\u00bb35px\u00a0\u00bb header_2_font_size_last_edited=\u00a0\u00bbon|phone\u00a0\u00bb global_colors_info=\u00a0\u00bb{}\u00a0\u00bb]<\/p>\n<h2>Les monuments fun\u00e9raires<\/h2>\n<h6>Aux Arts Fun\u00e9raires<\/h6>\n<p><small>GEN\u00c8VE &#8211; VAUD &#8211; VALAIS<small>\u00a0<\/small>\u2013 FRIBOURG \u2013 NEUCH\u00c2TEL<\/small><\/p>\n<h3 class=\"fs-40 fw-300\"><\/h3>\n<h3 class=\"fs-40 fw-300\"><span>Votre sp\u00e9cialiste en monuments fun\u00e9raires pour toute la Suisse<\/span><\/h3>\n<p>[\/et_pb_text][\/et_pb_column][et_pb_column type=\u00a0\u00bb1_4&Prime; _builder_version=\u00a0\u00bb4.8.2&Prime; _module_preset=\u00a0\u00bbdefault\u00a0\u00bb background_enable_color=\u00a0\u00bboff\u00a0\u00bb global_colors_info=\u00a0\u00bb{}\u00a0\u00bb][\/et_pb_column][\/et_pb_row][\/et_pb_section][et_pb_section fb_built=\u00a0\u00bb1&Prime; _builder_version=\u00a0\u00bb4.8.2&Prime; _module_preset=\u00a0\u00bbdefault\u00a0\u00bb background_enable_color=\u00a0\u00bboff\u00a0\u00bb custom_padding=\u00a0\u00bb16px||4px|||\u00a0\u00bb global_colors_info=\u00a0\u00bb{}\u00a0\u00bb][et_pb_row _builder_version=\u00a0\u00bb4.8.2&Prime; _module_preset=\u00a0\u00bbdefault\u00a0\u00bb max_width=\u00a0\u00bb2560px\u00a0\u00bb custom_padding=\u00a0\u00bb||0px|||\u00a0\u00bb locked=\u00a0\u00bboff\u00a0\u00bb global_colors_info=\u00a0\u00bb{}\u00a0\u00bb][et_pb_column type=\u00a0\u00bb4_4&Prime; _builder_version=\u00a0\u00bb4.8.2&Prime; _module_preset=\u00a0\u00bbdefault\u00a0\u00bb global_colors_info=\u00a0\u00bb{}\u00a0\u00bb][et_pb_text _builder_version=\u00a0\u00bb4.8.2&Prime; _module_preset=\u00a0\u00bbdefault\u00a0\u00bb text_font=\u00a0\u00bb|300|||||||\u00a0\u00bb header_2_font=\u00a0\u00bb|300|||||||\u00a0\u00bb header_2_font_size=\u00a0\u00bb29px\u00a0\u00bb text_orientation=\u00a0\u00bbcenter\u00a0\u00bb custom_margin=\u00a0\u00bb||6px||false|false\u00a0\u00bb global_colors_info=\u00a0\u00bb{}\u00a0\u00bb]<\/p>\n<h2>Monuments fun\u00e9raires polis<\/h2>\n<p>[\/et_pb_text][\/et_pb_column][\/et_pb_row][et_pb_row _builder_version=\u00a0\u00bb4.14.7&Prime; _module_preset=\u00a0\u00bbdefault\u00a0\u00bb width_tablet=\u00a0\u00bb\u00a0\u00bb width_phone=\u00a0\u00bb100%\u00a0\u00bb width_last_edited=\u00a0\u00bbon|phone\u00a0\u00bb hover_enabled=\u00a0\u00bb0&Prime; global_colors_info=\u00a0\u00bb{}\u00a0\u00bb width=\u00a0\u00bb100%\u00a0\u00bb max_width=\u00a0\u00bb2560px\u00a0\u00bb sticky_enabled=\u00a0\u00bb0&Prime;][et_pb_column type=\u00a0\u00bb4_4&Prime; _builder_version=\u00a0\u00bb4.8.2&Prime; _module_preset=\u00a0\u00bbdefault\u00a0\u00bb global_colors_info=\u00a0\u00bb{}\u00a0\u00bb][et_pb_code _builder_version=\u00a0\u00bb4.8.2&Prime; _module_preset=\u00a0\u00bbdefault\u00a0\u00bb global_colors_info=\u00a0\u00bb{}\u00a0\u00bb]<style type=\"text\/css\">\n#foogallery-gallery-1140 .fg-image { width: 400px; }\n#foogallery-gallery-1140 { --fg-gutter: 10px; }<\/style>\n\t\t\t<div class=\"foogallery foogallery-container foogallery-default foogallery-lightbox-foobox fg-center fg-default fg-ready fg-light fg-border-thin fg-shadow-outline fg-loading-default fg-loaded-fade-in fg-hover-zoomed fg-hover-fade fg-hover-zoom3\" id=\"foogallery-gallery-1140\" data-foogallery=\"{&quot;item&quot;:{&quot;showCaptionTitle&quot;:false,&quot;showCaptionDescription&quot;:false},&quot;lazy&quot;:true}\" style=\"--fg-title-line-clamp: 0; --fg-description-line-clamp: 0;\" >\n\t<div class=\"fg-item fg-type-image fg-idle\"><figure class=\"fg-item-inner\"><a href=\"https:\/\/artsfuneraires.ch\/wp-content\/uploads\/2021\/02\/Monument-Funeraire-Monument-Poli-00.jpg\" data-caption-title=\"Monument Funeraire Monument Poli 00\" data-caption-desc=\"Monument Funeraire Monument Poli 00\" data-attachment-id=\"1141\" data-type=\"image\" class=\"fg-thumb\"><span class=\"fg-image-wrap\"><img fetchpriority=\"high\" decoding=\"async\" alt=\"Monument Funeraire Monument Poli 00\" title=\"Monument Funeraire Monument Poli 00\" width=\"400\" height=\"400\" class=\"skip-lazy fg-image\" data-src-fg=\"https:\/\/artsfuneraires.ch\/wp-content\/uploads\/cache\/2021\/02\/Monument-Funeraire-Monument-Poli-00\/3577013203.jpg\" src=\"data:image\/svg+xml,%3Csvg%20xmlns%3D%22http%3A%2F%2Fwww.w3.org%2F2000%2Fsvg%22%20width%3D%22400%22%20height%3D%22400%22%20viewBox%3D%220%200%20400%20400%22%3E%3C%2Fsvg%3E\" loading=\"eager\"><\/span><span class=\"fg-image-overlay\"><\/span><\/a><\/figure><div class=\"fg-loader\"><\/div><\/div><div class=\"fg-item fg-type-image fg-idle\"><figure class=\"fg-item-inner\"><a href=\"https:\/\/artsfuneraires.ch\/wp-content\/uploads\/2021\/02\/Monument-Funeraire-Monument-Poli-01.jpg\" data-caption-title=\"Monument Funeraire Monument Poli 01\" data-caption-desc=\"Monument Funeraire Monument Poli 01\" data-attachment-id=\"1142\" data-type=\"image\" class=\"fg-thumb\"><span class=\"fg-image-wrap\"><img decoding=\"async\" alt=\"Monument Funeraire Monument Poli 01\" title=\"Monument Funeraire Monument Poli 01\" width=\"400\" height=\"400\" class=\"skip-lazy fg-image\" data-src-fg=\"https:\/\/artsfuneraires.ch\/wp-content\/uploads\/cache\/2021\/02\/Monument-Funeraire-Monument-Poli-01\/1749489160.jpg\" src=\"data:image\/svg+xml,%3Csvg%20xmlns%3D%22http%3A%2F%2Fwww.w3.org%2F2000%2Fsvg%22%20width%3D%22400%22%20height%3D%22400%22%20viewBox%3D%220%200%20400%20400%22%3E%3C%2Fsvg%3E\" loading=\"eager\"><\/span><span class=\"fg-image-overlay\"><\/span><\/a><\/figure><div class=\"fg-loader\"><\/div><\/div><div class=\"fg-item fg-type-image fg-idle\"><figure class=\"fg-item-inner\"><a href=\"https:\/\/artsfuneraires.ch\/wp-content\/uploads\/2021\/02\/Monument-Funeraire-Monument-Poli-02.jpg\" data-caption-title=\"Monument Funeraire Monument Poli 02\" data-caption-desc=\"Monument Funeraire Monument Poli 02\" data-attachment-id=\"1143\" data-type=\"image\" class=\"fg-thumb\"><span class=\"fg-image-wrap\"><img decoding=\"async\" alt=\"Monument Funeraire Monument Poli 02\" title=\"Monument Funeraire Monument Poli 02\" width=\"400\" height=\"400\" class=\"skip-lazy fg-image\" data-src-fg=\"https:\/\/artsfuneraires.ch\/wp-content\/uploads\/cache\/2021\/02\/Monument-Funeraire-Monument-Poli-02\/3380657448.jpg\" src=\"data:image\/svg+xml,%3Csvg%20xmlns%3D%22http%3A%2F%2Fwww.w3.org%2F2000%2Fsvg%22%20width%3D%22400%22%20height%3D%22400%22%20viewBox%3D%220%200%20400%20400%22%3E%3C%2Fsvg%3E\" loading=\"eager\"><\/span><span class=\"fg-image-overlay\"><\/span><\/a><\/figure><div class=\"fg-loader\"><\/div><\/div><div class=\"fg-item fg-type-image fg-idle\"><figure class=\"fg-item-inner\"><a href=\"https:\/\/artsfuneraires.ch\/wp-content\/uploads\/2021\/02\/Monument-Funeraire-Monument-Poli-03.jpg\" data-caption-title=\"Monument Funeraire Monument Poli 03\" data-caption-desc=\"Monument Funeraire Monument Poli 03\" data-attachment-id=\"1144\" data-type=\"image\" class=\"fg-thumb\"><span class=\"fg-image-wrap\"><img decoding=\"async\" alt=\"Monument Funeraire Monument Poli 03\" title=\"Monument Funeraire Monument Poli 03\" width=\"400\" height=\"400\" class=\"skip-lazy fg-image\" data-src-fg=\"https:\/\/artsfuneraires.ch\/wp-content\/uploads\/cache\/2021\/02\/Monument-Funeraire-Monument-Poli-03\/3385981951.jpg\" src=\"data:image\/svg+xml,%3Csvg%20xmlns%3D%22http%3A%2F%2Fwww.w3.org%2F2000%2Fsvg%22%20width%3D%22400%22%20height%3D%22400%22%20viewBox%3D%220%200%20400%20400%22%3E%3C%2Fsvg%3E\" loading=\"eager\"><\/span><span class=\"fg-image-overlay\"><\/span><\/a><\/figure><div class=\"fg-loader\"><\/div><\/div><div class=\"fg-item fg-type-image fg-idle\"><figure class=\"fg-item-inner\"><a href=\"https:\/\/artsfuneraires.ch\/wp-content\/uploads\/2021\/02\/Monument-Funeraire-Monument-Poli-04.jpg\" data-caption-title=\"Monument Funeraire Monument Poli 04\" data-caption-desc=\"Monument Funeraire Monument Poli 04\" data-attachment-id=\"1145\" data-type=\"image\" class=\"fg-thumb\"><span class=\"fg-image-wrap\"><img decoding=\"async\" alt=\"Monument Funeraire Monument Poli 04\" title=\"Monument Funeraire Monument Poli 04\" width=\"400\" height=\"400\" class=\"skip-lazy fg-image\" data-src-fg=\"https:\/\/artsfuneraires.ch\/wp-content\/uploads\/cache\/2021\/02\/Monument-Funeraire-Monument-Poli-04\/3965476389.jpg\" src=\"data:image\/svg+xml,%3Csvg%20xmlns%3D%22http%3A%2F%2Fwww.w3.org%2F2000%2Fsvg%22%20width%3D%22400%22%20height%3D%22400%22%20viewBox%3D%220%200%20400%20400%22%3E%3C%2Fsvg%3E\" loading=\"eager\"><\/span><span class=\"fg-image-overlay\"><\/span><\/a><\/figure><div class=\"fg-loader\"><\/div><\/div><div class=\"fg-item fg-type-image fg-idle\"><figure class=\"fg-item-inner\"><a href=\"https:\/\/artsfuneraires.ch\/wp-content\/uploads\/2021\/02\/Monument-Funeraire-Monument-Poli-05.jpg\" data-caption-title=\"Monument Funeraire Monument Poli 05\" data-caption-desc=\"Monument Funeraire Monument Poli 05\" data-attachment-id=\"1146\" data-type=\"image\" class=\"fg-thumb\"><span class=\"fg-image-wrap\"><img decoding=\"async\" alt=\"Monument Funeraire Monument Poli 05\" title=\"Monument Funeraire Monument Poli 05\" width=\"400\" height=\"400\" class=\"skip-lazy fg-image\" data-src-fg=\"https:\/\/artsfuneraires.ch\/wp-content\/uploads\/cache\/2021\/02\/Monument-Funeraire-Monument-Poli-05\/1362078718.jpg\" src=\"data:image\/svg+xml,%3Csvg%20xmlns%3D%22http%3A%2F%2Fwww.w3.org%2F2000%2Fsvg%22%20width%3D%22400%22%20height%3D%22400%22%20viewBox%3D%220%200%20400%20400%22%3E%3C%2Fsvg%3E\" loading=\"eager\"><\/span><span class=\"fg-image-overlay\"><\/span><\/a><\/figure><div class=\"fg-loader\"><\/div><\/div><div class=\"fg-item fg-type-image fg-idle\"><figure class=\"fg-item-inner\"><a href=\"https:\/\/artsfuneraires.ch\/wp-content\/uploads\/2021\/02\/Monument-Funeraire-Monument-Poli-06.jpg\" data-caption-title=\"Monument Funeraire Monument Poli 06\" data-caption-desc=\"Monument Funeraire Monument Poli 06\" data-attachment-id=\"1147\" data-type=\"image\" class=\"fg-thumb\"><span class=\"fg-image-wrap\"><img decoding=\"async\" alt=\"Monument Funeraire Monument Poli 06\" title=\"Monument Funeraire Monument Poli 06\" width=\"400\" height=\"400\" class=\"skip-lazy fg-image\" data-src-fg=\"https:\/\/artsfuneraires.ch\/wp-content\/uploads\/cache\/2021\/02\/Monument-Funeraire-Monument-Poli-06\/4041736414.jpg\" src=\"data:image\/svg+xml,%3Csvg%20xmlns%3D%22http%3A%2F%2Fwww.w3.org%2F2000%2Fsvg%22%20width%3D%22400%22%20height%3D%22400%22%20viewBox%3D%220%200%20400%20400%22%3E%3C%2Fsvg%3E\" loading=\"eager\"><\/span><span class=\"fg-image-overlay\"><\/span><\/a><\/figure><div class=\"fg-loader\"><\/div><\/div><div class=\"fg-item fg-type-image fg-idle\"><figure class=\"fg-item-inner\"><a href=\"https:\/\/artsfuneraires.ch\/wp-content\/uploads\/2021\/02\/Monument-Funeraire-Monument-Poli-07.jpg\" data-caption-title=\"Monument Funeraire Monument Poli 07\" data-caption-desc=\"Monument Funeraire Monument Poli 07\" data-attachment-id=\"1148\" data-type=\"image\" class=\"fg-thumb\"><span class=\"fg-image-wrap\"><img decoding=\"async\" alt=\"Monument Funeraire Monument Poli 07\" title=\"Monument Funeraire Monument Poli 07\" width=\"400\" height=\"400\" class=\"skip-lazy fg-image\" data-src-fg=\"https:\/\/artsfuneraires.ch\/wp-content\/uploads\/cache\/2021\/02\/Monument-Funeraire-Monument-Poli-07\/1368204880.jpg\" src=\"data:image\/svg+xml,%3Csvg%20xmlns%3D%22http%3A%2F%2Fwww.w3.org%2F2000%2Fsvg%22%20width%3D%22400%22%20height%3D%22400%22%20viewBox%3D%220%200%20400%20400%22%3E%3C%2Fsvg%3E\" loading=\"eager\"><\/span><span class=\"fg-image-overlay\"><\/span><\/a><\/figure><div class=\"fg-loader\"><\/div><\/div><div class=\"fg-item fg-type-image fg-idle\"><figure class=\"fg-item-inner\"><a href=\"https:\/\/artsfuneraires.ch\/wp-content\/uploads\/2021\/02\/Monument-Funeraire-Monument-Poli-08.jpg\" data-caption-title=\"Monument Funeraire Monument Poli 08\" data-caption-desc=\"Monument Funeraire Monument Poli 08\" data-attachment-id=\"1149\" data-type=\"image\" class=\"fg-thumb\"><span class=\"fg-image-wrap\"><img decoding=\"async\" alt=\"Monument Funeraire Monument Poli 08\" title=\"Monument Funeraire Monument Poli 08\" width=\"400\" height=\"400\" class=\"skip-lazy fg-image\" data-src-fg=\"https:\/\/artsfuneraires.ch\/wp-content\/uploads\/cache\/2021\/02\/Monument-Funeraire-Monument-Poli-08\/2816841791.jpg\" src=\"data:image\/svg+xml,%3Csvg%20xmlns%3D%22http%3A%2F%2Fwww.w3.org%2F2000%2Fsvg%22%20width%3D%22400%22%20height%3D%22400%22%20viewBox%3D%220%200%20400%20400%22%3E%3C%2Fsvg%3E\" loading=\"eager\"><\/span><span class=\"fg-image-overlay\"><\/span><\/a><\/figure><div class=\"fg-loader\"><\/div><\/div><div class=\"fg-item fg-type-image fg-idle\"><figure class=\"fg-item-inner\"><a href=\"https:\/\/artsfuneraires.ch\/wp-content\/uploads\/2021\/02\/Monument-Funeraire-Monument-Poli-09.jpg\" data-caption-title=\"Monument Funeraire Monument Poli 09\" data-caption-desc=\"Monument Funeraire Monument Poli 09\" data-attachment-id=\"1150\" data-type=\"image\" class=\"fg-thumb\"><span class=\"fg-image-wrap\"><img decoding=\"async\" alt=\"Monument Funeraire Monument Poli 09\" title=\"Monument Funeraire Monument Poli 09\" width=\"400\" height=\"400\" class=\"skip-lazy fg-image\" data-src-fg=\"https:\/\/artsfuneraires.ch\/wp-content\/uploads\/cache\/2021\/02\/Monument-Funeraire-Monument-Poli-09\/3882979229.jpg\" src=\"data:image\/svg+xml,%3Csvg%20xmlns%3D%22http%3A%2F%2Fwww.w3.org%2F2000%2Fsvg%22%20width%3D%22400%22%20height%3D%22400%22%20viewBox%3D%220%200%20400%20400%22%3E%3C%2Fsvg%3E\" loading=\"eager\"><\/span><span class=\"fg-image-overlay\"><\/span><\/a><\/figure><div class=\"fg-loader\"><\/div><\/div><div class=\"fg-item fg-type-image fg-idle\"><figure class=\"fg-item-inner\"><a href=\"https:\/\/artsfuneraires.ch\/wp-content\/uploads\/2021\/02\/Monument-Funeraire-Monument-Poli-10.jpg\" data-caption-title=\"Monument Funeraire Monument Poli 10\" data-caption-desc=\"Monument Funeraire Monument Poli 10\" data-attachment-id=\"1151\" data-type=\"image\" class=\"fg-thumb\"><span class=\"fg-image-wrap\"><img decoding=\"async\" alt=\"Monument Funeraire Monument Poli 10\" title=\"Monument Funeraire Monument Poli 10\" width=\"400\" height=\"400\" class=\"skip-lazy fg-image\" data-src-fg=\"https:\/\/artsfuneraires.ch\/wp-content\/uploads\/cache\/2021\/02\/Monument-Funeraire-Monument-Poli-10\/3222088758.jpg\" src=\"data:image\/svg+xml,%3Csvg%20xmlns%3D%22http%3A%2F%2Fwww.w3.org%2F2000%2Fsvg%22%20width%3D%22400%22%20height%3D%22400%22%20viewBox%3D%220%200%20400%20400%22%3E%3C%2Fsvg%3E\" loading=\"eager\"><\/span><span class=\"fg-image-overlay\"><\/span><\/a><\/figure><div class=\"fg-loader\"><\/div><\/div><div class=\"fg-item fg-type-image fg-idle\"><figure class=\"fg-item-inner\"><a href=\"https:\/\/artsfuneraires.ch\/wp-content\/uploads\/2021\/02\/Monument-Funeraire-Monument-Poli-11.jpg\" data-caption-title=\"Monument Funeraire Monument Poli 11\" data-caption-desc=\"Monument Funeraire Monument Poli 11\" data-attachment-id=\"1152\" data-type=\"image\" class=\"fg-thumb\"><span class=\"fg-image-wrap\"><img decoding=\"async\" alt=\"Monument Funeraire Monument Poli 11\" title=\"Monument Funeraire Monument Poli 11\" width=\"400\" height=\"400\" class=\"skip-lazy fg-image\" data-src-fg=\"https:\/\/artsfuneraires.ch\/wp-content\/uploads\/cache\/2021\/02\/Monument-Funeraire-Monument-Poli-11\/2105465325.jpg\" src=\"data:image\/svg+xml,%3Csvg%20xmlns%3D%22http%3A%2F%2Fwww.w3.org%2F2000%2Fsvg%22%20width%3D%22400%22%20height%3D%22400%22%20viewBox%3D%220%200%20400%20400%22%3E%3C%2Fsvg%3E\" loading=\"eager\"><\/span><span class=\"fg-image-overlay\"><\/span><\/a><\/figure><div class=\"fg-loader\"><\/div><\/div><div class=\"fg-item fg-type-image fg-idle\"><figure class=\"fg-item-inner\"><a href=\"https:\/\/artsfuneraires.ch\/wp-content\/uploads\/2021\/02\/Monument-Funeraire-Monument-Poli-12.jpg\" data-caption-title=\"Monument Funeraire Monument Poli 12\" data-caption-desc=\"Monument Funeraire Monument Poli 12\" data-attachment-id=\"1153\" data-type=\"image\" class=\"fg-thumb\"><span class=\"fg-image-wrap\"><img decoding=\"async\" alt=\"Monument Funeraire Monument Poli 12\" title=\"Monument Funeraire Monument Poli 12\" width=\"400\" height=\"400\" class=\"skip-lazy fg-image\" data-src-fg=\"https:\/\/artsfuneraires.ch\/wp-content\/uploads\/cache\/2021\/02\/Monument-Funeraire-Monument-Poli-12\/3703141069.jpg\" src=\"data:image\/svg+xml,%3Csvg%20xmlns%3D%22http%3A%2F%2Fwww.w3.org%2F2000%2Fsvg%22%20width%3D%22400%22%20height%3D%22400%22%20viewBox%3D%220%200%20400%20400%22%3E%3C%2Fsvg%3E\" loading=\"eager\"><\/span><span class=\"fg-image-overlay\"><\/span><\/a><\/figure><div class=\"fg-loader\"><\/div><\/div><div class=\"fg-item fg-type-image fg-idle\"><figure class=\"fg-item-inner\"><a href=\"https:\/\/artsfuneraires.ch\/wp-content\/uploads\/2021\/02\/Monument-Funeraire-Monument-Poli-13.jpg\" data-caption-title=\"Monument Funeraire Monument Poli 13\" data-caption-desc=\"Monument Funeraire Monument Poli 13\" data-attachment-id=\"1154\" data-type=\"image\" class=\"fg-thumb\"><span class=\"fg-image-wrap\"><img decoding=\"async\" alt=\"Monument Funeraire Monument Poli 13\" title=\"Monument Funeraire Monument Poli 13\" width=\"400\" height=\"400\" class=\"skip-lazy fg-image\" data-src-fg=\"https:\/\/artsfuneraires.ch\/wp-content\/uploads\/cache\/2021\/02\/Monument-Funeraire-Monument-Poli-13\/3706205210.jpg\" src=\"data:image\/svg+xml,%3Csvg%20xmlns%3D%22http%3A%2F%2Fwww.w3.org%2F2000%2Fsvg%22%20width%3D%22400%22%20height%3D%22400%22%20viewBox%3D%220%200%20400%20400%22%3E%3C%2Fsvg%3E\" loading=\"eager\"><\/span><span class=\"fg-image-overlay\"><\/span><\/a><\/figure><div class=\"fg-loader\"><\/div><\/div><div class=\"fg-item fg-type-image fg-idle\"><figure class=\"fg-item-inner\"><a href=\"https:\/\/artsfuneraires.ch\/wp-content\/uploads\/2021\/02\/Monument-Funeraire-Monument-Poli-14.jpg\" data-caption-title=\"Monument Funeraire Monument Poli 14\" data-caption-desc=\"Monument Funeraire Monument Poli 14\" data-attachment-id=\"1155\" data-type=\"image\" class=\"fg-thumb\"><span class=\"fg-image-wrap\"><img decoding=\"async\" alt=\"Monument Funeraire Monument Poli 14\" title=\"Monument Funeraire Monument Poli 14\" width=\"400\" height=\"400\" class=\"skip-lazy fg-image\" data-src-fg=\"https:\/\/artsfuneraires.ch\/wp-content\/uploads\/cache\/2021\/02\/Monument-Funeraire-Monument-Poli-14\/4184183232.jpg\" src=\"data:image\/svg+xml,%3Csvg%20xmlns%3D%22http%3A%2F%2Fwww.w3.org%2F2000%2Fsvg%22%20width%3D%22400%22%20height%3D%22400%22%20viewBox%3D%220%200%20400%20400%22%3E%3C%2Fsvg%3E\" loading=\"eager\"><\/span><span class=\"fg-image-overlay\"><\/span><\/a><\/figure><div class=\"fg-loader\"><\/div><\/div><div class=\"fg-item fg-type-image fg-idle\"><figure class=\"fg-item-inner\"><a href=\"https:\/\/artsfuneraires.ch\/wp-content\/uploads\/2021\/02\/Monument-Funeraire-Monument-Poli-15.jpg\" data-caption-title=\"Monument Funeraire Monument Poli 15\" data-caption-desc=\"Monument Funeraire Monument Poli 15\" data-attachment-id=\"1156\" data-type=\"image\" class=\"fg-thumb\"><span class=\"fg-image-wrap\"><img decoding=\"async\" alt=\"Monument Funeraire Monument Poli 15\" title=\"Monument Funeraire Monument Poli 15\" width=\"400\" height=\"400\" class=\"skip-lazy fg-image\" data-src-fg=\"https:\/\/artsfuneraires.ch\/wp-content\/uploads\/cache\/2021\/02\/Monument-Funeraire-Monument-Poli-15\/1142318107.jpg\" src=\"data:image\/svg+xml,%3Csvg%20xmlns%3D%22http%3A%2F%2Fwww.w3.org%2F2000%2Fsvg%22%20width%3D%22400%22%20height%3D%22400%22%20viewBox%3D%220%200%20400%20400%22%3E%3C%2Fsvg%3E\" loading=\"eager\"><\/span><span class=\"fg-image-overlay\"><\/span><\/a><\/figure><div class=\"fg-loader\"><\/div><\/div><div class=\"fg-item fg-type-image fg-idle\"><figure class=\"fg-item-inner\"><a href=\"https:\/\/artsfuneraires.ch\/wp-content\/uploads\/2021\/02\/Monument-Funeraire-Monument-Poli-16.jpg\" data-caption-title=\"Monument Funeraire Monument Poli 16\" data-caption-desc=\"Monument Funeraire Monument Poli 16\" data-attachment-id=\"1157\" data-type=\"image\" class=\"fg-thumb\"><span class=\"fg-image-wrap\"><img decoding=\"async\" alt=\"Monument Funeraire Monument Poli 16\" title=\"Monument Funeraire Monument Poli 16\" width=\"400\" height=\"400\" class=\"skip-lazy fg-image\" data-src-fg=\"https:\/\/artsfuneraires.ch\/wp-content\/uploads\/cache\/2021\/02\/Monument-Funeraire-Monument-Poli-16\/3855732539.jpg\" src=\"data:image\/svg+xml,%3Csvg%20xmlns%3D%22http%3A%2F%2Fwww.w3.org%2F2000%2Fsvg%22%20width%3D%22400%22%20height%3D%22400%22%20viewBox%3D%220%200%20400%20400%22%3E%3C%2Fsvg%3E\" loading=\"eager\"><\/span><span class=\"fg-image-overlay\"><\/span><\/a><\/figure><div class=\"fg-loader\"><\/div><\/div><div class=\"fg-item fg-type-image fg-idle\"><figure class=\"fg-item-inner\"><a href=\"https:\/\/artsfuneraires.ch\/wp-content\/uploads\/2021\/02\/Monument-Funeraire-Monument-Poli-17.jpg\" data-caption-title=\"Monument Funeraire Monument Poli 17\" data-caption-desc=\"Monument Funeraire Monument Poli 17\" data-attachment-id=\"1158\" data-type=\"image\" class=\"fg-thumb\"><span class=\"fg-image-wrap\"><img decoding=\"async\" alt=\"Monument Funeraire Monument Poli 17\" title=\"Monument Funeraire Monument Poli 17\" width=\"400\" height=\"400\" class=\"skip-lazy fg-image\" data-src-fg=\"https:\/\/artsfuneraires.ch\/wp-content\/uploads\/cache\/2021\/02\/Monument-Funeraire-Monument-Poli-17\/1152706997.jpg\" src=\"data:image\/svg+xml,%3Csvg%20xmlns%3D%22http%3A%2F%2Fwww.w3.org%2F2000%2Fsvg%22%20width%3D%22400%22%20height%3D%22400%22%20viewBox%3D%220%200%20400%20400%22%3E%3C%2Fsvg%3E\" loading=\"eager\"><\/span><span class=\"fg-image-overlay\"><\/span><\/a><\/figure><div class=\"fg-loader\"><\/div><\/div><div class=\"fg-item fg-type-image fg-idle\"><figure class=\"fg-item-inner\"><a href=\"https:\/\/artsfuneraires.ch\/wp-content\/uploads\/2021\/02\/Monument-Funeraire-Monument-Poli-18.jpg\" data-caption-title=\"Monument Funeraire Monument Poli 18\" data-caption-desc=\"Monument Funeraire Monument Poli 18\" data-attachment-id=\"1159\" data-type=\"image\" class=\"fg-thumb\"><span class=\"fg-image-wrap\"><img decoding=\"async\" alt=\"Monument Funeraire Monument Poli 18\" title=\"Monument Funeraire Monument Poli 18\" width=\"400\" height=\"400\" class=\"skip-lazy fg-image\" data-src-fg=\"https:\/\/artsfuneraires.ch\/wp-content\/uploads\/cache\/2021\/02\/Monument-Funeraire-Monument-Poli-18\/3000784858.jpg\" src=\"data:image\/svg+xml,%3Csvg%20xmlns%3D%22http%3A%2F%2Fwww.w3.org%2F2000%2Fsvg%22%20width%3D%22400%22%20height%3D%22400%22%20viewBox%3D%220%200%20400%20400%22%3E%3C%2Fsvg%3E\" loading=\"eager\"><\/span><span class=\"fg-image-overlay\"><\/span><\/a><\/figure><div class=\"fg-loader\"><\/div><\/div><div class=\"fg-item fg-type-image fg-idle\"><figure class=\"fg-item-inner\"><a href=\"https:\/\/artsfuneraires.ch\/wp-content\/uploads\/2021\/02\/Monument-Funeraire-Monument-Poli-19.jpg\" data-caption-title=\"Monument Funeraire Monument Poli 19\" data-caption-desc=\"Monument Funeraire Monument Poli 19\" data-attachment-id=\"1160\" data-type=\"image\" class=\"fg-thumb\"><span class=\"fg-image-wrap\"><img decoding=\"async\" alt=\"Monument Funeraire Monument Poli 19\" title=\"Monument Funeraire Monument Poli 19\" width=\"400\" height=\"400\" class=\"skip-lazy fg-image\" data-src-fg=\"https:\/\/artsfuneraires.ch\/wp-content\/uploads\/cache\/2021\/02\/Monument-Funeraire-Monument-Poli-19\/4140693300.jpg\" src=\"data:image\/svg+xml,%3Csvg%20xmlns%3D%22http%3A%2F%2Fwww.w3.org%2F2000%2Fsvg%22%20width%3D%22400%22%20height%3D%22400%22%20viewBox%3D%220%200%20400%20400%22%3E%3C%2Fsvg%3E\" loading=\"eager\"><\/span><span class=\"fg-image-overlay\"><\/span><\/a><\/figure><div class=\"fg-loader\"><\/div><\/div><div class=\"fg-item fg-type-image fg-idle\"><figure class=\"fg-item-inner\"><a href=\"https:\/\/artsfuneraires.ch\/wp-content\/uploads\/2021\/02\/Monument-Funeraire-Monument-Poli-20.jpg\" data-caption-title=\"Monument Funeraire Monument Poli 20\" data-caption-desc=\"Monument Funeraire Monument Poli 20\" data-attachment-id=\"1161\" data-type=\"image\" class=\"fg-thumb\"><span class=\"fg-image-wrap\"><img decoding=\"async\" alt=\"Monument Funeraire Monument Poli 20\" title=\"Monument Funeraire Monument Poli 20\" width=\"400\" height=\"400\" class=\"skip-lazy fg-image\" data-src-fg=\"https:\/\/artsfuneraires.ch\/wp-content\/uploads\/cache\/2021\/02\/Monument-Funeraire-Monument-Poli-20\/4282874905.jpg\" src=\"data:image\/svg+xml,%3Csvg%20xmlns%3D%22http%3A%2F%2Fwww.w3.org%2F2000%2Fsvg%22%20width%3D%22400%22%20height%3D%22400%22%20viewBox%3D%220%200%20400%20400%22%3E%3C%2Fsvg%3E\" loading=\"eager\"><\/span><span class=\"fg-image-overlay\"><\/span><\/a><\/figure><div class=\"fg-loader\"><\/div><\/div><div class=\"fg-item fg-type-image fg-idle\"><figure class=\"fg-item-inner\"><a href=\"https:\/\/artsfuneraires.ch\/wp-content\/uploads\/2021\/02\/Monument-Funeraire-Monument-Poli-21.jpg\" data-caption-title=\"Monument Funeraire Monument Poli 21\" data-caption-desc=\"Monument Funeraire Monument Poli 21\" data-attachment-id=\"1162\" data-type=\"image\" class=\"fg-thumb\"><span class=\"fg-image-wrap\"><img decoding=\"async\" alt=\"Monument Funeraire Monument Poli 21\" title=\"Monument Funeraire Monument Poli 21\" width=\"400\" height=\"400\" class=\"skip-lazy fg-image\" data-src-fg=\"https:\/\/artsfuneraires.ch\/wp-content\/uploads\/cache\/2021\/02\/Monument-Funeraire-Monument-Poli-21\/1110739394.jpg\" src=\"data:image\/svg+xml,%3Csvg%20xmlns%3D%22http%3A%2F%2Fwww.w3.org%2F2000%2Fsvg%22%20width%3D%22400%22%20height%3D%22400%22%20viewBox%3D%220%200%20400%20400%22%3E%3C%2Fsvg%3E\" loading=\"eager\"><\/span><span class=\"fg-image-overlay\"><\/span><\/a><\/figure><div class=\"fg-loader\"><\/div><\/div><div class=\"fg-item fg-type-image fg-idle\"><figure class=\"fg-item-inner\"><a href=\"https:\/\/artsfuneraires.ch\/wp-content\/uploads\/2021\/02\/Monument-Funeraire-Monument-Poli-22.jpg\" data-caption-title=\"Monument Funeraire Monument Poli 22\" data-caption-desc=\"Monument Funeraire Monument Poli 22\" data-attachment-id=\"1163\" data-type=\"image\" class=\"fg-thumb\"><span class=\"fg-image-wrap\"><img decoding=\"async\" alt=\"Monument Funeraire Monument Poli 22\" title=\"Monument Funeraire Monument Poli 22\" width=\"400\" height=\"400\" class=\"skip-lazy fg-image\" data-src-fg=\"https:\/\/artsfuneraires.ch\/wp-content\/uploads\/cache\/2021\/02\/Monument-Funeraire-Monument-Poli-22\/3824362210.jpg\" src=\"data:image\/svg+xml,%3Csvg%20xmlns%3D%22http%3A%2F%2Fwww.w3.org%2F2000%2Fsvg%22%20width%3D%22400%22%20height%3D%22400%22%20viewBox%3D%220%200%20400%20400%22%3E%3C%2Fsvg%3E\" loading=\"eager\"><\/span><span class=\"fg-image-overlay\"><\/span><\/a><\/figure><div class=\"fg-loader\"><\/div><\/div><div class=\"fg-item fg-type-image fg-idle\"><figure class=\"fg-item-inner\"><a href=\"https:\/\/artsfuneraires.ch\/wp-content\/uploads\/2021\/02\/Monument-Funeraire-Monument-Poli-23.jpg\" data-caption-title=\"Monument Funeraire Monument Poli 23\" data-caption-desc=\"Monument Funeraire Monument Poli 23\" data-attachment-id=\"1164\" data-type=\"image\" class=\"fg-thumb\"><span class=\"fg-image-wrap\"><img decoding=\"async\" alt=\"Monument Funeraire Monument Poli 23\" title=\"Monument Funeraire Monument Poli 23\" width=\"400\" height=\"400\" class=\"skip-lazy fg-image\" data-src-fg=\"https:\/\/artsfuneraires.ch\/wp-content\/uploads\/cache\/2021\/02\/Monument-Funeraire-Monument-Poli-23\/3819070517.jpg\" src=\"data:image\/svg+xml,%3Csvg%20xmlns%3D%22http%3A%2F%2Fwww.w3.org%2F2000%2Fsvg%22%20width%3D%22400%22%20height%3D%22400%22%20viewBox%3D%220%200%20400%20400%22%3E%3C%2Fsvg%3E\" loading=\"eager\"><\/span><span class=\"fg-image-overlay\"><\/span><\/a><\/figure><div class=\"fg-loader\"><\/div><\/div><div class=\"fg-item fg-type-image fg-idle\"><figure class=\"fg-item-inner\"><a href=\"https:\/\/artsfuneraires.ch\/wp-content\/uploads\/2021\/02\/Monument-Funeraire-Monument-Poli-24.jpg\" data-caption-title=\"Monument Funeraire Monument Poli 24\" data-caption-desc=\"Monument Funeraire Monument Poli 24\" data-attachment-id=\"1165\" data-type=\"image\" class=\"fg-thumb\"><span class=\"fg-image-wrap\"><img decoding=\"async\" alt=\"Monument Funeraire Monument Poli 24\" title=\"Monument Funeraire Monument Poli 24\" width=\"400\" height=\"400\" class=\"skip-lazy fg-image\" data-src-fg=\"https:\/\/artsfuneraires.ch\/wp-content\/uploads\/cache\/2021\/02\/Monument-Funeraire-Monument-Poli-24\/3325018607.jpg\" src=\"data:image\/svg+xml,%3Csvg%20xmlns%3D%22http%3A%2F%2Fwww.w3.org%2F2000%2Fsvg%22%20width%3D%22400%22%20height%3D%22400%22%20viewBox%3D%220%200%20400%20400%22%3E%3C%2Fsvg%3E\" loading=\"eager\"><\/span><span class=\"fg-image-overlay\"><\/span><\/a><\/figure><div class=\"fg-loader\"><\/div><\/div><div class=\"fg-item fg-type-image fg-idle\"><figure class=\"fg-item-inner\"><a href=\"https:\/\/artsfuneraires.ch\/wp-content\/uploads\/2021\/02\/Monument-Funeraire-Monument-Poli-25.jpg\" data-caption-title=\"Monument Funeraire Monument Poli 25\" data-caption-desc=\"Monument Funeraire Monument Poli 25\" data-attachment-id=\"1166\" data-type=\"image\" class=\"fg-thumb\"><span class=\"fg-image-wrap\"><img decoding=\"async\" alt=\"Monument Funeraire Monument Poli 25\" title=\"Monument Funeraire Monument Poli 25\" width=\"400\" height=\"400\" class=\"skip-lazy fg-image\" data-src-fg=\"https:\/\/artsfuneraires.ch\/wp-content\/uploads\/cache\/2021\/02\/Monument-Funeraire-Monument-Poli-25\/2069640244.jpg\" src=\"data:image\/svg+xml,%3Csvg%20xmlns%3D%22http%3A%2F%2Fwww.w3.org%2F2000%2Fsvg%22%20width%3D%22400%22%20height%3D%22400%22%20viewBox%3D%220%200%20400%20400%22%3E%3C%2Fsvg%3E\" loading=\"eager\"><\/span><span class=\"fg-image-overlay\"><\/span><\/a><\/figure><div class=\"fg-loader\"><\/div><\/div><div class=\"fg-item fg-type-image fg-idle\"><figure class=\"fg-item-inner\"><a href=\"https:\/\/artsfuneraires.ch\/wp-content\/uploads\/2021\/02\/Monument-Funeraire-Monument-Poli-26.jpg\" data-caption-title=\"Monument Funeraire Monument Poli 26\" data-caption-desc=\"Monument Funeraire Monument Poli 26\" data-attachment-id=\"1167\" data-type=\"image\" class=\"fg-thumb\"><span class=\"fg-image-wrap\"><img decoding=\"async\" alt=\"Monument Funeraire Monument Poli 26\" title=\"Monument Funeraire Monument Poli 26\" width=\"400\" height=\"400\" class=\"skip-lazy fg-image\" data-src-fg=\"https:\/\/artsfuneraires.ch\/wp-content\/uploads\/cache\/2021\/02\/Monument-Funeraire-Monument-Poli-26\/3667631892.jpg\" src=\"data:image\/svg+xml,%3Csvg%20xmlns%3D%22http%3A%2F%2Fwww.w3.org%2F2000%2Fsvg%22%20width%3D%22400%22%20height%3D%22400%22%20viewBox%3D%220%200%20400%20400%22%3E%3C%2Fsvg%3E\" loading=\"eager\"><\/span><span class=\"fg-image-overlay\"><\/span><\/a><\/figure><div class=\"fg-loader\"><\/div><\/div><div class=\"fg-item fg-type-image fg-idle\"><figure class=\"fg-item-inner\"><a href=\"https:\/\/artsfuneraires.ch\/wp-content\/uploads\/2021\/02\/Monument-Funeraire-Monument-Poli-27.jpg\" data-caption-title=\"Monument Funeraire Monument Poli 27\" data-caption-desc=\"Monument Funeraire Monument Poli 27\" data-attachment-id=\"1168\" data-type=\"image\" class=\"fg-thumb\"><span class=\"fg-image-wrap\"><img decoding=\"async\" alt=\"Monument Funeraire Monument Poli 27\" title=\"Monument Funeraire Monument Poli 27\" width=\"400\" height=\"400\" class=\"skip-lazy fg-image\" data-src-fg=\"https:\/\/artsfuneraires.ch\/wp-content\/uploads\/cache\/2021\/02\/Monument-Funeraire-Monument-Poli-27\/2080291226.jpg\" src=\"data:image\/svg+xml,%3Csvg%20xmlns%3D%22http%3A%2F%2Fwww.w3.org%2F2000%2Fsvg%22%20width%3D%22400%22%20height%3D%22400%22%20viewBox%3D%220%200%20400%20400%22%3E%3C%2Fsvg%3E\" loading=\"eager\"><\/span><span class=\"fg-image-overlay\"><\/span><\/a><\/figure><div class=\"fg-loader\"><\/div><\/div><div class=\"fg-item fg-type-image fg-idle\"><figure class=\"fg-item-inner\"><a href=\"https:\/\/artsfuneraires.ch\/wp-content\/uploads\/2021\/02\/Monument-Funeraire-Monument-Poli-28.jpg\" data-caption-title=\"Monument Funeraire Monument Poli 28\" data-caption-desc=\"Monument Funeraire Monument Poli 28\" data-attachment-id=\"1169\" data-type=\"image\" class=\"fg-thumb\"><span class=\"fg-image-wrap\"><img decoding=\"async\" alt=\"Monument Funeraire Monument Poli 28\" title=\"Monument Funeraire Monument Poli 28\" width=\"400\" height=\"400\" class=\"skip-lazy fg-image\" data-src-fg=\"https:\/\/artsfuneraires.ch\/wp-content\/uploads\/cache\/2021\/02\/Monument-Funeraire-Monument-Poli-28\/2375419893.jpg\" src=\"data:image\/svg+xml,%3Csvg%20xmlns%3D%22http%3A%2F%2Fwww.w3.org%2F2000%2Fsvg%22%20width%3D%22400%22%20height%3D%22400%22%20viewBox%3D%220%200%20400%20400%22%3E%3C%2Fsvg%3E\" loading=\"eager\"><\/span><span class=\"fg-image-overlay\"><\/span><\/a><\/figure><div class=\"fg-loader\"><\/div><\/div><div class=\"fg-item fg-type-image fg-idle\"><figure class=\"fg-item-inner\"><a href=\"https:\/\/artsfuneraires.ch\/wp-content\/uploads\/2021\/02\/Monument-Funeraire-Monument-Poli-29-e1567682841299.jpg\" data-caption-title=\"Monument Funeraire Monument Poli 29 e1567682841299\" data-caption-desc=\"Monument Funeraire Monument Poli 29 e1567682841299\" data-attachment-id=\"1170\" data-type=\"image\" class=\"fg-thumb\"><span class=\"fg-image-wrap\"><img decoding=\"async\" alt=\"Monument Funeraire Monument Poli 29 e1567682841299\" title=\"Monument Funeraire Monument Poli 29 e1567682841299\" width=\"400\" height=\"400\" class=\"skip-lazy fg-image\" data-src-fg=\"https:\/\/artsfuneraires.ch\/wp-content\/uploads\/cache\/2021\/02\/Monument-Funeraire-Monument-Poli-29-e1567682841299\/2891945387.jpg\" src=\"data:image\/svg+xml,%3Csvg%20xmlns%3D%22http%3A%2F%2Fwww.w3.org%2F2000%2Fsvg%22%20width%3D%22400%22%20height%3D%22400%22%20viewBox%3D%220%200%20400%20400%22%3E%3C%2Fsvg%3E\" loading=\"eager\"><\/span><span class=\"fg-image-overlay\"><\/span><\/a><\/figure><div class=\"fg-loader\"><\/div><\/div><div class=\"fg-item fg-type-image fg-idle\"><figure class=\"fg-item-inner\"><a href=\"https:\/\/artsfuneraires.ch\/wp-content\/uploads\/2021\/02\/Monument-Funeraire-Monument-Poli-30.jpg\" data-caption-title=\"Monument Funeraire Monument Poli 30\" data-caption-desc=\"Monument Funeraire Monument Poli 30\" data-attachment-id=\"1171\" data-type=\"image\" class=\"fg-thumb\"><span class=\"fg-image-wrap\"><img decoding=\"async\" alt=\"Monument Funeraire Monument Poli 30\" title=\"Monument Funeraire Monument Poli 30\" width=\"400\" height=\"400\" class=\"skip-lazy fg-image\" data-src-fg=\"https:\/\/artsfuneraires.ch\/wp-content\/uploads\/cache\/2021\/02\/Monument-Funeraire-Monument-Poli-30\/3934172156.jpg\" src=\"data:image\/svg+xml,%3Csvg%20xmlns%3D%22http%3A%2F%2Fwww.w3.org%2F2000%2Fsvg%22%20width%3D%22400%22%20height%3D%22400%22%20viewBox%3D%220%200%20400%20400%22%3E%3C%2Fsvg%3E\" loading=\"eager\"><\/span><span class=\"fg-image-overlay\"><\/span><\/a><\/figure><div class=\"fg-loader\"><\/div><\/div><div class=\"fg-item fg-type-image fg-idle\"><figure class=\"fg-item-inner\"><a href=\"https:\/\/artsfuneraires.ch\/wp-content\/uploads\/2021\/02\/Monument-Funeraire-Monument-Poli-31.jpg\" data-caption-title=\"Monument Funeraire Monument Poli 31\" data-caption-desc=\"Monument Funeraire Monument Poli 31\" data-attachment-id=\"1172\" data-type=\"image\" class=\"fg-thumb\"><span class=\"fg-image-wrap\"><img decoding=\"async\" alt=\"Monument Funeraire Monument Poli 31\" title=\"Monument Funeraire Monument Poli 31\" width=\"400\" height=\"400\" class=\"skip-lazy fg-image\" data-src-fg=\"https:\/\/artsfuneraires.ch\/wp-content\/uploads\/cache\/2021\/02\/Monument-Funeraire-Monument-Poli-31\/1460487719.jpg\" src=\"data:image\/svg+xml,%3Csvg%20xmlns%3D%22http%3A%2F%2Fwww.w3.org%2F2000%2Fsvg%22%20width%3D%22400%22%20height%3D%22400%22%20viewBox%3D%220%200%20400%20400%22%3E%3C%2Fsvg%3E\" loading=\"eager\"><\/span><span class=\"fg-image-overlay\"><\/span><\/a><\/figure><div class=\"fg-loader\"><\/div><\/div><div class=\"fg-item fg-type-image fg-idle\"><figure class=\"fg-item-inner\"><a href=\"https:\/\/artsfuneraires.ch\/wp-content\/uploads\/2021\/02\/Monument-Funeraire-Monument-Poli-32.jpg\" data-caption-title=\"Monument Funeraire Monument Poli 32\" data-caption-desc=\"Monument Funeraire Monument Poli 32\" data-attachment-id=\"1173\" data-type=\"image\" class=\"fg-thumb\"><span class=\"fg-image-wrap\"><img decoding=\"async\" alt=\"Monument Funeraire Monument Poli 32\" title=\"Monument Funeraire Monument Poli 32\" width=\"400\" height=\"400\" class=\"skip-lazy fg-image\" data-src-fg=\"https:\/\/artsfuneraires.ch\/wp-content\/uploads\/cache\/2021\/02\/Monument-Funeraire-Monument-Poli-32\/4140494087.jpg\" src=\"data:image\/svg+xml,%3Csvg%20xmlns%3D%22http%3A%2F%2Fwww.w3.org%2F2000%2Fsvg%22%20width%3D%22400%22%20height%3D%22400%22%20viewBox%3D%220%200%20400%20400%22%3E%3C%2Fsvg%3E\" loading=\"eager\"><\/span><span class=\"fg-image-overlay\"><\/span><\/a><\/figure><div class=\"fg-loader\"><\/div><\/div><div class=\"fg-item fg-type-image fg-idle\"><figure class=\"fg-item-inner\"><a href=\"https:\/\/artsfuneraires.ch\/wp-content\/uploads\/2021\/02\/Monument-Funeraire-Monument-Poli-33.jpg\" data-caption-title=\"Monument Funeraire Monument Poli 33\" data-caption-desc=\"Monument Funeraire Monument Poli 33\" data-attachment-id=\"1174\" data-type=\"image\" class=\"fg-thumb\"><span class=\"fg-image-wrap\"><img decoding=\"async\" alt=\"Monument Funeraire Monument Poli 33\" title=\"Monument Funeraire Monument Poli 33\" width=\"400\" height=\"400\" class=\"skip-lazy fg-image\" data-src-fg=\"https:\/\/artsfuneraires.ch\/wp-content\/uploads\/cache\/2021\/02\/Monument-Funeraire-Monument-Poli-33\/4137397200.jpg\" src=\"data:image\/svg+xml,%3Csvg%20xmlns%3D%22http%3A%2F%2Fwww.w3.org%2F2000%2Fsvg%22%20width%3D%22400%22%20height%3D%22400%22%20viewBox%3D%220%200%20400%20400%22%3E%3C%2Fsvg%3E\" loading=\"eager\"><\/span><span class=\"fg-image-overlay\"><\/span><\/a><\/figure><div class=\"fg-loader\"><\/div><\/div><div class=\"fg-item fg-type-image fg-idle\"><figure class=\"fg-item-inner\"><a href=\"https:\/\/artsfuneraires.ch\/wp-content\/uploads\/2021\/02\/Monument-Funeraire-Monument-Poli-34.jpg\" data-caption-title=\"Monument Funeraire Monument Poli 34\" data-caption-desc=\"Monument Funeraire Monument Poli 34\" data-attachment-id=\"1175\" data-type=\"image\" class=\"fg-thumb\"><span class=\"fg-image-wrap\"><img decoding=\"async\" alt=\"Monument Funeraire Monument Poli 34\" title=\"Monument Funeraire Monument Poli 34\" width=\"400\" height=\"400\" class=\"skip-lazy fg-image\" data-src-fg=\"https:\/\/artsfuneraires.ch\/wp-content\/uploads\/cache\/2021\/02\/Monument-Funeraire-Monument-Poli-34\/3541437962.jpg\" src=\"data:image\/svg+xml,%3Csvg%20xmlns%3D%22http%3A%2F%2Fwww.w3.org%2F2000%2Fsvg%22%20width%3D%22400%22%20height%3D%22400%22%20viewBox%3D%220%200%20400%20400%22%3E%3C%2Fsvg%3E\" loading=\"eager\"><\/span><span class=\"fg-image-overlay\"><\/span><\/a><\/figure><div class=\"fg-loader\"><\/div><\/div><div class=\"fg-item fg-type-image fg-idle\"><figure class=\"fg-item-inner\"><a href=\"https:\/\/artsfuneraires.ch\/wp-content\/uploads\/2021\/02\/Monument-Funeraire-Monument-Poli-35.jpg\" data-caption-title=\"Monument Funeraire Monument Poli 35\" data-caption-desc=\"Monument Funeraire Monument Poli 35\" data-attachment-id=\"1176\" data-type=\"image\" class=\"fg-thumb\"><span class=\"fg-image-wrap\"><img decoding=\"async\" alt=\"Monument Funeraire Monument Poli 35\" title=\"Monument Funeraire Monument Poli 35\" width=\"400\" height=\"400\" class=\"skip-lazy fg-image\" data-src-fg=\"https:\/\/artsfuneraires.ch\/wp-content\/uploads\/cache\/2021\/02\/Monument-Funeraire-Monument-Poli-35\/1852177361.jpg\" src=\"data:image\/svg+xml,%3Csvg%20xmlns%3D%22http%3A%2F%2Fwww.w3.org%2F2000%2Fsvg%22%20width%3D%22400%22%20height%3D%22400%22%20viewBox%3D%220%200%20400%20400%22%3E%3C%2Fsvg%3E\" loading=\"eager\"><\/span><span class=\"fg-image-overlay\"><\/span><\/a><\/figure><div class=\"fg-loader\"><\/div><\/div><div class=\"fg-item fg-type-image fg-idle\"><figure class=\"fg-item-inner\"><a href=\"https:\/\/artsfuneraires.ch\/wp-content\/uploads\/2021\/02\/Monument-Funeraire-Monument-Poli-36.jpg\" data-caption-title=\"Monument Funeraire Monument Poli 36\" data-caption-desc=\"Monument Funeraire Monument Poli 36\" data-attachment-id=\"1177\" data-type=\"image\" class=\"fg-thumb\"><span class=\"fg-image-wrap\"><img decoding=\"async\" alt=\"Monument Funeraire Monument Poli 36\" title=\"Monument Funeraire Monument Poli 36\" width=\"400\" height=\"400\" class=\"skip-lazy fg-image\" data-src-fg=\"https:\/\/artsfuneraires.ch\/wp-content\/uploads\/cache\/2021\/02\/Monument-Funeraire-Monument-Poli-36\/3483521265.jpg\" src=\"data:image\/svg+xml,%3Csvg%20xmlns%3D%22http%3A%2F%2Fwww.w3.org%2F2000%2Fsvg%22%20width%3D%22400%22%20height%3D%22400%22%20viewBox%3D%220%200%20400%20400%22%3E%3C%2Fsvg%3E\" loading=\"eager\"><\/span><span class=\"fg-image-overlay\"><\/span><\/a><\/figure><div class=\"fg-loader\"><\/div><\/div><div class=\"fg-item fg-type-image fg-idle\"><figure class=\"fg-item-inner\"><a href=\"https:\/\/artsfuneraires.ch\/wp-content\/uploads\/2021\/02\/Monument-Funeraire-Monument-Poli-37.jpg\" data-caption-title=\"Monument Funeraire Monument Poli 37\" data-caption-desc=\"Monument Funeraire Monument Poli 37\" data-attachment-id=\"1178\" data-type=\"image\" class=\"fg-thumb\"><span class=\"fg-image-wrap\"><img decoding=\"async\" alt=\"Monument Funeraire Monument Poli 37\" title=\"Monument Funeraire Monument Poli 37\" width=\"400\" height=\"400\" class=\"skip-lazy fg-image\" data-src-fg=\"https:\/\/artsfuneraires.ch\/wp-content\/uploads\/cache\/2021\/02\/Monument-Funeraire-Monument-Poli-37\/1858565759.jpg\" src=\"data:image\/svg+xml,%3Csvg%20xmlns%3D%22http%3A%2F%2Fwww.w3.org%2F2000%2Fsvg%22%20width%3D%22400%22%20height%3D%22400%22%20viewBox%3D%220%200%20400%20400%22%3E%3C%2Fsvg%3E\" loading=\"eager\"><\/span><span class=\"fg-image-overlay\"><\/span><\/a><\/figure><div class=\"fg-loader\"><\/div><\/div><div class=\"fg-item fg-type-image fg-idle\"><figure class=\"fg-item-inner\"><a href=\"https:\/\/artsfuneraires.ch\/wp-content\/uploads\/2021\/02\/Monument-Funeraire-Monument-Poli-38.jpg\" data-caption-title=\"Monument Funeraire Monument Poli 38\" data-caption-desc=\"Monument Funeraire Monument Poli 38\" data-attachment-id=\"1179\" data-type=\"image\" class=\"fg-thumb\"><span class=\"fg-image-wrap\"><img decoding=\"async\" alt=\"Monument Funeraire Monument Poli 38\" title=\"Monument Funeraire Monument Poli 38\" width=\"400\" height=\"400\" class=\"skip-lazy fg-image\" data-src-fg=\"https:\/\/artsfuneraires.ch\/wp-content\/uploads\/cache\/2021\/02\/Monument-Funeraire-Monument-Poli-38\/2561656848.jpg\" src=\"data:image\/svg+xml,%3Csvg%20xmlns%3D%22http%3A%2F%2Fwww.w3.org%2F2000%2Fsvg%22%20width%3D%22400%22%20height%3D%22400%22%20viewBox%3D%220%200%20400%20400%22%3E%3C%2Fsvg%3E\" loading=\"eager\"><\/span><span class=\"fg-image-overlay\"><\/span><\/a><\/figure><div class=\"fg-loader\"><\/div><\/div><div class=\"fg-item fg-type-image fg-idle\"><figure class=\"fg-item-inner\"><a href=\"https:\/\/artsfuneraires.ch\/wp-content\/uploads\/2021\/02\/Monument-Funeraire-Monument-Poli-39.jpg\" data-caption-title=\"Monument Funeraire Monument Poli 39\" data-caption-desc=\"Monument Funeraire Monument Poli 39\" data-attachment-id=\"1180\" data-type=\"image\" class=\"fg-thumb\"><span class=\"fg-image-wrap\"><img decoding=\"async\" alt=\"Monument Funeraire Monument Poli 39\" title=\"Monument Funeraire Monument Poli 39\" width=\"400\" height=\"400\" class=\"skip-lazy fg-image\" data-src-fg=\"https:\/\/artsfuneraires.ch\/wp-content\/uploads\/cache\/2021\/02\/Monument-Funeraire-Monument-Poli-39\/3349404502.jpg\" src=\"data:image\/svg+xml,%3Csvg%20xmlns%3D%22http%3A%2F%2Fwww.w3.org%2F2000%2Fsvg%22%20width%3D%22400%22%20height%3D%22400%22%20viewBox%3D%220%200%20400%20400%22%3E%3C%2Fsvg%3E\" loading=\"eager\"><\/span><span class=\"fg-image-overlay\"><\/span><\/a><\/figure><div class=\"fg-loader\"><\/div><\/div><div class=\"fg-item fg-type-image fg-idle\"><figure class=\"fg-item-inner\"><a href=\"https:\/\/artsfuneraires.ch\/wp-content\/uploads\/2021\/02\/Monument-Funeraire-Monument-Poli-40.jpg\" data-caption-title=\"Monument Funeraire Monument Poli 40\" data-caption-desc=\"Monument Funeraire Monument Poli 40\" data-attachment-id=\"1181\" data-type=\"image\" class=\"fg-thumb\"><span class=\"fg-image-wrap\"><img decoding=\"async\" alt=\"Monument Funeraire Monument Poli 40\" title=\"Monument Funeraire Monument Poli 40\" width=\"400\" height=\"400\" class=\"skip-lazy fg-image\" data-src-fg=\"https:\/\/artsfuneraires.ch\/wp-content\/uploads\/cache\/2021\/02\/Monument-Funeraire-Monument-Poli-40\/2479161719.jpg\" src=\"data:image\/svg+xml,%3Csvg%20xmlns%3D%22http%3A%2F%2Fwww.w3.org%2F2000%2Fsvg%22%20width%3D%22400%22%20height%3D%22400%22%20viewBox%3D%220%200%20400%20400%22%3E%3C%2Fsvg%3E\" loading=\"eager\"><\/span><span class=\"fg-image-overlay\"><\/span><\/a><\/figure><div class=\"fg-loader\"><\/div><\/div><div class=\"fg-item fg-type-image fg-idle\"><figure class=\"fg-item-inner\"><a href=\"https:\/\/artsfuneraires.ch\/wp-content\/uploads\/2021\/02\/Monument-Funeraire-Monument-Poli-41.jpg\" data-caption-title=\"Monument Funeraire Monument Poli 41\" data-caption-desc=\"Monument Funeraire Monument Poli 41\" data-attachment-id=\"1182\" data-type=\"image\" class=\"fg-thumb\"><span class=\"fg-image-wrap\"><img decoding=\"async\" alt=\"Monument Funeraire Monument Poli 41\" title=\"Monument Funeraire Monument Poli 41\" width=\"400\" height=\"400\" class=\"skip-lazy fg-image\" data-src-fg=\"https:\/\/artsfuneraires.ch\/wp-content\/uploads\/cache\/2021\/02\/Monument-Funeraire-Monument-Poli-41\/783742124.jpg\" src=\"data:image\/svg+xml,%3Csvg%20xmlns%3D%22http%3A%2F%2Fwww.w3.org%2F2000%2Fsvg%22%20width%3D%22400%22%20height%3D%22400%22%20viewBox%3D%220%200%20400%20400%22%3E%3C%2Fsvg%3E\" loading=\"eager\"><\/span><span class=\"fg-image-overlay\"><\/span><\/a><\/figure><div class=\"fg-loader\"><\/div><\/div><div class=\"fg-item fg-type-image fg-idle\"><figure class=\"fg-item-inner\"><a href=\"https:\/\/artsfuneraires.ch\/wp-content\/uploads\/2021\/02\/Monument-Funeraire-Monument-Poli-42.jpg\" data-caption-title=\"Monument Funeraire Monument Poli 42\" data-caption-desc=\"Monument Funeraire Monument Poli 42\" data-attachment-id=\"1183\" data-type=\"image\" class=\"fg-thumb\"><span class=\"fg-image-wrap\"><img decoding=\"async\" alt=\"Monument Funeraire Monument Poli 42\" title=\"Monument Funeraire Monument Poli 42\" width=\"400\" height=\"400\" class=\"skip-lazy fg-image\" data-src-fg=\"https:\/\/artsfuneraires.ch\/wp-content\/uploads\/cache\/2021\/02\/Monument-Funeraire-Monument-Poli-42\/2406571916.jpg\" src=\"data:image\/svg+xml,%3Csvg%20xmlns%3D%22http%3A%2F%2Fwww.w3.org%2F2000%2Fsvg%22%20width%3D%22400%22%20height%3D%22400%22%20viewBox%3D%220%200%20400%20400%22%3E%3C%2Fsvg%3E\" loading=\"eager\"><\/span><span class=\"fg-image-overlay\"><\/span><\/a><\/figure><div class=\"fg-loader\"><\/div><\/div><div class=\"fg-item fg-type-image fg-idle\"><figure class=\"fg-item-inner\"><a href=\"https:\/\/artsfuneraires.ch\/wp-content\/uploads\/2021\/02\/Monument-Funeraire-Monument-Poli-43.jpg\" data-caption-title=\"Monument Funeraire Monument Poli 43\" data-caption-desc=\"Monument Funeraire Monument Poli 43\" data-attachment-id=\"1184\" data-type=\"image\" class=\"fg-thumb\"><span class=\"fg-image-wrap\"><img decoding=\"async\" alt=\"Monument Funeraire Monument Poli 43\" title=\"Monument Funeraire Monument Poli 43\" width=\"400\" height=\"400\" class=\"skip-lazy fg-image\" data-src-fg=\"https:\/\/artsfuneraires.ch\/wp-content\/uploads\/cache\/2021\/02\/Monument-Funeraire-Monument-Poli-43\/2401245531.jpg\" src=\"data:image\/svg+xml,%3Csvg%20xmlns%3D%22http%3A%2F%2Fwww.w3.org%2F2000%2Fsvg%22%20width%3D%22400%22%20height%3D%22400%22%20viewBox%3D%220%200%20400%20400%22%3E%3C%2Fsvg%3E\" loading=\"eager\"><\/span><span class=\"fg-image-overlay\"><\/span><\/a><\/figure><div class=\"fg-loader\"><\/div><\/div><div class=\"fg-item fg-type-image fg-idle\"><figure class=\"fg-item-inner\"><a href=\"https:\/\/artsfuneraires.ch\/wp-content\/uploads\/2021\/02\/Monument-Funeraire-Monument-Poli-44.jpg\" data-caption-title=\"Monument Funeraire Monument Poli 44\" data-caption-desc=\"Monument Funeraire Monument Poli 44\" data-attachment-id=\"1185\" data-type=\"image\" class=\"fg-thumb\"><span class=\"fg-image-wrap\"><img decoding=\"async\" alt=\"Monument Funeraire Monument Poli 44\" title=\"Monument Funeraire Monument Poli 44\" width=\"400\" height=\"400\" class=\"skip-lazy fg-image\" data-src-fg=\"https:\/\/artsfuneraires.ch\/wp-content\/uploads\/cache\/2021\/02\/Monument-Funeraire-Monument-Poli-44\/2863512705.jpg\" src=\"data:image\/svg+xml,%3Csvg%20xmlns%3D%22http%3A%2F%2Fwww.w3.org%2F2000%2Fsvg%22%20width%3D%22400%22%20height%3D%22400%22%20viewBox%3D%220%200%20400%20400%22%3E%3C%2Fsvg%3E\" loading=\"eager\"><\/span><span class=\"fg-image-overlay\"><\/span><\/a><\/figure><div class=\"fg-loader\"><\/div><\/div><div class=\"fg-item fg-type-image fg-idle\"><figure class=\"fg-item-inner\"><a href=\"https:\/\/artsfuneraires.ch\/wp-content\/uploads\/2021\/02\/Monument-Funeraire-Monument-Poli-45.jpg\" data-caption-title=\"Monument Funeraire Monument Poli 45\" data-caption-desc=\"Monument Funeraire Monument Poli 45\" data-attachment-id=\"1186\" data-type=\"image\" class=\"fg-thumb\"><span class=\"fg-image-wrap\"><img decoding=\"async\" alt=\"Monument Funeraire Monument Poli 45\" title=\"Monument Funeraire Monument Poli 45\" width=\"400\" height=\"400\" class=\"skip-lazy fg-image\" data-src-fg=\"https:\/\/artsfuneraires.ch\/wp-content\/uploads\/cache\/2021\/02\/Monument-Funeraire-Monument-Poli-45\/400443738.jpg\" src=\"data:image\/svg+xml,%3Csvg%20xmlns%3D%22http%3A%2F%2Fwww.w3.org%2F2000%2Fsvg%22%20width%3D%22400%22%20height%3D%22400%22%20viewBox%3D%220%200%20400%20400%22%3E%3C%2Fsvg%3E\" loading=\"eager\"><\/span><span class=\"fg-image-overlay\"><\/span><\/a><\/figure><div class=\"fg-loader\"><\/div><\/div><div class=\"fg-item fg-type-image fg-idle\"><figure class=\"fg-item-inner\"><a href=\"https:\/\/artsfuneraires.ch\/wp-content\/uploads\/2021\/02\/Monument-Funeraire-Monument-Poli-46.jpg\" data-caption-title=\"Monument Funeraire Monument Poli 46\" data-caption-desc=\"Monument Funeraire Monument Poli 46\" data-attachment-id=\"1187\" data-type=\"image\" class=\"fg-thumb\"><span class=\"fg-image-wrap\"><img decoding=\"async\" alt=\"Monument Funeraire Monument Poli 46\" title=\"Monument Funeraire Monument Poli 46\" width=\"400\" height=\"400\" class=\"skip-lazy fg-image\" data-src-fg=\"https:\/\/artsfuneraires.ch\/wp-content\/uploads\/cache\/2021\/02\/Monument-Funeraire-Monument-Poli-46\/3055149690.jpg\" src=\"data:image\/svg+xml,%3Csvg%20xmlns%3D%22http%3A%2F%2Fwww.w3.org%2F2000%2Fsvg%22%20width%3D%22400%22%20height%3D%22400%22%20viewBox%3D%220%200%20400%20400%22%3E%3C%2Fsvg%3E\" loading=\"eager\"><\/span><span class=\"fg-image-overlay\"><\/span><\/a><\/figure><div class=\"fg-loader\"><\/div><\/div><div class=\"fg-item fg-type-image fg-idle\"><figure class=\"fg-item-inner\"><a href=\"https:\/\/artsfuneraires.ch\/wp-content\/uploads\/2021\/02\/Monument-Funeraire-Monument-Poli-47.jpg\" data-caption-title=\"Monument Funeraire Monument Poli 47\" data-caption-desc=\"Monument Funeraire Monument Poli 47\" data-attachment-id=\"1188\" data-type=\"image\" class=\"fg-thumb\"><span class=\"fg-image-wrap\"><img decoding=\"async\" alt=\"Monument Funeraire Monument Poli 47\" title=\"Monument Funeraire Monument Poli 47\" width=\"400\" height=\"400\" class=\"skip-lazy fg-image\" data-src-fg=\"https:\/\/artsfuneraires.ch\/wp-content\/uploads\/cache\/2021\/02\/Monument-Funeraire-Monument-Poli-47\/394052852.jpg\" src=\"data:image\/svg+xml,%3Csvg%20xmlns%3D%22http%3A%2F%2Fwww.w3.org%2F2000%2Fsvg%22%20width%3D%22400%22%20height%3D%22400%22%20viewBox%3D%220%200%20400%20400%22%3E%3C%2Fsvg%3E\" loading=\"eager\"><\/span><span class=\"fg-image-overlay\"><\/span><\/a><\/figure><div class=\"fg-loader\"><\/div><\/div><div class=\"fg-item fg-type-image fg-idle\"><figure class=\"fg-item-inner\"><a href=\"https:\/\/artsfuneraires.ch\/wp-content\/uploads\/2021\/02\/Monument-Funeraire-Monument-Poli-48.jpg\" data-caption-title=\"Monument Funeraire Monument Poli 48\" data-caption-desc=\"Monument Funeraire Monument Poli 48\" data-attachment-id=\"1189\" data-type=\"image\" class=\"fg-thumb\"><span class=\"fg-image-wrap\"><img decoding=\"async\" alt=\"Monument Funeraire Monument Poli 48\" title=\"Monument Funeraire Monument Poli 48\" width=\"400\" height=\"400\" class=\"skip-lazy fg-image\" data-src-fg=\"https:\/\/artsfuneraires.ch\/wp-content\/uploads\/cache\/2021\/02\/Monument-Funeraire-Monument-Poli-48\/3776215707.jpg\" src=\"data:image\/svg+xml,%3Csvg%20xmlns%3D%22http%3A%2F%2Fwww.w3.org%2F2000%2Fsvg%22%20width%3D%22400%22%20height%3D%22400%22%20viewBox%3D%220%200%20400%20400%22%3E%3C%2Fsvg%3E\" loading=\"eager\"><\/span><span class=\"fg-image-overlay\"><\/span><\/a><\/figure><div class=\"fg-loader\"><\/div><\/div><\/div>\n[\/et_pb_code][\/et_pb_column][\/et_pb_row][\/et_pb_section]<\/p>\n","protected":false},"excerpt":{"rendered":"<p>Grabdenkm\u00e4ler Aux Arts Fun\u00e9raires GENF - VAUD - VALAIS - FRIBOURG - NEUCH\u00c2TEL Ihr Grabmal-Spezialist f\u00fcr die ganze SchweizPolierte Grabdenkm\u00e4ler<style type=\"text\/css\">\n#foogallery-gallery-1140_1 .fg-image { width: 400px; }\n#foogallery-gallery-1140_1 { --fg-gutter: 10px; }<\/style>\n\t\t\t<div class=\"foogallery foogallery-container foogallery-default foogallery-lightbox-foobox fg-center fg-default fg-ready fg-light fg-border-thin fg-shadow-outline fg-loading-default fg-loaded-fade-in fg-hover-zoomed fg-hover-fade fg-hover-zoom3\" id=\"foogallery-gallery-1140_1\" data-foogallery=\"{&quot;item&quot;:{&quot;showCaptionTitle&quot;:false,&quot;showCaptionDescription&quot;:false},&quot;lazy&quot;:true}\" style=\"--fg-title-line-clamp: 0; --fg-description-line-clamp: 0;\" >\n\t<div class=\"fg-item fg-type-image fg-idle\"><figure class=\"fg-item-inner\"><a href=\"https:\/\/artsfuneraires.ch\/wp-content\/uploads\/2021\/02\/Monument-Funeraire-Monument-Poli-00.jpg\" data-caption-title=\"Monument Funeraire Monument Poli 00\" data-caption-desc=\"Monument Funeraire Monument Poli 00\" data-attachment-id=\"1141\" data-type=\"image\" class=\"fg-thumb\"><span class=\"fg-image-wrap\"><img decoding=\"async\" alt=\"Grabmal Politisches Monument 00\" title=\"Grabmal Politisches Monument 00\" width=\"400\" height=\"400\" class=\"skip-lazy fg-image\" data-src-fg=\"https:\/\/artsfuneraires.ch\/wp-content\/uploads\/cache\/2021\/02\/Monument-Funeraire-Monument-Poli-00\/3577013203.jpg\" src=\"data:image\/svg+xml,%3Csvg%20xmlns%3D%22http%3A%2F%2Fwww.w3.org%2F2000%2Fsvg%22%20width%3D%22400%22%20height%3D%22400%22%20viewBox%3D%220%200%20400%20400%22%3E%3C%2Fsvg%3E\" loading=\"eager\"><\/span><span class=\"fg-image-overlay\"><\/span><\/a><\/figure><div class=\"fg-loader\"><\/div><\/div><div class=\"fg-item fg-type-image fg-idle\"><figure class=\"fg-item-inner\"><a href=\"https:\/\/artsfuneraires.ch\/wp-content\/uploads\/2021\/02\/Monument-Funeraire-Monument-Poli-01.jpg\" data-caption-title=\"Monument Funeraire Monument Poli 01\" data-caption-desc=\"Monument Funeraire Monument Poli 01\" data-attachment-id=\"1142\" data-type=\"image\" class=\"fg-thumb\"><span class=\"fg-image-wrap\"><img decoding=\"async\" alt=\"Trauermonument Politisches Monument 01\" title=\"Trauermonument Politisches Monument 01\" width=\"400\" height=\"400\" class=\"skip-lazy fg-image\" data-src-fg=\"https:\/\/artsfuneraires.ch\/wp-content\/uploads\/cache\/2021\/02\/Monument-Funeraire-Monument-Poli-01\/1749489160.jpg\" src=\"data:image\/svg+xml,%3Csvg%20xmlns%3D%22http%3A%2F%2Fwww.w3.org%2F2000%2Fsvg%22%20width%3D%22400%22%20height%3D%22400%22%20viewBox%3D%220%200%20400%20400%22%3E%3C%2Fsvg%3E\" loading=\"eager\"><\/span><span class=\"fg-image-overlay\"><\/span><\/a><\/figure><div class=\"fg-loader\"><\/div><\/div><div class=\"fg-item fg-type-image fg-idle\"><figure class=\"fg-item-inner\"><a href=\"https:\/\/artsfuneraires.ch\/wp-content\/uploads\/2021\/02\/Monument-Funeraire-Monument-Poli-02.jpg\" data-caption-title=\"Monument Funeraire Monument Poli 02\" data-caption-desc=\"Monument Funeraire Monument Poli 02\" data-attachment-id=\"1143\" data-type=\"image\" class=\"fg-thumb\"><span class=\"fg-image-wrap\"><img decoding=\"async\" alt=\"Grabmal Politisches Denkmal 02\" title=\"Grabmal Politisches Denkmal 02\" width=\"400\" height=\"400\" class=\"skip-lazy fg-image\" data-src-fg=\"https:\/\/artsfuneraires.ch\/wp-content\/uploads\/cache\/2021\/02\/Monument-Funeraire-Monument-Poli-02\/3380657448.jpg\" src=\"data:image\/svg+xml,%3Csvg%20xmlns%3D%22http%3A%2F%2Fwww.w3.org%2F2000%2Fsvg%22%20width%3D%22400%22%20height%3D%22400%22%20viewBox%3D%220%200%20400%20400%22%3E%3C%2Fsvg%3E\" loading=\"eager\"><\/span><span class=\"fg-image-overlay\"><\/span><\/a><\/figure><div class=\"fg-loader\"><\/div><\/div><div class=\"fg-item fg-type-image fg-idle\"><figure class=\"fg-item-inner\"><a href=\"https:\/\/artsfuneraires.ch\/wp-content\/uploads\/2021\/02\/Monument-Funeraire-Monument-Poli-03.jpg\" data-caption-title=\"Monument Funeraire Monument Poli 03\" data-caption-desc=\"Monument Funeraire Monument Poli 03\" data-attachment-id=\"1144\" data-type=\"image\" class=\"fg-thumb\"><span class=\"fg-image-wrap\"><img decoding=\"async\" alt=\"Trauermonument Politisches Monument 03\" title=\"Trauermonument Politisches Monument 03\" width=\"400\" height=\"400\" class=\"skip-lazy fg-image\" data-src-fg=\"https:\/\/artsfuneraires.ch\/wp-content\/uploads\/cache\/2021\/02\/Monument-Funeraire-Monument-Poli-03\/3385981951.jpg\" src=\"data:image\/svg+xml,%3Csvg%20xmlns%3D%22http%3A%2F%2Fwww.w3.org%2F2000%2Fsvg%22%20width%3D%22400%22%20height%3D%22400%22%20viewBox%3D%220%200%20400%20400%22%3E%3C%2Fsvg%3E\" loading=\"eager\"><\/span><span class=\"fg-image-overlay\"><\/span><\/a><\/figure><div class=\"fg-loader\"><\/div><\/div><div class=\"fg-item fg-type-image fg-idle\"><figure class=\"fg-item-inner\"><a href=\"https:\/\/artsfuneraires.ch\/wp-content\/uploads\/2021\/02\/Monument-Funeraire-Monument-Poli-04.jpg\" data-caption-title=\"Monument Funeraire Monument Poli 04\" data-caption-desc=\"Monument Funeraire Monument Poli 04\" data-attachment-id=\"1145\" data-type=\"image\" class=\"fg-thumb\"><span class=\"fg-image-wrap\"><img decoding=\"async\" alt=\"Trauermonument Politisches Monument 04\" title=\"Trauermonument Politisches Monument 04\" width=\"400\" height=\"400\" class=\"skip-lazy fg-image\" data-src-fg=\"https:\/\/artsfuneraires.ch\/wp-content\/uploads\/cache\/2021\/02\/Monument-Funeraire-Monument-Poli-04\/3965476389.jpg\" src=\"data:image\/svg+xml,%3Csvg%20xmlns%3D%22http%3A%2F%2Fwww.w3.org%2F2000%2Fsvg%22%20width%3D%22400%22%20height%3D%22400%22%20viewBox%3D%220%200%20400%20400%22%3E%3C%2Fsvg%3E\" loading=\"eager\"><\/span><span class=\"fg-image-overlay\"><\/span><\/a><\/figure><div class=\"fg-loader\"><\/div><\/div><div class=\"fg-item fg-type-image fg-idle\"><figure class=\"fg-item-inner\"><a href=\"https:\/\/artsfuneraires.ch\/wp-content\/uploads\/2021\/02\/Monument-Funeraire-Monument-Poli-05.jpg\" data-caption-title=\"Monument Funeraire Monument Poli 05\" data-caption-desc=\"Monument Funeraire Monument Poli 05\" data-attachment-id=\"1146\" data-type=\"image\" class=\"fg-thumb\"><span class=\"fg-image-wrap\"><img decoding=\"async\" alt=\"Grabmal Politisches Denkmal 05\" title=\"Grabmal Politisches Denkmal 05\" width=\"400\" height=\"400\" class=\"skip-lazy fg-image\" data-src-fg=\"https:\/\/artsfuneraires.ch\/wp-content\/uploads\/cache\/2021\/02\/Monument-Funeraire-Monument-Poli-05\/1362078718.jpg\" src=\"data:image\/svg+xml,%3Csvg%20xmlns%3D%22http%3A%2F%2Fwww.w3.org%2F2000%2Fsvg%22%20width%3D%22400%22%20height%3D%22400%22%20viewBox%3D%220%200%20400%20400%22%3E%3C%2Fsvg%3E\" loading=\"eager\"><\/span><span class=\"fg-image-overlay\"><\/span><\/a><\/figure><div class=\"fg-loader\"><\/div><\/div><div class=\"fg-item fg-type-image fg-idle\"><figure class=\"fg-item-inner\"><a href=\"https:\/\/artsfuneraires.ch\/wp-content\/uploads\/2021\/02\/Monument-Funeraire-Monument-Poli-06.jpg\" data-caption-title=\"Monument Funeraire Monument Poli 06\" data-caption-desc=\"Monument Funeraire Monument Poli 06\" data-attachment-id=\"1147\" data-type=\"image\" class=\"fg-thumb\"><span class=\"fg-image-wrap\"><img decoding=\"async\" alt=\"Trauermonument Politisches Monument 06\" title=\"Trauermonument Politisches Monument 06\" width=\"400\" height=\"400\" class=\"skip-lazy fg-image\" data-src-fg=\"https:\/\/artsfuneraires.ch\/wp-content\/uploads\/cache\/2021\/02\/Monument-Funeraire-Monument-Poli-06\/4041736414.jpg\" src=\"data:image\/svg+xml,%3Csvg%20xmlns%3D%22http%3A%2F%2Fwww.w3.org%2F2000%2Fsvg%22%20width%3D%22400%22%20height%3D%22400%22%20viewBox%3D%220%200%20400%20400%22%3E%3C%2Fsvg%3E\" loading=\"eager\"><\/span><span class=\"fg-image-overlay\"><\/span><\/a><\/figure><div class=\"fg-loader\"><\/div><\/div><div class=\"fg-item fg-type-image fg-idle\"><figure class=\"fg-item-inner\"><a href=\"https:\/\/artsfuneraires.ch\/wp-content\/uploads\/2021\/02\/Monument-Funeraire-Monument-Poli-07.jpg\" data-caption-title=\"Monument Funeraire Monument Poli 07\" data-caption-desc=\"Monument Funeraire Monument Poli 07\" data-attachment-id=\"1148\" data-type=\"image\" class=\"fg-thumb\"><span class=\"fg-image-wrap\"><img decoding=\"async\" alt=\"Trauermonument Politisches Monument 07\" title=\"Trauermonument Politisches Monument 07\" width=\"400\" height=\"400\" class=\"skip-lazy fg-image\" data-src-fg=\"https:\/\/artsfuneraires.ch\/wp-content\/uploads\/cache\/2021\/02\/Monument-Funeraire-Monument-Poli-07\/1368204880.jpg\" src=\"data:image\/svg+xml,%3Csvg%20xmlns%3D%22http%3A%2F%2Fwww.w3.org%2F2000%2Fsvg%22%20width%3D%22400%22%20height%3D%22400%22%20viewBox%3D%220%200%20400%20400%22%3E%3C%2Fsvg%3E\" loading=\"eager\"><\/span><span class=\"fg-image-overlay\"><\/span><\/a><\/figure><div class=\"fg-loader\"><\/div><\/div><div class=\"fg-item fg-type-image fg-idle\"><figure class=\"fg-item-inner\"><a href=\"https:\/\/artsfuneraires.ch\/wp-content\/uploads\/2021\/02\/Monument-Funeraire-Monument-Poli-08.jpg\" data-caption-title=\"Monument Funeraire Monument Poli 08\" data-caption-desc=\"Monument Funeraire Monument Poli 08\" data-attachment-id=\"1149\" data-type=\"image\" class=\"fg-thumb\"><span class=\"fg-image-wrap\"><img decoding=\"async\" alt=\"Trauermonument Politisches Monument 08\" title=\"Trauermonument Politisches Monument 08\" width=\"400\" height=\"400\" class=\"skip-lazy fg-image\" data-src-fg=\"https:\/\/artsfuneraires.ch\/wp-content\/uploads\/cache\/2021\/02\/Monument-Funeraire-Monument-Poli-08\/2816841791.jpg\" src=\"data:image\/svg+xml,%3Csvg%20xmlns%3D%22http%3A%2F%2Fwww.w3.org%2F2000%2Fsvg%22%20width%3D%22400%22%20height%3D%22400%22%20viewBox%3D%220%200%20400%20400%22%3E%3C%2Fsvg%3E\" loading=\"eager\"><\/span><span class=\"fg-image-overlay\"><\/span><\/a><\/figure><div class=\"fg-loader\"><\/div><\/div><div class=\"fg-item fg-type-image fg-idle\"><figure class=\"fg-item-inner\"><a href=\"https:\/\/artsfuneraires.ch\/wp-content\/uploads\/2021\/02\/Monument-Funeraire-Monument-Poli-09.jpg\" data-caption-title=\"Monument Funeraire Monument Poli 09\" data-caption-desc=\"Monument Funeraire Monument Poli 09\" data-attachment-id=\"1150\" data-type=\"image\" class=\"fg-thumb\"><span class=\"fg-image-wrap\"><img decoding=\"async\" alt=\"Grabdenkmal Politisches Denkmal 09\" title=\"Grabdenkmal Politisches Denkmal 09\" width=\"400\" height=\"400\" class=\"skip-lazy fg-image\" data-src-fg=\"https:\/\/artsfuneraires.ch\/wp-content\/uploads\/cache\/2021\/02\/Monument-Funeraire-Monument-Poli-09\/3882979229.jpg\" src=\"data:image\/svg+xml,%3Csvg%20xmlns%3D%22http%3A%2F%2Fwww.w3.org%2F2000%2Fsvg%22%20width%3D%22400%22%20height%3D%22400%22%20viewBox%3D%220%200%20400%20400%22%3E%3C%2Fsvg%3E\" loading=\"eager\"><\/span><span class=\"fg-image-overlay\"><\/span><\/a><\/figure><div class=\"fg-loader\"><\/div><\/div><div class=\"fg-item fg-type-image fg-idle\"><figure class=\"fg-item-inner\"><a href=\"https:\/\/artsfuneraires.ch\/wp-content\/uploads\/2021\/02\/Monument-Funeraire-Monument-Poli-10.jpg\" data-caption-title=\"Monument Funeraire Monument Poli 10\" data-caption-desc=\"Monument Funeraire Monument Poli 10\" data-attachment-id=\"1151\" data-type=\"image\" class=\"fg-thumb\"><span class=\"fg-image-wrap\"><img decoding=\"async\" alt=\"Grabdenkmal Politisches Denkmal 10\" title=\"Grabdenkmal Politisches Denkmal 10\" width=\"400\" height=\"400\" class=\"skip-lazy fg-image\" data-src-fg=\"https:\/\/artsfuneraires.ch\/wp-content\/uploads\/cache\/2021\/02\/Monument-Funeraire-Monument-Poli-10\/3222088758.jpg\" src=\"data:image\/svg+xml,%3Csvg%20xmlns%3D%22http%3A%2F%2Fwww.w3.org%2F2000%2Fsvg%22%20width%3D%22400%22%20height%3D%22400%22%20viewBox%3D%220%200%20400%20400%22%3E%3C%2Fsvg%3E\" loading=\"eager\"><\/span><span class=\"fg-image-overlay\"><\/span><\/a><\/figure><div class=\"fg-loader\"><\/div><\/div><div class=\"fg-item fg-type-image fg-idle\"><figure class=\"fg-item-inner\"><a href=\"https:\/\/artsfuneraires.ch\/wp-content\/uploads\/2021\/02\/Monument-Funeraire-Monument-Poli-11.jpg\" data-caption-title=\"Monument Funeraire Monument Poli 11\" data-caption-desc=\"Monument Funeraire Monument Poli 11\" data-attachment-id=\"1152\" data-type=\"image\" class=\"fg-thumb\"><span class=\"fg-image-wrap\"><img decoding=\"async\" alt=\"Trauermonument Politisches Monument 11\" title=\"Trauermonument Politisches Monument 11\" width=\"400\" height=\"400\" class=\"skip-lazy fg-image\" data-src-fg=\"https:\/\/artsfuneraires.ch\/wp-content\/uploads\/cache\/2021\/02\/Monument-Funeraire-Monument-Poli-11\/2105465325.jpg\" src=\"data:image\/svg+xml,%3Csvg%20xmlns%3D%22http%3A%2F%2Fwww.w3.org%2F2000%2Fsvg%22%20width%3D%22400%22%20height%3D%22400%22%20viewBox%3D%220%200%20400%20400%22%3E%3C%2Fsvg%3E\" loading=\"eager\"><\/span><span class=\"fg-image-overlay\"><\/span><\/a><\/figure><div class=\"fg-loader\"><\/div><\/div><div class=\"fg-item fg-type-image fg-idle\"><figure class=\"fg-item-inner\"><a href=\"https:\/\/artsfuneraires.ch\/wp-content\/uploads\/2021\/02\/Monument-Funeraire-Monument-Poli-12.jpg\" data-caption-title=\"Monument Funeraire Monument Poli 12\" data-caption-desc=\"Monument Funeraire Monument Poli 12\" data-attachment-id=\"1153\" data-type=\"image\" class=\"fg-thumb\"><span class=\"fg-image-wrap\"><img decoding=\"async\" alt=\"Trauermonument Politisches Monument 12\" title=\"Trauermonument Politisches Monument 12\" width=\"400\" height=\"400\" class=\"skip-lazy fg-image\" data-src-fg=\"https:\/\/artsfuneraires.ch\/wp-content\/uploads\/cache\/2021\/02\/Monument-Funeraire-Monument-Poli-12\/3703141069.jpg\" src=\"data:image\/svg+xml,%3Csvg%20xmlns%3D%22http%3A%2F%2Fwww.w3.org%2F2000%2Fsvg%22%20width%3D%22400%22%20height%3D%22400%22%20viewBox%3D%220%200%20400%20400%22%3E%3C%2Fsvg%3E\" loading=\"eager\"><\/span><span class=\"fg-image-overlay\"><\/span><\/a><\/figure><div class=\"fg-loader\"><\/div><\/div><div class=\"fg-item fg-type-image fg-idle\"><figure class=\"fg-item-inner\"><a href=\"https:\/\/artsfuneraires.ch\/wp-content\/uploads\/2021\/02\/Monument-Funeraire-Monument-Poli-13.jpg\" data-caption-title=\"Monument Funeraire Monument Poli 13\" data-caption-desc=\"Monument Funeraire Monument Poli 13\" data-attachment-id=\"1154\" data-type=\"image\" class=\"fg-thumb\"><span class=\"fg-image-wrap\"><img decoding=\"async\" alt=\"Trauermonument Politisches Monument 13\" title=\"Trauermonument Politisches Monument 13\" width=\"400\" height=\"400\" class=\"skip-lazy fg-image\" data-src-fg=\"https:\/\/artsfuneraires.ch\/wp-content\/uploads\/cache\/2021\/02\/Monument-Funeraire-Monument-Poli-13\/3706205210.jpg\" src=\"data:image\/svg+xml,%3Csvg%20xmlns%3D%22http%3A%2F%2Fwww.w3.org%2F2000%2Fsvg%22%20width%3D%22400%22%20height%3D%22400%22%20viewBox%3D%220%200%20400%20400%22%3E%3C%2Fsvg%3E\" loading=\"eager\"><\/span><span class=\"fg-image-overlay\"><\/span><\/a><\/figure><div class=\"fg-loader\"><\/div><\/div><div class=\"fg-item fg-type-image fg-idle\"><figure class=\"fg-item-inner\"><a href=\"https:\/\/artsfuneraires.ch\/wp-content\/uploads\/2021\/02\/Monument-Funeraire-Monument-Poli-14.jpg\" data-caption-title=\"Monument Funeraire Monument Poli 14\" data-caption-desc=\"Monument Funeraire Monument Poli 14\" data-attachment-id=\"1155\" data-type=\"image\" class=\"fg-thumb\"><span class=\"fg-image-wrap\"><img decoding=\"async\" alt=\"Trauermonument Politisches Monument 14\" title=\"Trauermonument Politisches Monument 14\" width=\"400\" height=\"400\" class=\"skip-lazy fg-image\" data-src-fg=\"https:\/\/artsfuneraires.ch\/wp-content\/uploads\/cache\/2021\/02\/Monument-Funeraire-Monument-Poli-14\/4184183232.jpg\" src=\"data:image\/svg+xml,%3Csvg%20xmlns%3D%22http%3A%2F%2Fwww.w3.org%2F2000%2Fsvg%22%20width%3D%22400%22%20height%3D%22400%22%20viewBox%3D%220%200%20400%20400%22%3E%3C%2Fsvg%3E\" loading=\"eager\"><\/span><span class=\"fg-image-overlay\"><\/span><\/a><\/figure><div class=\"fg-loader\"><\/div><\/div><div class=\"fg-item fg-type-image fg-idle\"><figure class=\"fg-item-inner\"><a href=\"https:\/\/artsfuneraires.ch\/wp-content\/uploads\/2021\/02\/Monument-Funeraire-Monument-Poli-15.jpg\" data-caption-title=\"Monument Funeraire Monument Poli 15\" data-caption-desc=\"Monument Funeraire Monument Poli 15\" data-attachment-id=\"1156\" data-type=\"image\" class=\"fg-thumb\"><span class=\"fg-image-wrap\"><img decoding=\"async\" alt=\"Grabdenkmal Politisches Denkmal 15\" title=\"Grabdenkmal Politisches Denkmal 15\" width=\"400\" height=\"400\" class=\"skip-lazy fg-image\" data-src-fg=\"https:\/\/artsfuneraires.ch\/wp-content\/uploads\/cache\/2021\/02\/Monument-Funeraire-Monument-Poli-15\/1142318107.jpg\" src=\"data:image\/svg+xml,%3Csvg%20xmlns%3D%22http%3A%2F%2Fwww.w3.org%2F2000%2Fsvg%22%20width%3D%22400%22%20height%3D%22400%22%20viewBox%3D%220%200%20400%20400%22%3E%3C%2Fsvg%3E\" loading=\"eager\"><\/span><span class=\"fg-image-overlay\"><\/span><\/a><\/figure><div class=\"fg-loader\"><\/div><\/div><div class=\"fg-item fg-type-image fg-idle\"><figure class=\"fg-item-inner\"><a href=\"https:\/\/artsfuneraires.ch\/wp-content\/uploads\/2021\/02\/Monument-Funeraire-Monument-Poli-16.jpg\" data-caption-title=\"Monument Funeraire Monument Poli 16\" data-caption-desc=\"Monument Funeraire Monument Poli 16\" data-attachment-id=\"1157\" data-type=\"image\" class=\"fg-thumb\"><span class=\"fg-image-wrap\"><img decoding=\"async\" alt=\"Trauermonument Politisches Monument 16\" title=\"Trauermonument Politisches Monument 16\" width=\"400\" height=\"400\" class=\"skip-lazy fg-image\" data-src-fg=\"https:\/\/artsfuneraires.ch\/wp-content\/uploads\/cache\/2021\/02\/Monument-Funeraire-Monument-Poli-16\/3855732539.jpg\" src=\"data:image\/svg+xml,%3Csvg%20xmlns%3D%22http%3A%2F%2Fwww.w3.org%2F2000%2Fsvg%22%20width%3D%22400%22%20height%3D%22400%22%20viewBox%3D%220%200%20400%20400%22%3E%3C%2Fsvg%3E\" loading=\"eager\"><\/span><span class=\"fg-image-overlay\"><\/span><\/a><\/figure><div class=\"fg-loader\"><\/div><\/div><div class=\"fg-item fg-type-image fg-idle\"><figure class=\"fg-item-inner\"><a href=\"https:\/\/artsfuneraires.ch\/wp-content\/uploads\/2021\/02\/Monument-Funeraire-Monument-Poli-17.jpg\" data-caption-title=\"Monument Funeraire Monument Poli 17\" data-caption-desc=\"Monument Funeraire Monument Poli 17\" data-attachment-id=\"1158\" data-type=\"image\" class=\"fg-thumb\"><span class=\"fg-image-wrap\"><img decoding=\"async\" alt=\"Trauermonument Politisches Monument 17\" title=\"Trauermonument Politisches Monument 17\" width=\"400\" height=\"400\" class=\"skip-lazy fg-image\" data-src-fg=\"https:\/\/artsfuneraires.ch\/wp-content\/uploads\/cache\/2021\/02\/Monument-Funeraire-Monument-Poli-17\/1152706997.jpg\" src=\"data:image\/svg+xml,%3Csvg%20xmlns%3D%22http%3A%2F%2Fwww.w3.org%2F2000%2Fsvg%22%20width%3D%22400%22%20height%3D%22400%22%20viewBox%3D%220%200%20400%20400%22%3E%3C%2Fsvg%3E\" loading=\"eager\"><\/span><span class=\"fg-image-overlay\"><\/span><\/a><\/figure><div class=\"fg-loader\"><\/div><\/div><div class=\"fg-item fg-type-image fg-idle\"><figure class=\"fg-item-inner\"><a href=\"https:\/\/artsfuneraires.ch\/wp-content\/uploads\/2021\/02\/Monument-Funeraire-Monument-Poli-18.jpg\" data-caption-title=\"Monument Funeraire Monument Poli 18\" data-caption-desc=\"Monument Funeraire Monument Poli 18\" data-attachment-id=\"1159\" data-type=\"image\" class=\"fg-thumb\"><span class=\"fg-image-wrap\"><img decoding=\"async\" alt=\"Trauermonument Politisches Monument 18\" title=\"Trauermonument Politisches Monument 18\" width=\"400\" height=\"400\" class=\"skip-lazy fg-image\" data-src-fg=\"https:\/\/artsfuneraires.ch\/wp-content\/uploads\/cache\/2021\/02\/Monument-Funeraire-Monument-Poli-18\/3000784858.jpg\" src=\"data:image\/svg+xml,%3Csvg%20xmlns%3D%22http%3A%2F%2Fwww.w3.org%2F2000%2Fsvg%22%20width%3D%22400%22%20height%3D%22400%22%20viewBox%3D%220%200%20400%20400%22%3E%3C%2Fsvg%3E\" loading=\"eager\"><\/span><span class=\"fg-image-overlay\"><\/span><\/a><\/figure><div class=\"fg-loader\"><\/div><\/div><div class=\"fg-item fg-type-image fg-idle\"><figure class=\"fg-item-inner\"><a href=\"https:\/\/artsfuneraires.ch\/wp-content\/uploads\/2021\/02\/Monument-Funeraire-Monument-Poli-19.jpg\" data-caption-title=\"Monument Funeraire Monument Poli 19\" data-caption-desc=\"Monument Funeraire Monument Poli 19\" data-attachment-id=\"1160\" data-type=\"image\" class=\"fg-thumb\"><span class=\"fg-image-wrap\"><img decoding=\"async\" alt=\"Grabdenkmal Politisches Denkmal 19\" title=\"Grabdenkmal Politisches Denkmal 19\" width=\"400\" height=\"400\" class=\"skip-lazy fg-image\" data-src-fg=\"https:\/\/artsfuneraires.ch\/wp-content\/uploads\/cache\/2021\/02\/Monument-Funeraire-Monument-Poli-19\/4140693300.jpg\" src=\"data:image\/svg+xml,%3Csvg%20xmlns%3D%22http%3A%2F%2Fwww.w3.org%2F2000%2Fsvg%22%20width%3D%22400%22%20height%3D%22400%22%20viewBox%3D%220%200%20400%20400%22%3E%3C%2Fsvg%3E\" loading=\"eager\"><\/span><span class=\"fg-image-overlay\"><\/span><\/a><\/figure><div class=\"fg-loader\"><\/div><\/div><div class=\"fg-item fg-type-image fg-idle\"><figure class=\"fg-item-inner\"><a href=\"https:\/\/artsfuneraires.ch\/wp-content\/uploads\/2021\/02\/Monument-Funeraire-Monument-Poli-20.jpg\" data-caption-title=\"Monument Funeraire Monument Poli 20\" data-caption-desc=\"Monument Funeraire Monument Poli 20\" data-attachment-id=\"1161\" data-type=\"image\" class=\"fg-thumb\"><span class=\"fg-image-wrap\"><img decoding=\"async\" alt=\"Grabmal Politisches Denkmal 20\" title=\"Grabmal Politisches Denkmal 20\" width=\"400\" height=\"400\" class=\"skip-lazy fg-image\" data-src-fg=\"https:\/\/artsfuneraires.ch\/wp-content\/uploads\/cache\/2021\/02\/Monument-Funeraire-Monument-Poli-20\/4282874905.jpg\" src=\"data:image\/svg+xml,%3Csvg%20xmlns%3D%22http%3A%2F%2Fwww.w3.org%2F2000%2Fsvg%22%20width%3D%22400%22%20height%3D%22400%22%20viewBox%3D%220%200%20400%20400%22%3E%3C%2Fsvg%3E\" loading=\"eager\"><\/span><span class=\"fg-image-overlay\"><\/span><\/a><\/figure><div class=\"fg-loader\"><\/div><\/div><div class=\"fg-item fg-type-image fg-idle\"><figure class=\"fg-item-inner\"><a href=\"https:\/\/artsfuneraires.ch\/wp-content\/uploads\/2021\/02\/Monument-Funeraire-Monument-Poli-21.jpg\" data-caption-title=\"Monument Funeraire Monument Poli 21\" data-caption-desc=\"Monument Funeraire Monument Poli 21\" data-attachment-id=\"1162\" data-type=\"image\" class=\"fg-thumb\"><span class=\"fg-image-wrap\"><img decoding=\"async\" alt=\"Trauermonument Politisches Monument 21\" title=\"Trauermonument Politisches Monument 21\" width=\"400\" height=\"400\" class=\"skip-lazy fg-image\" data-src-fg=\"https:\/\/artsfuneraires.ch\/wp-content\/uploads\/cache\/2021\/02\/Monument-Funeraire-Monument-Poli-21\/1110739394.jpg\" src=\"data:image\/svg+xml,%3Csvg%20xmlns%3D%22http%3A%2F%2Fwww.w3.org%2F2000%2Fsvg%22%20width%3D%22400%22%20height%3D%22400%22%20viewBox%3D%220%200%20400%20400%22%3E%3C%2Fsvg%3E\" loading=\"eager\"><\/span><span class=\"fg-image-overlay\"><\/span><\/a><\/figure><div class=\"fg-loader\"><\/div><\/div><div class=\"fg-item fg-type-image fg-idle\"><figure class=\"fg-item-inner\"><a href=\"https:\/\/artsfuneraires.ch\/wp-content\/uploads\/2021\/02\/Monument-Funeraire-Monument-Poli-22.jpg\" data-caption-title=\"Monument Funeraire Monument Poli 22\" data-caption-desc=\"Monument Funeraire Monument Poli 22\" data-attachment-id=\"1163\" data-type=\"image\" class=\"fg-thumb\"><span class=\"fg-image-wrap\"><img decoding=\"async\" alt=\"Grabdenkmal Politisches Denkmal 22\" title=\"Grabdenkmal Politisches Denkmal 22\" width=\"400\" height=\"400\" class=\"skip-lazy fg-image\" data-src-fg=\"https:\/\/artsfuneraires.ch\/wp-content\/uploads\/cache\/2021\/02\/Monument-Funeraire-Monument-Poli-22\/3824362210.jpg\" src=\"data:image\/svg+xml,%3Csvg%20xmlns%3D%22http%3A%2F%2Fwww.w3.org%2F2000%2Fsvg%22%20width%3D%22400%22%20height%3D%22400%22%20viewBox%3D%220%200%20400%20400%22%3E%3C%2Fsvg%3E\" loading=\"eager\"><\/span><span class=\"fg-image-overlay\"><\/span><\/a><\/figure><div class=\"fg-loader\"><\/div><\/div><div class=\"fg-item fg-type-image fg-idle\"><figure class=\"fg-item-inner\"><a href=\"https:\/\/artsfuneraires.ch\/wp-content\/uploads\/2021\/02\/Monument-Funeraire-Monument-Poli-23.jpg\" data-caption-title=\"Monument Funeraire Monument Poli 23\" data-caption-desc=\"Monument Funeraire Monument Poli 23\" data-attachment-id=\"1164\" data-type=\"image\" class=\"fg-thumb\"><span class=\"fg-image-wrap\"><img decoding=\"async\" alt=\"Grabmal Politisches Denkmal 23\" title=\"Grabmal Politisches Denkmal 23\" width=\"400\" height=\"400\" class=\"skip-lazy fg-image\" data-src-fg=\"https:\/\/artsfuneraires.ch\/wp-content\/uploads\/cache\/2021\/02\/Monument-Funeraire-Monument-Poli-23\/3819070517.jpg\" src=\"data:image\/svg+xml,%3Csvg%20xmlns%3D%22http%3A%2F%2Fwww.w3.org%2F2000%2Fsvg%22%20width%3D%22400%22%20height%3D%22400%22%20viewBox%3D%220%200%20400%20400%22%3E%3C%2Fsvg%3E\" loading=\"eager\"><\/span><span class=\"fg-image-overlay\"><\/span><\/a><\/figure><div class=\"fg-loader\"><\/div><\/div><div class=\"fg-item fg-type-image fg-idle\"><figure class=\"fg-item-inner\"><a href=\"https:\/\/artsfuneraires.ch\/wp-content\/uploads\/2021\/02\/Monument-Funeraire-Monument-Poli-24.jpg\" data-caption-title=\"Monument Funeraire Monument Poli 24\" data-caption-desc=\"Monument Funeraire Monument Poli 24\" data-attachment-id=\"1165\" data-type=\"image\" class=\"fg-thumb\"><span class=\"fg-image-wrap\"><img decoding=\"async\" alt=\"Grabdenkmal Politisches Denkmal 24\" title=\"Grabdenkmal Politisches Denkmal 24\" width=\"400\" height=\"400\" class=\"skip-lazy fg-image\" data-src-fg=\"https:\/\/artsfuneraires.ch\/wp-content\/uploads\/cache\/2021\/02\/Monument-Funeraire-Monument-Poli-24\/3325018607.jpg\" src=\"data:image\/svg+xml,%3Csvg%20xmlns%3D%22http%3A%2F%2Fwww.w3.org%2F2000%2Fsvg%22%20width%3D%22400%22%20height%3D%22400%22%20viewBox%3D%220%200%20400%20400%22%3E%3C%2Fsvg%3E\" loading=\"eager\"><\/span><span class=\"fg-image-overlay\"><\/span><\/a><\/figure><div class=\"fg-loader\"><\/div><\/div><div class=\"fg-item fg-type-image fg-idle\"><figure class=\"fg-item-inner\"><a href=\"https:\/\/artsfuneraires.ch\/wp-content\/uploads\/2021\/02\/Monument-Funeraire-Monument-Poli-25.jpg\" data-caption-title=\"Monument Funeraire Monument Poli 25\" data-caption-desc=\"Monument Funeraire Monument Poli 25\" data-attachment-id=\"1166\" data-type=\"image\" class=\"fg-thumb\"><span class=\"fg-image-wrap\"><img decoding=\"async\" alt=\"Grabmal Politisches Denkmal 25\" title=\"Grabmal Politisches Denkmal 25\" width=\"400\" height=\"400\" class=\"skip-lazy fg-image\" data-src-fg=\"https:\/\/artsfuneraires.ch\/wp-content\/uploads\/cache\/2021\/02\/Monument-Funeraire-Monument-Poli-25\/2069640244.jpg\" src=\"data:image\/svg+xml,%3Csvg%20xmlns%3D%22http%3A%2F%2Fwww.w3.org%2F2000%2Fsvg%22%20width%3D%22400%22%20height%3D%22400%22%20viewBox%3D%220%200%20400%20400%22%3E%3C%2Fsvg%3E\" loading=\"eager\"><\/span><span class=\"fg-image-overlay\"><\/span><\/a><\/figure><div class=\"fg-loader\"><\/div><\/div><div class=\"fg-item fg-type-image fg-idle\"><figure class=\"fg-item-inner\"><a href=\"https:\/\/artsfuneraires.ch\/wp-content\/uploads\/2021\/02\/Monument-Funeraire-Monument-Poli-26.jpg\" data-caption-title=\"Monument Funeraire Monument Poli 26\" data-caption-desc=\"Monument Funeraire Monument Poli 26\" data-attachment-id=\"1167\" data-type=\"image\" class=\"fg-thumb\"><span class=\"fg-image-wrap\"><img decoding=\"async\" alt=\"Grabmal Politisches Denkmal 26\" title=\"Grabmal Politisches Denkmal 26\" width=\"400\" height=\"400\" class=\"skip-lazy fg-image\" data-src-fg=\"https:\/\/artsfuneraires.ch\/wp-content\/uploads\/cache\/2021\/02\/Monument-Funeraire-Monument-Poli-26\/3667631892.jpg\" src=\"data:image\/svg+xml,%3Csvg%20xmlns%3D%22http%3A%2F%2Fwww.w3.org%2F2000%2Fsvg%22%20width%3D%22400%22%20height%3D%22400%22%20viewBox%3D%220%200%20400%20400%22%3E%3C%2Fsvg%3E\" loading=\"eager\"><\/span><span class=\"fg-image-overlay\"><\/span><\/a><\/figure><div class=\"fg-loader\"><\/div><\/div><div class=\"fg-item fg-type-image fg-idle\"><figure class=\"fg-item-inner\"><a href=\"https:\/\/artsfuneraires.ch\/wp-content\/uploads\/2021\/02\/Monument-Funeraire-Monument-Poli-27.jpg\" data-caption-title=\"Monument Funeraire Monument Poli 27\" data-caption-desc=\"Monument Funeraire Monument Poli 27\" data-attachment-id=\"1168\" data-type=\"image\" class=\"fg-thumb\"><span class=\"fg-image-wrap\"><img decoding=\"async\" alt=\"Grabmal Politisches Denkmal 27\" title=\"Grabmal Politisches Denkmal 27\" width=\"400\" height=\"400\" class=\"skip-lazy fg-image\" data-src-fg=\"https:\/\/artsfuneraires.ch\/wp-content\/uploads\/cache\/2021\/02\/Monument-Funeraire-Monument-Poli-27\/2080291226.jpg\" src=\"data:image\/svg+xml,%3Csvg%20xmlns%3D%22http%3A%2F%2Fwww.w3.org%2F2000%2Fsvg%22%20width%3D%22400%22%20height%3D%22400%22%20viewBox%3D%220%200%20400%20400%22%3E%3C%2Fsvg%3E\" loading=\"eager\"><\/span><span class=\"fg-image-overlay\"><\/span><\/a><\/figure><div class=\"fg-loader\"><\/div><\/div><div class=\"fg-item fg-type-image fg-idle\"><figure class=\"fg-item-inner\"><a href=\"https:\/\/artsfuneraires.ch\/wp-content\/uploads\/2021\/02\/Monument-Funeraire-Monument-Poli-28.jpg\" data-caption-title=\"Monument Funeraire Monument Poli 28\" data-caption-desc=\"Monument Funeraire Monument Poli 28\" data-attachment-id=\"1169\" data-type=\"image\" class=\"fg-thumb\"><span class=\"fg-image-wrap\"><img decoding=\"async\" alt=\"Grabmal Politisches Denkmal 28\" title=\"Grabmal Politisches Denkmal 28\" width=\"400\" height=\"400\" class=\"skip-lazy fg-image\" data-src-fg=\"https:\/\/artsfuneraires.ch\/wp-content\/uploads\/cache\/2021\/02\/Monument-Funeraire-Monument-Poli-28\/2375419893.jpg\" src=\"data:image\/svg+xml,%3Csvg%20xmlns%3D%22http%3A%2F%2Fwww.w3.org%2F2000%2Fsvg%22%20width%3D%22400%22%20height%3D%22400%22%20viewBox%3D%220%200%20400%20400%22%3E%3C%2Fsvg%3E\" loading=\"eager\"><\/span><span class=\"fg-image-overlay\"><\/span><\/a><\/figure><div class=\"fg-loader\"><\/div><\/div><div class=\"fg-item fg-type-image fg-idle\"><figure class=\"fg-item-inner\"><a href=\"https:\/\/artsfuneraires.ch\/wp-content\/uploads\/2021\/02\/Monument-Funeraire-Monument-Poli-29-e1567682841299.jpg\" data-caption-title=\"Monument Funeraire Monument Poli 29 e1567682841299\" data-caption-desc=\"Monument Funeraire Monument Poli 29 e1567682841299\" data-attachment-id=\"1170\" data-type=\"image\" class=\"fg-thumb\"><span class=\"fg-image-wrap\"><img decoding=\"async\" alt=\"Grabmal Monument Poli 29 e1567682841299\" title=\"Grabmal Monument Poli 29 e1567682841299\" width=\"400\" height=\"400\" class=\"skip-lazy fg-image\" data-src-fg=\"https:\/\/artsfuneraires.ch\/wp-content\/uploads\/cache\/2021\/02\/Monument-Funeraire-Monument-Poli-29-e1567682841299\/2891945387.jpg\" src=\"data:image\/svg+xml,%3Csvg%20xmlns%3D%22http%3A%2F%2Fwww.w3.org%2F2000%2Fsvg%22%20width%3D%22400%22%20height%3D%22400%22%20viewBox%3D%220%200%20400%20400%22%3E%3C%2Fsvg%3E\" loading=\"eager\"><\/span><span class=\"fg-image-overlay\"><\/span><\/a><\/figure><div class=\"fg-loader\"><\/div><\/div><div class=\"fg-item fg-type-image fg-idle\"><figure class=\"fg-item-inner\"><a href=\"https:\/\/artsfuneraires.ch\/wp-content\/uploads\/2021\/02\/Monument-Funeraire-Monument-Poli-30.jpg\" data-caption-title=\"Monument Funeraire Monument Poli 30\" data-caption-desc=\"Monument Funeraire Monument Poli 30\" data-attachment-id=\"1171\" data-type=\"image\" class=\"fg-thumb\"><span class=\"fg-image-wrap\"><img decoding=\"async\" alt=\"Grabmal Politisches Denkmal 30\" title=\"Grabmal Politisches Denkmal 30\" width=\"400\" height=\"400\" class=\"skip-lazy fg-image\" data-src-fg=\"https:\/\/artsfuneraires.ch\/wp-content\/uploads\/cache\/2021\/02\/Monument-Funeraire-Monument-Poli-30\/3934172156.jpg\" src=\"data:image\/svg+xml,%3Csvg%20xmlns%3D%22http%3A%2F%2Fwww.w3.org%2F2000%2Fsvg%22%20width%3D%22400%22%20height%3D%22400%22%20viewBox%3D%220%200%20400%20400%22%3E%3C%2Fsvg%3E\" loading=\"eager\"><\/span><span class=\"fg-image-overlay\"><\/span><\/a><\/figure><div class=\"fg-loader\"><\/div><\/div><div class=\"fg-item fg-type-image fg-idle\"><figure class=\"fg-item-inner\"><a href=\"https:\/\/artsfuneraires.ch\/wp-content\/uploads\/2021\/02\/Monument-Funeraire-Monument-Poli-31.jpg\" data-caption-title=\"Monument Funeraire Monument Poli 31\" data-caption-desc=\"Monument Funeraire Monument Poli 31\" data-attachment-id=\"1172\" data-type=\"image\" class=\"fg-thumb\"><span class=\"fg-image-wrap\"><img decoding=\"async\" alt=\"Grabmal Politisches Denkmal 31\" title=\"Grabmal Politisches Denkmal 31\" width=\"400\" height=\"400\" class=\"skip-lazy fg-image\" data-src-fg=\"https:\/\/artsfuneraires.ch\/wp-content\/uploads\/cache\/2021\/02\/Monument-Funeraire-Monument-Poli-31\/1460487719.jpg\" src=\"data:image\/svg+xml,%3Csvg%20xmlns%3D%22http%3A%2F%2Fwww.w3.org%2F2000%2Fsvg%22%20width%3D%22400%22%20height%3D%22400%22%20viewBox%3D%220%200%20400%20400%22%3E%3C%2Fsvg%3E\" loading=\"eager\"><\/span><span class=\"fg-image-overlay\"><\/span><\/a><\/figure><div class=\"fg-loader\"><\/div><\/div><div class=\"fg-item fg-type-image fg-idle\"><figure class=\"fg-item-inner\"><a href=\"https:\/\/artsfuneraires.ch\/wp-content\/uploads\/2021\/02\/Monument-Funeraire-Monument-Poli-32.jpg\" data-caption-title=\"Monument Funeraire Monument Poli 32\" data-caption-desc=\"Monument Funeraire Monument Poli 32\" data-attachment-id=\"1173\" data-type=\"image\" class=\"fg-thumb\"><span class=\"fg-image-wrap\"><img decoding=\"async\" alt=\"Grabmal Politisches Denkmal 32\" title=\"Grabmal Politisches Denkmal 32\" width=\"400\" height=\"400\" class=\"skip-lazy fg-image\" data-src-fg=\"https:\/\/artsfuneraires.ch\/wp-content\/uploads\/cache\/2021\/02\/Monument-Funeraire-Monument-Poli-32\/4140494087.jpg\" src=\"data:image\/svg+xml,%3Csvg%20xmlns%3D%22http%3A%2F%2Fwww.w3.org%2F2000%2Fsvg%22%20width%3D%22400%22%20height%3D%22400%22%20viewBox%3D%220%200%20400%20400%22%3E%3C%2Fsvg%3E\" loading=\"eager\"><\/span><span class=\"fg-image-overlay\"><\/span><\/a><\/figure><div class=\"fg-loader\"><\/div><\/div><div class=\"fg-item fg-type-image fg-idle\"><figure class=\"fg-item-inner\"><a href=\"https:\/\/artsfuneraires.ch\/wp-content\/uploads\/2021\/02\/Monument-Funeraire-Monument-Poli-33.jpg\" data-caption-title=\"Monument Funeraire Monument Poli 33\" data-caption-desc=\"Monument Funeraire Monument Poli 33\" data-attachment-id=\"1174\" data-type=\"image\" class=\"fg-thumb\"><span class=\"fg-image-wrap\"><img decoding=\"async\" alt=\"Grabmal Politisches Denkmal 33\" title=\"Grabmal Politisches Denkmal 33\" width=\"400\" height=\"400\" class=\"skip-lazy fg-image\" data-src-fg=\"https:\/\/artsfuneraires.ch\/wp-content\/uploads\/cache\/2021\/02\/Monument-Funeraire-Monument-Poli-33\/4137397200.jpg\" src=\"data:image\/svg+xml,%3Csvg%20xmlns%3D%22http%3A%2F%2Fwww.w3.org%2F2000%2Fsvg%22%20width%3D%22400%22%20height%3D%22400%22%20viewBox%3D%220%200%20400%20400%22%3E%3C%2Fsvg%3E\" loading=\"eager\"><\/span><span class=\"fg-image-overlay\"><\/span><\/a><\/figure><div class=\"fg-loader\"><\/div><\/div><div class=\"fg-item fg-type-image fg-idle\"><figure class=\"fg-item-inner\"><a href=\"https:\/\/artsfuneraires.ch\/wp-content\/uploads\/2021\/02\/Monument-Funeraire-Monument-Poli-34.jpg\" data-caption-title=\"Monument Funeraire Monument Poli 34\" data-caption-desc=\"Monument Funeraire Monument Poli 34\" data-attachment-id=\"1175\" data-type=\"image\" class=\"fg-thumb\"><span class=\"fg-image-wrap\"><img decoding=\"async\" alt=\"Grabmal Politisches Denkmal 34\" title=\"Grabmal Politisches Denkmal 34\" width=\"400\" height=\"400\" class=\"skip-lazy fg-image\" data-src-fg=\"https:\/\/artsfuneraires.ch\/wp-content\/uploads\/cache\/2021\/02\/Monument-Funeraire-Monument-Poli-34\/3541437962.jpg\" src=\"data:image\/svg+xml,%3Csvg%20xmlns%3D%22http%3A%2F%2Fwww.w3.org%2F2000%2Fsvg%22%20width%3D%22400%22%20height%3D%22400%22%20viewBox%3D%220%200%20400%20400%22%3E%3C%2Fsvg%3E\" loading=\"eager\"><\/span><span class=\"fg-image-overlay\"><\/span><\/a><\/figure><div class=\"fg-loader\"><\/div><\/div><div class=\"fg-item fg-type-image fg-idle\"><figure class=\"fg-item-inner\"><a href=\"https:\/\/artsfuneraires.ch\/wp-content\/uploads\/2021\/02\/Monument-Funeraire-Monument-Poli-35.jpg\" data-caption-title=\"Monument Funeraire Monument Poli 35\" data-caption-desc=\"Monument Funeraire Monument Poli 35\" data-attachment-id=\"1176\" data-type=\"image\" class=\"fg-thumb\"><span class=\"fg-image-wrap\"><img decoding=\"async\" alt=\"Grabmal Politisches Denkmal 35\" title=\"Grabmal Politisches Denkmal 35\" width=\"400\" height=\"400\" class=\"skip-lazy fg-image\" data-src-fg=\"https:\/\/artsfuneraires.ch\/wp-content\/uploads\/cache\/2021\/02\/Monument-Funeraire-Monument-Poli-35\/1852177361.jpg\" src=\"data:image\/svg+xml,%3Csvg%20xmlns%3D%22http%3A%2F%2Fwww.w3.org%2F2000%2Fsvg%22%20width%3D%22400%22%20height%3D%22400%22%20viewBox%3D%220%200%20400%20400%22%3E%3C%2Fsvg%3E\" loading=\"eager\"><\/span><span class=\"fg-image-overlay\"><\/span><\/a><\/figure><div class=\"fg-loader\"><\/div><\/div><div class=\"fg-item fg-type-image fg-idle\"><figure class=\"fg-item-inner\"><a href=\"https:\/\/artsfuneraires.ch\/wp-content\/uploads\/2021\/02\/Monument-Funeraire-Monument-Poli-36.jpg\" data-caption-title=\"Monument Funeraire Monument Poli 36\" data-caption-desc=\"Monument Funeraire Monument Poli 36\" data-attachment-id=\"1177\" data-type=\"image\" class=\"fg-thumb\"><span class=\"fg-image-wrap\"><img decoding=\"async\" alt=\"Grabmal Politisches Denkmal 36\" title=\"Grabmal Politisches Denkmal 36\" width=\"400\" height=\"400\" class=\"skip-lazy fg-image\" data-src-fg=\"https:\/\/artsfuneraires.ch\/wp-content\/uploads\/cache\/2021\/02\/Monument-Funeraire-Monument-Poli-36\/3483521265.jpg\" src=\"data:image\/svg+xml,%3Csvg%20xmlns%3D%22http%3A%2F%2Fwww.w3.org%2F2000%2Fsvg%22%20width%3D%22400%22%20height%3D%22400%22%20viewBox%3D%220%200%20400%20400%22%3E%3C%2Fsvg%3E\" loading=\"eager\"><\/span><span class=\"fg-image-overlay\"><\/span><\/a><\/figure><div class=\"fg-loader\"><\/div><\/div><div class=\"fg-item fg-type-image fg-idle\"><figure class=\"fg-item-inner\"><a href=\"https:\/\/artsfuneraires.ch\/wp-content\/uploads\/2021\/02\/Monument-Funeraire-Monument-Poli-37.jpg\" data-caption-title=\"Monument Funeraire Monument Poli 37\" data-caption-desc=\"Monument Funeraire Monument Poli 37\" data-attachment-id=\"1178\" data-type=\"image\" class=\"fg-thumb\"><span class=\"fg-image-wrap\"><img decoding=\"async\" alt=\"Grabmal Politisches Denkmal 37\" title=\"Grabmal Politisches Denkmal 37\" width=\"400\" height=\"400\" class=\"skip-lazy fg-image\" data-src-fg=\"https:\/\/artsfuneraires.ch\/wp-content\/uploads\/cache\/2021\/02\/Monument-Funeraire-Monument-Poli-37\/1858565759.jpg\" src=\"data:image\/svg+xml,%3Csvg%20xmlns%3D%22http%3A%2F%2Fwww.w3.org%2F2000%2Fsvg%22%20width%3D%22400%22%20height%3D%22400%22%20viewBox%3D%220%200%20400%20400%22%3E%3C%2Fsvg%3E\" loading=\"eager\"><\/span><span class=\"fg-image-overlay\"><\/span><\/a><\/figure><div class=\"fg-loader\"><\/div><\/div><div class=\"fg-item fg-type-image fg-idle\"><figure class=\"fg-item-inner\"><a href=\"https:\/\/artsfuneraires.ch\/wp-content\/uploads\/2021\/02\/Monument-Funeraire-Monument-Poli-38.jpg\" data-caption-title=\"Monument Funeraire Monument Poli 38\" data-caption-desc=\"Monument Funeraire Monument Poli 38\" data-attachment-id=\"1179\" data-type=\"image\" class=\"fg-thumb\"><span class=\"fg-image-wrap\"><img decoding=\"async\" alt=\"Grabmal Politisches Denkmal 38\" title=\"Grabmal Politisches Denkmal 38\" width=\"400\" height=\"400\" class=\"skip-lazy fg-image\" data-src-fg=\"https:\/\/artsfuneraires.ch\/wp-content\/uploads\/cache\/2021\/02\/Monument-Funeraire-Monument-Poli-38\/2561656848.jpg\" src=\"data:image\/svg+xml,%3Csvg%20xmlns%3D%22http%3A%2F%2Fwww.w3.org%2F2000%2Fsvg%22%20width%3D%22400%22%20height%3D%22400%22%20viewBox%3D%220%200%20400%20400%22%3E%3C%2Fsvg%3E\" loading=\"eager\"><\/span><span class=\"fg-image-overlay\"><\/span><\/a><\/figure><div class=\"fg-loader\"><\/div><\/div><div class=\"fg-item fg-type-image fg-idle\"><figure class=\"fg-item-inner\"><a href=\"https:\/\/artsfuneraires.ch\/wp-content\/uploads\/2021\/02\/Monument-Funeraire-Monument-Poli-39.jpg\" data-caption-title=\"Monument Funeraire Monument Poli 39\" data-caption-desc=\"Monument Funeraire Monument Poli 39\" data-attachment-id=\"1180\" data-type=\"image\" class=\"fg-thumb\"><span class=\"fg-image-wrap\"><img decoding=\"async\" alt=\"Grabmal Politisches Denkmal 39\" title=\"Grabmal Politisches Denkmal 39\" width=\"400\" height=\"400\" class=\"skip-lazy fg-image\" data-src-fg=\"https:\/\/artsfuneraires.ch\/wp-content\/uploads\/cache\/2021\/02\/Monument-Funeraire-Monument-Poli-39\/3349404502.jpg\" src=\"data:image\/svg+xml,%3Csvg%20xmlns%3D%22http%3A%2F%2Fwww.w3.org%2F2000%2Fsvg%22%20width%3D%22400%22%20height%3D%22400%22%20viewBox%3D%220%200%20400%20400%22%3E%3C%2Fsvg%3E\" loading=\"eager\"><\/span><span class=\"fg-image-overlay\"><\/span><\/a><\/figure><div class=\"fg-loader\"><\/div><\/div><div class=\"fg-item fg-type-image fg-idle\"><figure class=\"fg-item-inner\"><a href=\"https:\/\/artsfuneraires.ch\/wp-content\/uploads\/2021\/02\/Monument-Funeraire-Monument-Poli-40.jpg\" data-caption-title=\"Monument Funeraire Monument Poli 40\" data-caption-desc=\"Monument Funeraire Monument Poli 40\" data-attachment-id=\"1181\" data-type=\"image\" class=\"fg-thumb\"><span class=\"fg-image-wrap\"><img decoding=\"async\" alt=\"Grabdenkmal Politisches Denkmal 40\" title=\"Grabdenkmal Politisches Denkmal 40\" width=\"400\" height=\"400\" class=\"skip-lazy fg-image\" data-src-fg=\"https:\/\/artsfuneraires.ch\/wp-content\/uploads\/cache\/2021\/02\/Monument-Funeraire-Monument-Poli-40\/2479161719.jpg\" src=\"data:image\/svg+xml,%3Csvg%20xmlns%3D%22http%3A%2F%2Fwww.w3.org%2F2000%2Fsvg%22%20width%3D%22400%22%20height%3D%22400%22%20viewBox%3D%220%200%20400%20400%22%3E%3C%2Fsvg%3E\" loading=\"eager\"><\/span><span class=\"fg-image-overlay\"><\/span><\/a><\/figure><div class=\"fg-loader\"><\/div><\/div><div class=\"fg-item fg-type-image fg-idle\"><figure class=\"fg-item-inner\"><a href=\"https:\/\/artsfuneraires.ch\/wp-content\/uploads\/2021\/02\/Monument-Funeraire-Monument-Poli-41.jpg\" data-caption-title=\"Monument Funeraire Monument Poli 41\" data-caption-desc=\"Monument Funeraire Monument Poli 41\" data-attachment-id=\"1182\" data-type=\"image\" class=\"fg-thumb\"><span class=\"fg-image-wrap\"><img decoding=\"async\" alt=\"Grabmal Politisches Denkmal 41\" title=\"Grabmal Politisches Denkmal 41\" width=\"400\" height=\"400\" class=\"skip-lazy fg-image\" data-src-fg=\"https:\/\/artsfuneraires.ch\/wp-content\/uploads\/cache\/2021\/02\/Monument-Funeraire-Monument-Poli-41\/783742124.jpg\" src=\"data:image\/svg+xml,%3Csvg%20xmlns%3D%22http%3A%2F%2Fwww.w3.org%2F2000%2Fsvg%22%20width%3D%22400%22%20height%3D%22400%22%20viewBox%3D%220%200%20400%20400%22%3E%3C%2Fsvg%3E\" loading=\"eager\"><\/span><span class=\"fg-image-overlay\"><\/span><\/a><\/figure><div class=\"fg-loader\"><\/div><\/div><div class=\"fg-item fg-type-image fg-idle\"><figure class=\"fg-item-inner\"><a href=\"https:\/\/artsfuneraires.ch\/wp-content\/uploads\/2021\/02\/Monument-Funeraire-Monument-Poli-42.jpg\" data-caption-title=\"Monument Funeraire Monument Poli 42\" data-caption-desc=\"Monument Funeraire Monument Poli 42\" data-attachment-id=\"1183\" data-type=\"image\" class=\"fg-thumb\"><span class=\"fg-image-wrap\"><img decoding=\"async\" alt=\"Trauermonument Politisches Monument 42\" title=\"Trauermonument Politisches Monument 42\" width=\"400\" height=\"400\" class=\"skip-lazy fg-image\" data-src-fg=\"https:\/\/artsfuneraires.ch\/wp-content\/uploads\/cache\/2021\/02\/Monument-Funeraire-Monument-Poli-42\/2406571916.jpg\" src=\"data:image\/svg+xml,%3Csvg%20xmlns%3D%22http%3A%2F%2Fwww.w3.org%2F2000%2Fsvg%22%20width%3D%22400%22%20height%3D%22400%22%20viewBox%3D%220%200%20400%20400%22%3E%3C%2Fsvg%3E\" loading=\"eager\"><\/span><span class=\"fg-image-overlay\"><\/span><\/a><\/figure><div class=\"fg-loader\"><\/div><\/div><div class=\"fg-item fg-type-image fg-idle\"><figure class=\"fg-item-inner\"><a href=\"https:\/\/artsfuneraires.ch\/wp-content\/uploads\/2021\/02\/Monument-Funeraire-Monument-Poli-43.jpg\" data-caption-title=\"Monument Funeraire Monument Poli 43\" data-caption-desc=\"Monument Funeraire Monument Poli 43\" data-attachment-id=\"1184\" data-type=\"image\" class=\"fg-thumb\"><span class=\"fg-image-wrap\"><img decoding=\"async\" alt=\"Grabmal Politisches Denkmal 43\" title=\"Grabmal Politisches Denkmal 43\" width=\"400\" height=\"400\" class=\"skip-lazy fg-image\" data-src-fg=\"https:\/\/artsfuneraires.ch\/wp-content\/uploads\/cache\/2021\/02\/Monument-Funeraire-Monument-Poli-43\/2401245531.jpg\" src=\"data:image\/svg+xml,%3Csvg%20xmlns%3D%22http%3A%2F%2Fwww.w3.org%2F2000%2Fsvg%22%20width%3D%22400%22%20height%3D%22400%22%20viewBox%3D%220%200%20400%20400%22%3E%3C%2Fsvg%3E\" loading=\"eager\"><\/span><span class=\"fg-image-overlay\"><\/span><\/a><\/figure><div class=\"fg-loader\"><\/div><\/div><div class=\"fg-item fg-type-image fg-idle\"><figure class=\"fg-item-inner\"><a href=\"https:\/\/artsfuneraires.ch\/wp-content\/uploads\/2021\/02\/Monument-Funeraire-Monument-Poli-44.jpg\" data-caption-title=\"Monument Funeraire Monument Poli 44\" data-caption-desc=\"Monument Funeraire Monument Poli 44\" data-attachment-id=\"1185\" data-type=\"image\" class=\"fg-thumb\"><span class=\"fg-image-wrap\"><img decoding=\"async\" alt=\"Grabmal Politisches Denkmal 44\" title=\"Grabmal Politisches Denkmal 44\" width=\"400\" height=\"400\" class=\"skip-lazy fg-image\" data-src-fg=\"https:\/\/artsfuneraires.ch\/wp-content\/uploads\/cache\/2021\/02\/Monument-Funeraire-Monument-Poli-44\/2863512705.jpg\" src=\"data:image\/svg+xml,%3Csvg%20xmlns%3D%22http%3A%2F%2Fwww.w3.org%2F2000%2Fsvg%22%20width%3D%22400%22%20height%3D%22400%22%20viewBox%3D%220%200%20400%20400%22%3E%3C%2Fsvg%3E\" loading=\"eager\"><\/span><span class=\"fg-image-overlay\"><\/span><\/a><\/figure><div class=\"fg-loader\"><\/div><\/div><div class=\"fg-item fg-type-image fg-idle\"><figure class=\"fg-item-inner\"><a href=\"https:\/\/artsfuneraires.ch\/wp-content\/uploads\/2021\/02\/Monument-Funeraire-Monument-Poli-45.jpg\" data-caption-title=\"Monument Funeraire Monument Poli 45\" data-caption-desc=\"Monument Funeraire Monument Poli 45\" data-attachment-id=\"1186\" data-type=\"image\" class=\"fg-thumb\"><span class=\"fg-image-wrap\"><img decoding=\"async\" alt=\"Grabmal Politisches Denkmal 45\" title=\"Grabmal Politisches Denkmal 45\" width=\"400\" height=\"400\" class=\"skip-lazy fg-image\" data-src-fg=\"https:\/\/artsfuneraires.ch\/wp-content\/uploads\/cache\/2021\/02\/Monument-Funeraire-Monument-Poli-45\/400443738.jpg\" src=\"data:image\/svg+xml,%3Csvg%20xmlns%3D%22http%3A%2F%2Fwww.w3.org%2F2000%2Fsvg%22%20width%3D%22400%22%20height%3D%22400%22%20viewBox%3D%220%200%20400%20400%22%3E%3C%2Fsvg%3E\" loading=\"eager\"><\/span><span class=\"fg-image-overlay\"><\/span><\/a><\/figure><div class=\"fg-loader\"><\/div><\/div><div class=\"fg-item fg-type-image fg-idle\"><figure class=\"fg-item-inner\"><a href=\"https:\/\/artsfuneraires.ch\/wp-content\/uploads\/2021\/02\/Monument-Funeraire-Monument-Poli-46.jpg\" data-caption-title=\"Monument Funeraire Monument Poli 46\" data-caption-desc=\"Monument Funeraire Monument Poli 46\" data-attachment-id=\"1187\" data-type=\"image\" class=\"fg-thumb\"><span class=\"fg-image-wrap\"><img decoding=\"async\" alt=\"Trauermonument Politisches Monument 46\" title=\"Trauermonument Politisches Monument 46\" width=\"400\" height=\"400\" class=\"skip-lazy fg-image\" data-src-fg=\"https:\/\/artsfuneraires.ch\/wp-content\/uploads\/cache\/2021\/02\/Monument-Funeraire-Monument-Poli-46\/3055149690.jpg\" src=\"data:image\/svg+xml,%3Csvg%20xmlns%3D%22http%3A%2F%2Fwww.w3.org%2F2000%2Fsvg%22%20width%3D%22400%22%20height%3D%22400%22%20viewBox%3D%220%200%20400%20400%22%3E%3C%2Fsvg%3E\" loading=\"eager\"><\/span><span class=\"fg-image-overlay\"><\/span><\/a><\/figure><div class=\"fg-loader\"><\/div><\/div><div class=\"fg-item fg-type-image fg-idle\"><figure class=\"fg-item-inner\"><a href=\"https:\/\/artsfuneraires.ch\/wp-content\/uploads\/2021\/02\/Monument-Funeraire-Monument-Poli-47.jpg\" data-caption-title=\"Monument Funeraire Monument Poli 47\" data-caption-desc=\"Monument Funeraire Monument Poli 47\" data-attachment-id=\"1188\" data-type=\"image\" class=\"fg-thumb\"><span class=\"fg-image-wrap\"><img decoding=\"async\" alt=\"Grabmal Politisches Denkmal 47\" title=\"Grabmal Politisches Denkmal 47\" width=\"400\" height=\"400\" class=\"skip-lazy fg-image\" data-src-fg=\"https:\/\/artsfuneraires.ch\/wp-content\/uploads\/cache\/2021\/02\/Monument-Funeraire-Monument-Poli-47\/394052852.jpg\" src=\"data:image\/svg+xml,%3Csvg%20xmlns%3D%22http%3A%2F%2Fwww.w3.org%2F2000%2Fsvg%22%20width%3D%22400%22%20height%3D%22400%22%20viewBox%3D%220%200%20400%20400%22%3E%3C%2Fsvg%3E\" loading=\"eager\"><\/span><span class=\"fg-image-overlay\"><\/span><\/a><\/figure><div class=\"fg-loader\"><\/div><\/div><div class=\"fg-item fg-type-image fg-idle\"><figure class=\"fg-item-inner\"><a href=\"https:\/\/artsfuneraires.ch\/wp-content\/uploads\/2021\/02\/Monument-Funeraire-Monument-Poli-48.jpg\" data-caption-title=\"Monument Funeraire Monument Poli 48\" data-caption-desc=\"Monument Funeraire Monument Poli 48\" data-attachment-id=\"1189\" data-type=\"image\" class=\"fg-thumb\"><span class=\"fg-image-wrap\"><img decoding=\"async\" alt=\"Grabdenkmal Politisches Denkmal 48\" title=\"Grabdenkmal Politisches Denkmal 48\" width=\"400\" height=\"400\" class=\"skip-lazy fg-image\" data-src-fg=\"https:\/\/artsfuneraires.ch\/wp-content\/uploads\/cache\/2021\/02\/Monument-Funeraire-Monument-Poli-48\/3776215707.jpg\" src=\"data:image\/svg+xml,%3Csvg%20xmlns%3D%22http%3A%2F%2Fwww.w3.org%2F2000%2Fsvg%22%20width%3D%22400%22%20height%3D%22400%22%20viewBox%3D%220%200%20400%20400%22%3E%3C%2Fsvg%3E\" loading=\"eager\"><\/span><span class=\"fg-image-overlay\"><\/span><\/a><\/figure><div class=\"fg-loader\"><\/div><\/div><\/div>\n<\/p>","protected":false},"author":1,"featured_media":0,"parent":732,"menu_order":32,"comment_status":"closed","ping_status":"closed","template":"","meta":{"_et_pb_use_builder":"on","_et_pb_old_content":"<!-- wp:divi\/placeholder \/-->","_et_gb_content_width":"","footnotes":""},"class_list":["post-737","page","type-page","status-publish","hentry"],"yoast_head":"<!-- This site is optimized with the Yoast SEO plugin v27.5 - https:\/\/yoast.com\/product\/yoast-seo-wordpress\/ -->\n<title>Votre sp\u00e9cialiste en monuments fun\u00e9raires pour toute la Suisse romande depuis plus de 30 ans -<\/title>\n<meta name=\"description\" content=\"Que vous ayez besoin d&#039;un monument en granit personnalis\u00e9 et\/ou personnalisable \u00e0 souhaits, d&#039;une pierre tombale en granit brut ou poli ou d&#039;une marbrerie nous avons la solution au meilleur prixGrand choix de monuments fun\u00e9raires \/ pierres tombales, pour urne, pour b\u00e9b\u00e9, pour enfant, simple ou double \u2013 orthodoxe, musulmane, juive, isra\u00e9lite, islamique, zen \u2013 design, moderne, original, personnalisable \u2013 Valais, Vaud, Gen\u00e8ve, Fribourg\" \/>\n<meta name=\"robots\" content=\"index, follow, max-snippet:-1, max-image-preview:large, max-video-preview:-1\" \/>\n<link rel=\"canonical\" href=\"https:\/\/artsfuneraires.ch\/de\/grabdenkmaler\/polisdenkmaler\/\" \/>\n<meta property=\"og:locale\" content=\"de_DE\" \/>\n<meta property=\"og:type\" content=\"article\" \/>\n<meta property=\"og:title\" content=\"Votre sp\u00e9cialiste en monuments fun\u00e9raires pour toute la Suisse romande depuis plus de 30 ans -\" \/>\n<meta property=\"og:description\" content=\"Que vous ayez besoin d&#039;un monument en granit personnalis\u00e9 et\/ou personnalisable \u00e0 souhaits, d&#039;une pierre tombale en granit brut ou poli ou d&#039;une marbrerie nous avons la solution au meilleur prixGrand choix de monuments fun\u00e9raires \/ pierres tombales, pour urne, pour b\u00e9b\u00e9, pour enfant, simple ou double \u2013 orthodoxe, musulmane, juive, isra\u00e9lite, islamique, zen \u2013 design, moderne, original, personnalisable \u2013 Valais, Vaud, Gen\u00e8ve, Fribourg\" \/>\n<meta property=\"og:url\" content=\"https:\/\/artsfuneraires.ch\/de\/grabdenkmaler\/polisdenkmaler\/\" \/>\n<meta property=\"og:site_name\" content=\"Aux Arts Fun\u00e9raires - vos monuments fun\u00e9raires\" \/>\n<meta property=\"article:modified_time\" content=\"2022-02-11T10:54:30+00:00\" \/>\n<meta name=\"twitter:card\" content=\"summary_large_image\" \/>\n<meta name=\"twitter:label1\" content=\"Gesch\u00e4tzte Lesezeit\" \/>\n\t<meta name=\"twitter:data1\" content=\"2\u00a0Minuten\" \/>\n<script type=\"application\/ld+json\" class=\"yoast-schema-graph\">{\"@context\":\"https:\\\/\\\/schema.org\",\"@graph\":[{\"@type\":\"WebPage\",\"@id\":\"https:\\\/\\\/artsfuneraires.ch\\\/monuments-funeraires\\\/monuments-polis\\\/\",\"url\":\"https:\\\/\\\/artsfuneraires.ch\\\/monuments-funeraires\\\/monuments-polis\\\/\",\"name\":\"Votre sp\u00e9cialiste en monuments fun\u00e9raires pour toute la Suisse romande depuis plus de 30 ans -\",\"isPartOf\":{\"@id\":\"https:\\\/\\\/artsfuneraires.ch\\\/#website\"},\"datePublished\":\"2021-02-06T12:43:20+00:00\",\"dateModified\":\"2022-02-11T10:54:30+00:00\",\"description\":\"Que vous ayez besoin d'un monument en granit personnalis\u00e9 et\\\/ou personnalisable \u00e0 souhaits, d'une pierre tombale en granit brut ou poli ou d'une marbrerie nous avons la solution au meilleur prixGrand choix de monuments fun\u00e9raires \\\/ pierres tombales, pour urne, pour b\u00e9b\u00e9, pour enfant, simple ou double \u2013 orthodoxe, musulmane, juive, isra\u00e9lite, islamique, zen \u2013 design, moderne, original, personnalisable \u2013 Valais, Vaud, Gen\u00e8ve, Fribourg\",\"breadcrumb\":{\"@id\":\"https:\\\/\\\/artsfuneraires.ch\\\/monuments-funeraires\\\/monuments-polis\\\/#breadcrumb\"},\"inLanguage\":\"de\",\"potentialAction\":[{\"@type\":\"ReadAction\",\"target\":[\"https:\\\/\\\/artsfuneraires.ch\\\/monuments-funeraires\\\/monuments-polis\\\/\"]}]},{\"@type\":\"BreadcrumbList\",\"@id\":\"https:\\\/\\\/artsfuneraires.ch\\\/monuments-funeraires\\\/monuments-polis\\\/#breadcrumb\",\"itemListElement\":[{\"@type\":\"ListItem\",\"position\":1,\"name\":\"Accueil\",\"item\":\"https:\\\/\\\/artsfuneraires.ch\\\/\"},{\"@type\":\"ListItem\",\"position\":2,\"name\":\"Monuments fun\u00e9raires\",\"item\":\"https:\\\/\\\/artsfuneraires.ch\\\/pt\\\/monumentos-funeraires\\\/\"},{\"@type\":\"ListItem\",\"position\":3,\"name\":\"monuments polis\"}]},{\"@type\":\"WebSite\",\"@id\":\"https:\\\/\\\/artsfuneraires.ch\\\/#website\",\"url\":\"https:\\\/\\\/artsfuneraires.ch\\\/\",\"name\":\"Aux Arts Fun\u00e9raires - vos monuments fun\u00e9raires\",\"description\":\"Votre sp\u00e9cialiste en monuments fun\u00e9raires pour toute la Suisse romande\",\"publisher\":{\"@id\":\"https:\\\/\\\/artsfuneraires.ch\\\/#organization\"},\"potentialAction\":[{\"@type\":\"SearchAction\",\"target\":{\"@type\":\"EntryPoint\",\"urlTemplate\":\"https:\\\/\\\/artsfuneraires.ch\\\/?s={search_term_string}\"},\"query-input\":{\"@type\":\"PropertyValueSpecification\",\"valueRequired\":true,\"valueName\":\"search_term_string\"}}],\"inLanguage\":\"de\"},{\"@type\":\"Organization\",\"@id\":\"https:\\\/\\\/artsfuneraires.ch\\\/#organization\",\"name\":\"Aux Arts Fun\u00e9raires\",\"url\":\"https:\\\/\\\/artsfuneraires.ch\\\/\",\"logo\":{\"@type\":\"ImageObject\",\"inLanguage\":\"de\",\"@id\":\"https:\\\/\\\/artsfuneraires.ch\\\/#\\\/schema\\\/logo\\\/image\\\/\",\"url\":\"https:\\\/\\\/www.artsfuneraires.ch\\\/wp-content\\\/uploads\\\/2021\\\/02\\\/baseLogoAF.png\",\"contentUrl\":\"https:\\\/\\\/www.artsfuneraires.ch\\\/wp-content\\\/uploads\\\/2021\\\/02\\\/baseLogoAF.png\",\"width\":469,\"height\":110,\"caption\":\"Aux Arts Fun\u00e9raires\"},\"image\":{\"@id\":\"https:\\\/\\\/artsfuneraires.ch\\\/#\\\/schema\\\/logo\\\/image\\\/\"}}]}<\/script>\n<!-- \/ Yoast SEO plugin. -->","yoast_head_json":{"title":"Ihr Spezialist f\u00fcr Grabdenkm\u00e4ler f\u00fcr die ganze Westschweiz seit \u00fcber 30 Jahren - -.","description":"Ob Sie ein pers\u00f6nliches und\/oder nach Ihren W\u00fcnschen gestaltbares Granitdenkmal, einen Grabstein aus unbehandeltem oder poliertem Granit oder eine Marmorierung ben\u00f6tigen - wir haben die L\u00f6sung zum besten PreisGro\u00dfe Auswahl an Grabdenkm\u00e4lern \/ Grabsteinen, f\u00fcr Urne, f\u00fcr Baby, f\u00fcr Kind, einfach oder doppelt - orthodox, muslimisch, j\u00fcdisch, israelitisch, islamisch, Zen - Design, modern, originell, gestaltbar - Wallis, Waadt, Genf, Freiburg","robots":{"index":"index","follow":"follow","max-snippet":"max-snippet:-1","max-image-preview":"max-image-preview:large","max-video-preview":"max-video-preview:-1"},"canonical":"https:\/\/artsfuneraires.ch\/de\/grabdenkmaler\/polisdenkmaler\/","og_locale":"de_DE","og_type":"article","og_title":"Votre sp\u00e9cialiste en monuments fun\u00e9raires pour toute la Suisse romande depuis plus de 30 ans -","og_description":"Que vous ayez besoin d'un monument en granit personnalis\u00e9 et\/ou personnalisable \u00e0 souhaits, d'une pierre tombale en granit brut ou poli ou d'une marbrerie nous avons la solution au meilleur prixGrand choix de monuments fun\u00e9raires \/ pierres tombales, pour urne, pour b\u00e9b\u00e9, pour enfant, simple ou double \u2013 orthodoxe, musulmane, juive, isra\u00e9lite, islamique, zen \u2013 design, moderne, original, personnalisable \u2013 Valais, Vaud, Gen\u00e8ve, Fribourg","og_url":"https:\/\/artsfuneraires.ch\/de\/grabdenkmaler\/polisdenkmaler\/","og_site_name":"Aux Arts Fun\u00e9raires - vos monuments fun\u00e9raires","article_modified_time":"2022-02-11T10:54:30+00:00","twitter_card":"summary_large_image","twitter_misc":{"Gesch\u00e4tzte Lesezeit":"2\u00a0Minuten"},"schema":{"@context":"https:\/\/schema.org","@graph":[{"@type":"WebPage","@id":"https:\/\/artsfuneraires.ch\/monuments-funeraires\/monuments-polis\/","url":"https:\/\/artsfuneraires.ch\/monuments-funeraires\/monuments-polis\/","name":"Ihr Spezialist f\u00fcr Grabdenkm\u00e4ler f\u00fcr die ganze Westschweiz seit \u00fcber 30 Jahren - -.","isPartOf":{"@id":"https:\/\/artsfuneraires.ch\/#website"},"datePublished":"2021-02-06T12:43:20+00:00","dateModified":"2022-02-11T10:54:30+00:00","description":"Ob Sie ein pers\u00f6nliches und\/oder nach Ihren W\u00fcnschen gestaltbares Granitdenkmal, einen Grabstein aus unbehandeltem oder poliertem Granit oder eine Marmorierung ben\u00f6tigen - wir haben die L\u00f6sung zum besten PreisGro\u00dfe Auswahl an Grabdenkm\u00e4lern \/ Grabsteinen, f\u00fcr Urne, f\u00fcr Baby, f\u00fcr Kind, einfach oder doppelt - orthodox, muslimisch, j\u00fcdisch, israelitisch, islamisch, Zen - Design, modern, originell, gestaltbar - Wallis, Waadt, Genf, Freiburg","breadcrumb":{"@id":"https:\/\/artsfuneraires.ch\/monuments-funeraires\/monuments-polis\/#breadcrumb"},"inLanguage":"de","potentialAction":[{"@type":"ReadAction","target":["https:\/\/artsfuneraires.ch\/monuments-funeraires\/monuments-polis\/"]}]},{"@type":"BreadcrumbList","@id":"https:\/\/artsfuneraires.ch\/monuments-funeraires\/monuments-polis\/#breadcrumb","itemListElement":[{"@type":"ListItem","position":1,"name":"Accueil","item":"https:\/\/artsfuneraires.ch\/"},{"@type":"ListItem","position":2,"name":"Monuments fun\u00e9raires","item":"https:\/\/artsfuneraires.ch\/pt\/monumentos-funeraires\/"},{"@type":"ListItem","position":3,"name":"monuments polis"}]},{"@type":"WebSite","@id":"https:\/\/artsfuneraires.ch\/#website","url":"https:\/\/artsfuneraires.ch\/","name":"Aux Arts Fun\u00e9raires - Ihre Grabdenkm\u00e4ler","description":"Ihr Spezialist f\u00fcr Grabdenkm\u00e4ler f\u00fcr die gesamte Westschweiz","publisher":{"@id":"https:\/\/artsfuneraires.ch\/#organization"},"potentialAction":[{"@type":"SearchAction","target":{"@type":"EntryPoint","urlTemplate":"https:\/\/artsfuneraires.ch\/?s={search_term_string}"},"query-input":{"@type":"PropertyValueSpecification","valueRequired":true,"valueName":"search_term_string"}}],"inLanguage":"de"},{"@type":"Organization","@id":"https:\/\/artsfuneraires.ch\/#organization","name":"Aux Arts Fun\u00e9raires","url":"https:\/\/artsfuneraires.ch\/","logo":{"@type":"ImageObject","inLanguage":"de","@id":"https:\/\/artsfuneraires.ch\/#\/schema\/logo\/image\/","url":"https:\/\/www.artsfuneraires.ch\/wp-content\/uploads\/2021\/02\/baseLogoAF.png","contentUrl":"https:\/\/www.artsfuneraires.ch\/wp-content\/uploads\/2021\/02\/baseLogoAF.png","width":469,"height":110,"caption":"Aux Arts Fun\u00e9raires"},"image":{"@id":"https:\/\/artsfuneraires.ch\/#\/schema\/logo\/image\/"}}]}},"_links":{"self":[{"href":"https:\/\/artsfuneraires.ch\/de\/wp-json\/wp\/v2\/pages\/737","targetHints":{"allow":["GET"]}}],"collection":[{"href":"https:\/\/artsfuneraires.ch\/de\/wp-json\/wp\/v2\/pages"}],"about":[{"href":"https:\/\/artsfuneraires.ch\/de\/wp-json\/wp\/v2\/types\/page"}],"author":[{"embeddable":true,"href":"https:\/\/artsfuneraires.ch\/de\/wp-json\/wp\/v2\/users\/1"}],"replies":[{"embeddable":true,"href":"https:\/\/artsfuneraires.ch\/de\/wp-json\/wp\/v2\/comments?post=737"}],"version-history":[{"count":12,"href":"https:\/\/artsfuneraires.ch\/de\/wp-json\/wp\/v2\/pages\/737\/revisions"}],"predecessor-version":[{"id":2782,"href":"https:\/\/artsfuneraires.ch\/de\/wp-json\/wp\/v2\/pages\/737\/revisions\/2782"}],"up":[{"embeddable":true,"href":"https:\/\/artsfuneraires.ch\/de\/wp-json\/wp\/v2\/pages\/732"}],"wp:attachment":[{"href":"https:\/\/artsfuneraires.ch\/de\/wp-json\/wp\/v2\/media?parent=737"}],"curies":[{"name":"wp","href":"https:\/\/api.w.org\/{rel}","templated":true}]}}