{"id":747,"date":"2021-02-06T13:47:14","date_gmt":"2021-02-06T12:47:14","guid":{"rendered":"https:\/\/af.maxi-trampoline.com\/?page_id=747"},"modified":"2022-04-10T09:57:16","modified_gmt":"2022-04-10T07:57:16","slug":"wartung-und-renovierung-von-grabdenkmalern","status":"publish","type":"page","link":"https:\/\/artsfuneraires.ch\/de\/entretien-et-renovation-de-monuments-funeraires\/","title":{"rendered":"Instandhaltung und Renovierung von Grabdenkm\u00e4lern"},"content":{"rendered":"<p>[et_pb_section fb_built=\u00a0\u00bb1&Prime; _builder_version=\u00a0\u00bb4.16&Prime; _module_preset=\u00a0\u00bbdefault\u00a0\u00bb background_image=\u00a0\u00bbhttps:\/\/www.artsfuneraires.ch\/wp-content\/uploads\/2021\/06\/marble-1779178_1920.jpg\u00a0\u00bb parallax=\u00a0\u00bbon\u00a0\u00bb parallax_method=\u00a0\u00bboff\u00a0\u00bb custom_padding=\u00a0\u00bb||0px|||\u00a0\u00bb locked=\u00a0\u00bboff\u00a0\u00bb global_colors_info=\u00a0\u00bb{}\u00a0\u00bb][et_pb_row column_structure=\u00a0\u00bb3_4,1_4&Prime; _builder_version=\u00a0\u00bb4.16&Prime; _module_preset=\u00a0\u00bbdefault\u00a0\u00bb background_color=\u00a0\u00bbrgba(0,39,37,0.9)\u00a0\u00bb width=\u00a0\u00bb100%\u00a0\u00bb max_width=\u00a0\u00bb2560px\u00a0\u00bb custom_margin=\u00a0\u00bb417px|auto|0px|auto|false|false\u00a0\u00bb custom_margin_tablet=\u00a0\u00bb0px||||false|false\u00a0\u00bb custom_margin_phone=\u00a0\u00bb0px|auto|0px|auto|false|false\u00a0\u00bb custom_margin_last_edited=\u00a0\u00bbon|tablet\u00a0\u00bb custom_padding=\u00a0\u00bb0px||0px||false|false\u00a0\u00bb locked=\u00a0\u00bboff\u00a0\u00bb global_colors_info=\u00a0\u00bb{}\u00a0\u00bb][et_pb_column type=\u00a0\u00bb3_4&Prime; _builder_version=\u00a0\u00bb4.16&Prime; _module_preset=\u00a0\u00bbdefault\u00a0\u00bb global_colors_info=\u00a0\u00bb{}\u00a0\u00bb][et_pb_text _builder_version=\u00a0\u00bb4.16&Prime; _module_preset=\u00a0\u00bbdefault\u00a0\u00bb text_font=\u00a0\u00bbOpen Sans||||||||\u00a0\u00bb text_text_color=\u00a0\u00bb#E09900&Prime; text_font_size=\u00a0\u00bb22px\u00a0\u00bb text_line_height=\u00a0\u00bb2em\u00a0\u00bb header_text_color=\u00a0\u00bb#000000&Prime; header_2_font=\u00a0\u00bbOpen Sans||||||||\u00a0\u00bb header_2_text_color=\u00a0\u00bb#FFFFFF\u00a0\u00bb header_2_font_size=\u00a0\u00bb55px\u00a0\u00bb header_2_line_height=\u00a0\u00bb1.5em\u00a0\u00bb header_3_font=\u00a0\u00bbOpen Sans||||||||\u00a0\u00bb header_3_text_color=\u00a0\u00bb#FFFFFF\u00a0\u00bb header_3_line_height=\u00a0\u00bb1.4em\u00a0\u00bb header_6_font=\u00a0\u00bbOpen Sans||||||||\u00a0\u00bb header_6_text_color=\u00a0\u00bb#e09900&Prime; header_6_font_size=\u00a0\u00bb40px\u00a0\u00bb custom_margin_tablet=\u00a0\u00bb\u00a0\u00bb custom_margin_phone=\u00a0\u00bb50px||-50px||false|false\u00a0\u00bb custom_margin_last_edited=\u00a0\u00bbon|phone\u00a0\u00bb custom_padding=\u00a0\u00bb20px|30px|20px|320px|true|false\u00a0\u00bb custom_padding_tablet=\u00a0\u00bb|20px||20px|false|true\u00a0\u00bb custom_padding_phone=\u00a0\u00bb0px|20px||20px|false|false\u00a0\u00bb custom_padding_last_edited=\u00a0\u00bbon|tablet\u00a0\u00bb text_font_size_tablet=\u00a0\u00bb\u00a0\u00bb text_font_size_phone=\u00a0\u00bb16px\u00a0\u00bb text_font_size_last_edited=\u00a0\u00bbon|phone\u00a0\u00bb header_2_font_size_tablet=\u00a0\u00bb\u00a0\u00bb header_2_font_size_phone=\u00a0\u00bb35px\u00a0\u00bb header_2_font_size_last_edited=\u00a0\u00bbon|phone\u00a0\u00bb global_colors_info=\u00a0\u00bb{}\u00a0\u00bb]<\/p>\n<h2>Entretien et R\u00e9fection<\/h2>\n<h6>Aux Arts Fun\u00e9raires<\/h6>\n<p><small>GEN\u00c8VE &#8211; VAUD &#8211; VALAIS<small>\u00a0<\/small>\u2013 FRIBOURG \u2013 NEUCH\u00c2TEL<\/small><\/p>\n<h3 class=\"fs-40 fw-300\"><\/h3>\n<h3 class=\"fs-40 fw-300\"><span>Votre sp\u00e9cialiste en monuments fun\u00e9raires pour toute la Suisse<\/span><\/h3>\n<p>[\/et_pb_text][\/et_pb_column][et_pb_column type=\u00a0\u00bb1_4&Prime; _builder_version=\u00a0\u00bb4.16&Prime; _module_preset=\u00a0\u00bbdefault\u00a0\u00bb background_enable_color=\u00a0\u00bboff\u00a0\u00bb global_colors_info=\u00a0\u00bb{}\u00a0\u00bb][\/et_pb_column][\/et_pb_row][\/et_pb_section][et_pb_section fb_built=\u00a0\u00bb1&Prime; _builder_version=\u00a0\u00bb4.16&Prime; _module_preset=\u00a0\u00bbdefault\u00a0\u00bb custom_padding=\u00a0\u00bb11px||0px|||\u00a0\u00bb top_divider_style=\u00a0\u00bbslant2&Prime; top_divider_color=\u00a0\u00bb#005450&Prime; top_divider_flip=\u00a0\u00bbhorizontal\u00a0\u00bb global_colors_info=\u00a0\u00bb{}\u00a0\u00bb][et_pb_row _builder_version=\u00a0\u00bb4.16&Prime; _module_preset=\u00a0\u00bbdefault\u00a0\u00bb custom_padding=\u00a0\u00bb109px|||||\u00a0\u00bb global_colors_info=\u00a0\u00bb{}\u00a0\u00bb][et_pb_column type=\u00a0\u00bb4_4&Prime; _builder_version=\u00a0\u00bb4.16&Prime; _module_preset=\u00a0\u00bbdefault\u00a0\u00bb global_colors_info=\u00a0\u00bb{}\u00a0\u00bb][et_pb_text _builder_version=\u00a0\u00bb4.16&Prime; _module_preset=\u00a0\u00bbdefault\u00a0\u00bb text_font=\u00a0\u00bb|300|||||||\u00a0\u00bb text_text_color=\u00a0\u00bb#000000&Prime; text_font_size=\u00a0\u00bb20px\u00a0\u00bb text_line_height=\u00a0\u00bb1.8em\u00a0\u00bb header_2_font=\u00a0\u00bbPoppins|700|||||||\u00a0\u00bb header_2_font_size=\u00a0\u00bb30px\u00a0\u00bb header_2_line_height=\u00a0\u00bb1.1em\u00a0\u00bb header_3_text_align=\u00a0\u00bbjustify\u00a0\u00bb header_3_font_size=\u00a0\u00bb26px\u00a0\u00bb header_3_line_height=\u00a0\u00bb1.5em\u00a0\u00bb text_orientation=\u00a0\u00bbjustified\u00a0\u00bb width=\u00a0\u00bb80%\u00a0\u00bb width_tablet=\u00a0\u00bb\u00a0\u00bb width_phone=\u00a0\u00bb\u00a0\u00bb width_last_edited=\u00a0\u00bbon|desktop\u00a0\u00bb module_alignment=\u00a0\u00bbcenter\u00a0\u00bb global_colors_info=\u00a0\u00bb{}\u00a0\u00bb]<\/p>\n<h2>Nos prestations de r\u00e9novation<\/h2>\n<h6><span style=\"color: #000000;\"><\/span><\/h6>\n<p><span style=\"color: #000000;\"><\/span><\/p>\n<p>[\/et_pb_text][et_pb_text _builder_version=\u00a0\u00bb4.16&Prime; _module_preset=\u00a0\u00bbdefault\u00a0\u00bb text_font=\u00a0\u00bb|300|||||||\u00a0\u00bb text_font_size=\u00a0\u00bb18px\u00a0\u00bb text_line_height=\u00a0\u00bb1.6em\u00a0\u00bb width=\u00a0\u00bb80%\u00a0\u00bb module_alignment=\u00a0\u00bbcenter\u00a0\u00bb global_colors_info=\u00a0\u00bb{}\u00a0\u00bb]<\/p>\n<h2 class=\"subtitle\">NETTOYAGE ET ENTRETIEN<\/h2>\n<p>Au fil des ann\u00e9es, une usure normale, un d\u00e9fra\u00eechissement, voir un affaissement pourrait appara\u00eetre sur la dalle, l&rsquo;entourage, la st\u00e8le, et n\u00e9cessiter un entretien en profondeur.<\/p>\n<p>A cette fin, notre \u00e9quipe de marbriers mettra tout son savoir-faire \u00e0 votre service pour le nettoyage, la r\u00e9novation et la remise en \u00e9tat du monument, ainsi que de ses inscriptions, en passant par des travaux de ma\u00e7onnerie, de d\u00e9capage, de rechampissage des gravures (dorure ou peinture des lettres), etc.<br \/> Concr\u00e8tement,\u00a0nous restaurons les gravures, voir\u00a0rempla\u00e7ons les lettres de bronze illisibles ou ayant disparues, et r\u00e9alisons toutes les autres actions n\u00e9cessaires au nettoyage et \u00e0 l&rsquo;entretien.<\/p>\n<p class=\"bodytext\">Le nettoyage d\u2019un monument fun\u00e9raire permet de\u00a0retrouver l\u2019aspect d\u2019origine de votre s\u00e9pulture et de perp\u00e9tuer le souvenir de votre cher(e) d\u00e9funt(e) comme au premier jour, en retrouvant\u00a0<strong>un monument<\/strong> <strong>comme neuf.<\/strong><\/p>\n<p>[\/et_pb_text][\/et_pb_column][\/et_pb_row][et_pb_row column_structure=\u00a0\u00bb1_2,1_2&Prime; use_custom_gutter=\u00a0\u00bbon\u00a0\u00bb gutter_width=\u00a0\u00bb1&Prime; _builder_version=\u00a0\u00bb4.16&Prime; _module_preset=\u00a0\u00bbdefault\u00a0\u00bb global_colors_info=\u00a0\u00bb{}\u00a0\u00bb][et_pb_column type=\u00a0\u00bb1_2&Prime; _builder_version=\u00a0\u00bb4.16&Prime; _module_preset=\u00a0\u00bbdefault\u00a0\u00bb global_colors_info=\u00a0\u00bb{}\u00a0\u00bb][baie_before_after_image src_before=\u00a0\u00bbhttp:\/\/www.artsfuneraires.ch\/wp-content\/uploads\/2022\/04\/0410av-rotated.jpg\u00a0\u00bb label_before=\u00a0\u00bbAvant\u00a0\u00bb src_after=\u00a0\u00bbhttp:\/\/www.artsfuneraires.ch\/wp-content\/uploads\/2022\/04\/0410ap.jpg\u00a0\u00bb label_after=\u00a0\u00bbApr\u00e8s\u00a0\u00bb title_text=\u00a0\u00bb0410ap\u00a0\u00bb align=\u00a0\u00bbcenter\u00a0\u00bb _builder_version=\u00a0\u00bb4.17.0&Prime; _module_preset=\u00a0\u00bbdefault\u00a0\u00bb custom_margin=\u00a0\u00bb20px||||false|false\u00a0\u00bb hover_enabled=\u00a0\u00bb0&Prime; box_shadow_style=\u00a0\u00bbpreset1&Prime; global_colors_info=\u00a0\u00bb{}\u00a0\u00bb sticky_enabled=\u00a0\u00bb0&Prime;][\/baie_before_after_image][baie_before_after_image src_before=\u00a0\u00bbhttps:\/\/www.artsfuneraires.ch\/wp-content\/uploads\/2022\/03\/AV313-3.png\u00a0\u00bb label_before=\u00a0\u00bbAvant\u00a0\u00bb src_after=\u00a0\u00bbhttps:\/\/www.artsfuneraires.ch\/wp-content\/uploads\/2022\/03\/AP313-3.png\u00a0\u00bb label_after=\u00a0\u00bbApr\u00e8s\u00a0\u00bb title_text=\u00a0\u00bbAP313-3&Prime; align=\u00a0\u00bbcenter\u00a0\u00bb _builder_version=\u00a0\u00bb4.16&Prime; _module_preset=\u00a0\u00bbdefault\u00a0\u00bb custom_margin=\u00a0\u00bb20px||||false|false\u00a0\u00bb box_shadow_style=\u00a0\u00bbpreset1&Prime; global_colors_info=\u00a0\u00bb{}\u00a0\u00bb][\/baie_before_after_image][baie_before_after_image src_before=\u00a0\u00bbhttps:\/\/www.artsfuneraires.ch\/wp-content\/uploads\/2021\/05\/full-avant.jpg\u00a0\u00bb label_before=\u00a0\u00bbAvant\u00a0\u00bb src_after=\u00a0\u00bbhttps:\/\/www.artsfuneraires.ch\/wp-content\/uploads\/2021\/05\/full-apres.jpg\u00a0\u00bb label_after=\u00a0\u00bbApr\u00e8s\u00a0\u00bb title_text=\u00a0\u00bbfull-apres\u00a0\u00bb align=\u00a0\u00bbcenter\u00a0\u00bb _builder_version=\u00a0\u00bb4.16&Prime; _module_preset=\u00a0\u00bbdefault\u00a0\u00bb custom_margin=\u00a0\u00bb20px||||false|false\u00a0\u00bb box_shadow_style=\u00a0\u00bbpreset1&Prime; global_colors_info=\u00a0\u00bb{}\u00a0\u00bb][\/baie_before_after_image][baie_before_after_image src_before=\u00a0\u00bbhttps:\/\/www.artsfuneraires.ch\/wp-content\/uploads\/2021\/05\/stelle-avant.jpg\u00a0\u00bb label_before=\u00a0\u00bbAvant\u00a0\u00bb src_after=\u00a0\u00bbhttps:\/\/www.artsfuneraires.ch\/wp-content\/uploads\/2021\/05\/stelle-apres.jpg\u00a0\u00bb label_after=\u00a0\u00bbApr\u00e8s\u00a0\u00bb title_text=\u00a0\u00bbstelle-apres\u00a0\u00bb align=\u00a0\u00bbcenter\u00a0\u00bb _builder_version=\u00a0\u00bb4.16&Prime; _module_preset=\u00a0\u00bbdefault\u00a0\u00bb box_shadow_style=\u00a0\u00bbpreset1&Prime; global_colors_info=\u00a0\u00bb{}\u00a0\u00bb][\/baie_before_after_image][\/et_pb_column][et_pb_column type=\u00a0\u00bb1_2&Prime; _builder_version=\u00a0\u00bb4.16&Prime; _module_preset=\u00a0\u00bbdefault\u00a0\u00bb global_colors_info=\u00a0\u00bb{}\u00a0\u00bb][baie_before_after_image src_before=\u00a0\u00bbhttps:\/\/www.artsfuneraires.ch\/wp-content\/uploads\/2022\/02\/1AV.png\u00a0\u00bb label_before=\u00a0\u00bbAvant\u00a0\u00bb src_after=\u00a0\u00bbhttps:\/\/www.artsfuneraires.ch\/wp-content\/uploads\/2022\/02\/1AP.png\u00a0\u00bb label_after=\u00a0\u00bbApr\u00e8s\u00a0\u00bb title_text=\u00a0\u00bb1AP\u00a0\u00bb align=\u00a0\u00bbcenter\u00a0\u00bb _builder_version=\u00a0\u00bb4.16&Prime; _module_preset=\u00a0\u00bbdefault\u00a0\u00bb box_shadow_style=\u00a0\u00bbpreset1&Prime; global_colors_info=\u00a0\u00bb{}\u00a0\u00bb][\/baie_before_after_image][baie_before_after_image src_before=\u00a0\u00bbhttps:\/\/www.artsfuneraires.ch\/wp-content\/uploads\/2022\/03\/AV313-4.png\u00a0\u00bb label_before=\u00a0\u00bbAvant\u00a0\u00bb src_after=\u00a0\u00bbhttps:\/\/www.artsfuneraires.ch\/wp-content\/uploads\/2022\/03\/AP313-4.png\u00a0\u00bb label_after=\u00a0\u00bbApr\u00e8s\u00a0\u00bb title_text=\u00a0\u00bbAP313-4&Prime; align=\u00a0\u00bbcenter\u00a0\u00bb _builder_version=\u00a0\u00bb4.16&Prime; _module_preset=\u00a0\u00bbdefault\u00a0\u00bb custom_margin=\u00a0\u00bb20px||||false|false\u00a0\u00bb box_shadow_style=\u00a0\u00bbpreset1&Prime; global_colors_info=\u00a0\u00bb{}\u00a0\u00bb][\/baie_before_after_image][baie_before_after_image src_before=\u00a0\u00bbhttps:\/\/www.artsfuneraires.ch\/wp-content\/uploads\/2022\/03\/AV313-2.png\u00a0\u00bb label_before=\u00a0\u00bbAvant\u00a0\u00bb src_after=\u00a0\u00bbhttps:\/\/www.artsfuneraires.ch\/wp-content\/uploads\/2022\/03\/AP313-2.png\u00a0\u00bb label_after=\u00a0\u00bbApr\u00e8s\u00a0\u00bb title_text=\u00a0\u00bbAP313-2&Prime; align=\u00a0\u00bbcenter\u00a0\u00bb _builder_version=\u00a0\u00bb4.16&Prime; _module_preset=\u00a0\u00bbdefault\u00a0\u00bb custom_margin=\u00a0\u00bb20px||||false|false\u00a0\u00bb box_shadow_style=\u00a0\u00bbpreset1&Prime; global_colors_info=\u00a0\u00bb{}\u00a0\u00bb][\/baie_before_after_image][baie_before_after_image src_before=\u00a0\u00bbhttps:\/\/www.artsfuneraires.ch\/wp-content\/uploads\/2022\/03\/AV313-1.png\u00a0\u00bb label_before=\u00a0\u00bbAvant\u00a0\u00bb src_after=\u00a0\u00bbhttps:\/\/www.artsfuneraires.ch\/wp-content\/uploads\/2022\/03\/AP313-1.png\u00a0\u00bb label_after=\u00a0\u00bbApr\u00e8s\u00a0\u00bb title_text=\u00a0\u00bbAP313-1&Prime; align=\u00a0\u00bbcenter\u00a0\u00bb _builder_version=\u00a0\u00bb4.16&Prime; _module_preset=\u00a0\u00bbdefault\u00a0\u00bb custom_margin=\u00a0\u00bb20px||||false|false\u00a0\u00bb box_shadow_style=\u00a0\u00bbpreset1&Prime; global_colors_info=\u00a0\u00bb{}\u00a0\u00bb][\/baie_before_after_image][baie_before_after_image src_before=\u00a0\u00bbhttps:\/\/www.artsfuneraires.ch\/wp-content\/uploads\/2022\/03\/av1903-scaled.jpg\u00a0\u00bb label_before=\u00a0\u00bbAvant\u00a0\u00bb src_after=\u00a0\u00bbhttps:\/\/www.artsfuneraires.ch\/wp-content\/uploads\/2022\/03\/ap1903-scaled.jpg\u00a0\u00bb label_after=\u00a0\u00bbApr\u00e8s\u00a0\u00bb title_text=\u00a0\u00bbap1903&Prime; align=\u00a0\u00bbcenter\u00a0\u00bb _builder_version=\u00a0\u00bb4.16&Prime; _module_preset=\u00a0\u00bbdefault\u00a0\u00bb custom_margin=\u00a0\u00bb20px||||false|false\u00a0\u00bb box_shadow_style=\u00a0\u00bbpreset1&Prime; global_colors_info=\u00a0\u00bb{}\u00a0\u00bb][\/baie_before_after_image][\/et_pb_column][\/et_pb_row][\/et_pb_section][et_pb_section fb_built=\u00a0\u00bb1&Prime; custom_padding_last_edited=\u00a0\u00bbon|desktop\u00a0\u00bb prev_background_color=\u00a0\u00bb#ffffff\u00a0\u00bb _builder_version=\u00a0\u00bb4.16&Prime; _module_preset=\u00a0\u00bbdefault\u00a0\u00bb background_color=\u00a0\u00bbrgba(0,39,37,0.9)\u00a0\u00bb min_height=\u00a0\u00bb10px\u00a0\u00bb height=\u00a0\u00bb10px\u00a0\u00bb max_height=\u00a0\u00bb10px\u00a0\u00bb custom_padding=\u00a0\u00bb50px||||false|false\u00a0\u00bb custom_padding_tablet=\u00a0\u00bb\u00a0\u00bb custom_padding_phone=\u00a0\u00bb\u00a0\u00bb top_divider_style=\u00a0\u00bbslant2&Prime; top_divider_flip=\u00a0\u00bbvertical\u00a0\u00bb global_colors_info=\u00a0\u00bb{}\u00a0\u00bb][\/et_pb_section]<\/p>\n","protected":false},"excerpt":{"rendered":"<p>Entretien et R\u00e9fection Aux Arts Fun\u00e9raires GEN\u00c8VE &#8211; VAUD &#8211; VALAIS\u00a0\u2013 FRIBOURG \u2013 NEUCH\u00c2TEL Votre sp\u00e9cialiste en monuments fun\u00e9raires pour toute la SuisseNos prestations de r\u00e9novation NETTOYAGE ET ENTRETIEN Au fil des ann\u00e9es, une usure normale, un d\u00e9fra\u00eechissement, voir un affaissement pourrait appara\u00eetre sur la dalle, l&rsquo;entourage, la st\u00e8le, et n\u00e9cessiter un entretien en profondeur. [&hellip;]<\/p>\n","protected":false},"author":1,"featured_media":0,"parent":0,"menu_order":37,"comment_status":"closed","ping_status":"closed","template":"","meta":{"_et_pb_use_builder":"on","_et_pb_old_content":"<!-- wp:divi\/placeholder \/-->","_et_gb_content_width":"","footnotes":""},"class_list":["post-747","page","type-page","status-publish","hentry"],"yoast_head":"<!-- This site is optimized with the Yoast SEO plugin v27.5 - https:\/\/yoast.com\/product\/yoast-seo-wordpress\/ -->\n<title>Votre sp\u00e9cialiste en monuments fun\u00e9raires pour toute la Suisse romande depuis plus de 30 ans -<\/title>\n<meta name=\"description\" content=\"Que vous ayez besoin d&#039;un monument en granit personnalis\u00e9 et\/ou personnalisable \u00e0 souhaits, d&#039;une pierre tombale en granit brut ou poli ou d&#039;une marbrerie nous avons la solution au meilleur prixGrand choix de monuments fun\u00e9raires \/ pierres tombales, pour urne, pour b\u00e9b\u00e9, pour enfant, simple ou double \u2013 orthodoxe, musulmane, juive, isra\u00e9lite, islamique, zen \u2013 design, moderne, original, personnalisable \u2013 Valais, Vaud, Gen\u00e8ve, Fribourg\" \/>\n<meta name=\"robots\" content=\"index, follow, max-snippet:-1, max-image-preview:large, max-video-preview:-1\" \/>\n<link rel=\"canonical\" href=\"https:\/\/artsfuneraires.ch\/de\/wartung-und-renovierung-von-grabdenkmalern\/\" \/>\n<meta property=\"og:locale\" content=\"de_DE\" \/>\n<meta property=\"og:type\" content=\"article\" \/>\n<meta property=\"og:title\" content=\"Votre sp\u00e9cialiste en monuments fun\u00e9raires pour toute la Suisse romande depuis plus de 30 ans -\" \/>\n<meta property=\"og:description\" content=\"Que vous ayez besoin d&#039;un monument en granit personnalis\u00e9 et\/ou personnalisable \u00e0 souhaits, d&#039;une pierre tombale en granit brut ou poli ou d&#039;une marbrerie nous avons la solution au meilleur prixGrand choix de monuments fun\u00e9raires \/ pierres tombales, pour urne, pour b\u00e9b\u00e9, pour enfant, simple ou double \u2013 orthodoxe, musulmane, juive, isra\u00e9lite, islamique, zen \u2013 design, moderne, original, personnalisable \u2013 Valais, Vaud, Gen\u00e8ve, Fribourg\" \/>\n<meta property=\"og:url\" content=\"https:\/\/artsfuneraires.ch\/de\/wartung-und-renovierung-von-grabdenkmalern\/\" \/>\n<meta property=\"og:site_name\" content=\"Aux Arts Fun\u00e9raires - vos monuments fun\u00e9raires\" \/>\n<meta property=\"article:modified_time\" content=\"2022-04-10T07:57:16+00:00\" \/>\n<meta name=\"twitter:card\" content=\"summary_large_image\" \/>\n<meta name=\"twitter:label1\" content=\"Gesch\u00e4tzte Lesezeit\" \/>\n\t<meta name=\"twitter:data1\" content=\"6\u00a0Minuten\" \/>\n<script type=\"application\/ld+json\" class=\"yoast-schema-graph\">{\"@context\":\"https:\\\/\\\/schema.org\",\"@graph\":[{\"@type\":\"WebPage\",\"@id\":\"https:\\\/\\\/artsfuneraires.ch\\\/entretien-et-renovation-de-monuments-funeraires\\\/\",\"url\":\"https:\\\/\\\/artsfuneraires.ch\\\/entretien-et-renovation-de-monuments-funeraires\\\/\",\"name\":\"Votre sp\u00e9cialiste en monuments fun\u00e9raires pour toute la Suisse romande depuis plus de 30 ans -\",\"isPartOf\":{\"@id\":\"https:\\\/\\\/artsfuneraires.ch\\\/#website\"},\"datePublished\":\"2021-02-06T12:47:14+00:00\",\"dateModified\":\"2022-04-10T07:57:16+00:00\",\"description\":\"Que vous ayez besoin d'un monument en granit personnalis\u00e9 et\\\/ou personnalisable \u00e0 souhaits, d'une pierre tombale en granit brut ou poli ou d'une marbrerie nous avons la solution au meilleur prixGrand choix de monuments fun\u00e9raires \\\/ pierres tombales, pour urne, pour b\u00e9b\u00e9, pour enfant, simple ou double \u2013 orthodoxe, musulmane, juive, isra\u00e9lite, islamique, zen \u2013 design, moderne, original, personnalisable \u2013 Valais, Vaud, Gen\u00e8ve, Fribourg\",\"breadcrumb\":{\"@id\":\"https:\\\/\\\/artsfuneraires.ch\\\/entretien-et-renovation-de-monuments-funeraires\\\/#breadcrumb\"},\"inLanguage\":\"de\",\"potentialAction\":[{\"@type\":\"ReadAction\",\"target\":[\"https:\\\/\\\/artsfuneraires.ch\\\/entretien-et-renovation-de-monuments-funeraires\\\/\"]}]},{\"@type\":\"BreadcrumbList\",\"@id\":\"https:\\\/\\\/artsfuneraires.ch\\\/entretien-et-renovation-de-monuments-funeraires\\\/#breadcrumb\",\"itemListElement\":[{\"@type\":\"ListItem\",\"position\":1,\"name\":\"Accueil\",\"item\":\"https:\\\/\\\/artsfuneraires.ch\\\/\"},{\"@type\":\"ListItem\",\"position\":2,\"name\":\"entretien et r\u00e9novation de monuments fun\u00e9raires\"}]},{\"@type\":\"WebSite\",\"@id\":\"https:\\\/\\\/artsfuneraires.ch\\\/#website\",\"url\":\"https:\\\/\\\/artsfuneraires.ch\\\/\",\"name\":\"Aux Arts Fun\u00e9raires - vos monuments fun\u00e9raires\",\"description\":\"Votre sp\u00e9cialiste en monuments fun\u00e9raires pour toute la Suisse romande\",\"publisher\":{\"@id\":\"https:\\\/\\\/artsfuneraires.ch\\\/#organization\"},\"potentialAction\":[{\"@type\":\"SearchAction\",\"target\":{\"@type\":\"EntryPoint\",\"urlTemplate\":\"https:\\\/\\\/artsfuneraires.ch\\\/?s={search_term_string}\"},\"query-input\":{\"@type\":\"PropertyValueSpecification\",\"valueRequired\":true,\"valueName\":\"search_term_string\"}}],\"inLanguage\":\"de\"},{\"@type\":\"Organization\",\"@id\":\"https:\\\/\\\/artsfuneraires.ch\\\/#organization\",\"name\":\"Aux Arts Fun\u00e9raires\",\"url\":\"https:\\\/\\\/artsfuneraires.ch\\\/\",\"logo\":{\"@type\":\"ImageObject\",\"inLanguage\":\"de\",\"@id\":\"https:\\\/\\\/artsfuneraires.ch\\\/#\\\/schema\\\/logo\\\/image\\\/\",\"url\":\"https:\\\/\\\/www.artsfuneraires.ch\\\/wp-content\\\/uploads\\\/2021\\\/02\\\/baseLogoAF.png\",\"contentUrl\":\"https:\\\/\\\/www.artsfuneraires.ch\\\/wp-content\\\/uploads\\\/2021\\\/02\\\/baseLogoAF.png\",\"width\":469,\"height\":110,\"caption\":\"Aux Arts Fun\u00e9raires\"},\"image\":{\"@id\":\"https:\\\/\\\/artsfuneraires.ch\\\/#\\\/schema\\\/logo\\\/image\\\/\"}}]}<\/script>\n<!-- \/ Yoast SEO plugin. -->","yoast_head_json":{"title":"Ihr Spezialist f\u00fcr Grabdenkm\u00e4ler f\u00fcr die ganze Westschweiz seit \u00fcber 30 Jahren - -.","description":"Ob Sie ein pers\u00f6nliches und\/oder nach Ihren W\u00fcnschen gestaltbares Granitdenkmal, einen Grabstein aus unbehandeltem oder poliertem Granit oder eine Marmorierung ben\u00f6tigen - wir haben die L\u00f6sung zum besten PreisGro\u00dfe Auswahl an Grabdenkm\u00e4lern \/ Grabsteinen, f\u00fcr Urne, f\u00fcr Baby, f\u00fcr Kind, einfach oder doppelt - orthodox, muslimisch, j\u00fcdisch, israelitisch, islamisch, Zen - Design, modern, originell, gestaltbar - Wallis, Waadt, Genf, Freiburg","robots":{"index":"index","follow":"follow","max-snippet":"max-snippet:-1","max-image-preview":"max-image-preview:large","max-video-preview":"max-video-preview:-1"},"canonical":"https:\/\/artsfuneraires.ch\/de\/wartung-und-renovierung-von-grabdenkmalern\/","og_locale":"de_DE","og_type":"article","og_title":"Votre sp\u00e9cialiste en monuments fun\u00e9raires pour toute la Suisse romande depuis plus de 30 ans -","og_description":"Que vous ayez besoin d'un monument en granit personnalis\u00e9 et\/ou personnalisable \u00e0 souhaits, d'une pierre tombale en granit brut ou poli ou d'une marbrerie nous avons la solution au meilleur prixGrand choix de monuments fun\u00e9raires \/ pierres tombales, pour urne, pour b\u00e9b\u00e9, pour enfant, simple ou double \u2013 orthodoxe, musulmane, juive, isra\u00e9lite, islamique, zen \u2013 design, moderne, original, personnalisable \u2013 Valais, Vaud, Gen\u00e8ve, Fribourg","og_url":"https:\/\/artsfuneraires.ch\/de\/wartung-und-renovierung-von-grabdenkmalern\/","og_site_name":"Aux Arts Fun\u00e9raires - vos monuments fun\u00e9raires","article_modified_time":"2022-04-10T07:57:16+00:00","twitter_card":"summary_large_image","twitter_misc":{"Gesch\u00e4tzte Lesezeit":"6\u00a0Minuten"},"schema":{"@context":"https:\/\/schema.org","@graph":[{"@type":"WebPage","@id":"https:\/\/artsfuneraires.ch\/entretien-et-renovation-de-monuments-funeraires\/","url":"https:\/\/artsfuneraires.ch\/entretien-et-renovation-de-monuments-funeraires\/","name":"Ihr Spezialist f\u00fcr Grabdenkm\u00e4ler f\u00fcr die ganze Westschweiz seit \u00fcber 30 Jahren - -.","isPartOf":{"@id":"https:\/\/artsfuneraires.ch\/#website"},"datePublished":"2021-02-06T12:47:14+00:00","dateModified":"2022-04-10T07:57:16+00:00","description":"Ob Sie ein pers\u00f6nliches und\/oder nach Ihren W\u00fcnschen gestaltbares Granitdenkmal, einen Grabstein aus unbehandeltem oder poliertem Granit oder eine Marmorierung ben\u00f6tigen - wir haben die L\u00f6sung zum besten PreisGro\u00dfe Auswahl an Grabdenkm\u00e4lern \/ Grabsteinen, f\u00fcr Urne, f\u00fcr Baby, f\u00fcr Kind, einfach oder doppelt - orthodox, muslimisch, j\u00fcdisch, israelitisch, islamisch, Zen - Design, modern, originell, gestaltbar - Wallis, Waadt, Genf, Freiburg","breadcrumb":{"@id":"https:\/\/artsfuneraires.ch\/entretien-et-renovation-de-monuments-funeraires\/#breadcrumb"},"inLanguage":"de","potentialAction":[{"@type":"ReadAction","target":["https:\/\/artsfuneraires.ch\/entretien-et-renovation-de-monuments-funeraires\/"]}]},{"@type":"BreadcrumbList","@id":"https:\/\/artsfuneraires.ch\/entretien-et-renovation-de-monuments-funeraires\/#breadcrumb","itemListElement":[{"@type":"ListItem","position":1,"name":"Accueil","item":"https:\/\/artsfuneraires.ch\/"},{"@type":"ListItem","position":2,"name":"entretien et r\u00e9novation de monuments fun\u00e9raires"}]},{"@type":"WebSite","@id":"https:\/\/artsfuneraires.ch\/#website","url":"https:\/\/artsfuneraires.ch\/","name":"Aux Arts Fun\u00e9raires - Ihre Grabdenkm\u00e4ler","description":"Ihr Spezialist f\u00fcr Grabdenkm\u00e4ler f\u00fcr die gesamte Westschweiz","publisher":{"@id":"https:\/\/artsfuneraires.ch\/#organization"},"potentialAction":[{"@type":"SearchAction","target":{"@type":"EntryPoint","urlTemplate":"https:\/\/artsfuneraires.ch\/?s={search_term_string}"},"query-input":{"@type":"PropertyValueSpecification","valueRequired":true,"valueName":"search_term_string"}}],"inLanguage":"de"},{"@type":"Organization","@id":"https:\/\/artsfuneraires.ch\/#organization","name":"Aux Arts Fun\u00e9raires","url":"https:\/\/artsfuneraires.ch\/","logo":{"@type":"ImageObject","inLanguage":"de","@id":"https:\/\/artsfuneraires.ch\/#\/schema\/logo\/image\/","url":"https:\/\/www.artsfuneraires.ch\/wp-content\/uploads\/2021\/02\/baseLogoAF.png","contentUrl":"https:\/\/www.artsfuneraires.ch\/wp-content\/uploads\/2021\/02\/baseLogoAF.png","width":469,"height":110,"caption":"Aux Arts Fun\u00e9raires"},"image":{"@id":"https:\/\/artsfuneraires.ch\/#\/schema\/logo\/image\/"}}]}},"_links":{"self":[{"href":"https:\/\/artsfuneraires.ch\/de\/wp-json\/wp\/v2\/pages\/747","targetHints":{"allow":["GET"]}}],"collection":[{"href":"https:\/\/artsfuneraires.ch\/de\/wp-json\/wp\/v2\/pages"}],"about":[{"href":"https:\/\/artsfuneraires.ch\/de\/wp-json\/wp\/v2\/types\/page"}],"author":[{"embeddable":true,"href":"https:\/\/artsfuneraires.ch\/de\/wp-json\/wp\/v2\/users\/1"}],"replies":[{"embeddable":true,"href":"https:\/\/artsfuneraires.ch\/de\/wp-json\/wp\/v2\/comments?post=747"}],"version-history":[{"count":65,"href":"https:\/\/artsfuneraires.ch\/de\/wp-json\/wp\/v2\/pages\/747\/revisions"}],"predecessor-version":[{"id":2837,"href":"https:\/\/artsfuneraires.ch\/de\/wp-json\/wp\/v2\/pages\/747\/revisions\/2837"}],"wp:attachment":[{"href":"https:\/\/artsfuneraires.ch\/de\/wp-json\/wp\/v2\/media?parent=747"}],"curies":[{"name":"wp","href":"https:\/\/api.w.org\/{rel}","templated":true}]}}