{"id":761,"date":"2021-02-06T13:55:53","date_gmt":"2021-02-06T12:55:53","guid":{"rendered":"https:\/\/af.maxi-trampoline.com\/?page_id=761"},"modified":"2021-09-27T18:19:37","modified_gmt":"2021-09-27T16:19:37","slug":"konfigurator-fur-kostenvoranschlage","status":"publish","type":"page","link":"https:\/\/artsfuneraires.ch\/de\/configurateur-pour-devis\/","title":{"rendered":"Konfigurator f\u00fcr Kostenvoranschl\u00e4ge"},"content":{"rendered":"<p>[et_pb_section fb_built=\u00a0\u00bb1&Prime; _builder_version=\u00a0\u00bb4.9.0&Prime; _module_preset=\u00a0\u00bbdefault\u00a0\u00bb background_image=\u00a0\u00bbhttps:\/\/www.artsfuneraires.ch\/wp-content\/uploads\/2021\/03\/top-config-01.jpg\u00a0\u00bb parallax=\u00a0\u00bbon\u00a0\u00bb parallax_method=\u00a0\u00bboff\u00a0\u00bb custom_padding=\u00a0\u00bb||0px|||\u00a0\u00bb locked=\u00a0\u00bboff\u00a0\u00bb global_colors_info=\u00a0\u00bb{}\u00a0\u00bb][et_pb_row column_structure=\u00a0\u00bb3_4,1_4&Prime; _builder_version=\u00a0\u00bb4.9.0&Prime; _module_preset=\u00a0\u00bbdefault\u00a0\u00bb background_color=\u00a0\u00bbrgba(0,39,37,0.9)\u00a0\u00bb width=\u00a0\u00bb100%\u00a0\u00bb max_width=\u00a0\u00bb2560px\u00a0\u00bb custom_margin=\u00a0\u00bb417px|auto|0px|auto|false|false\u00a0\u00bb custom_margin_tablet=\u00a0\u00bb0px||||false|false\u00a0\u00bb custom_margin_phone=\u00a0\u00bb0px|auto|0px|auto|false|false\u00a0\u00bb custom_margin_last_edited=\u00a0\u00bbon|tablet\u00a0\u00bb custom_padding=\u00a0\u00bb0px||0px||false|false\u00a0\u00bb locked=\u00a0\u00bboff\u00a0\u00bb global_colors_info=\u00a0\u00bb{}\u00a0\u00bb][et_pb_column type=\u00a0\u00bb3_4&Prime; _builder_version=\u00a0\u00bb4.8.2&Prime; _module_preset=\u00a0\u00bbdefault\u00a0\u00bb global_colors_info=\u00a0\u00bb{}\u00a0\u00bb][et_pb_text _builder_version=\u00a0\u00bb4.10.8&Prime; _module_preset=\u00a0\u00bbdefault\u00a0\u00bb text_font=\u00a0\u00bbOpen Sans||||||||\u00a0\u00bb text_text_color=\u00a0\u00bb#E09900&Prime; text_font_size=\u00a0\u00bb22px\u00a0\u00bb text_line_height=\u00a0\u00bb2em\u00a0\u00bb header_text_color=\u00a0\u00bb#000000&Prime; header_2_font=\u00a0\u00bbOpen Sans||||||||\u00a0\u00bb header_2_text_color=\u00a0\u00bb#FFFFFF\u00a0\u00bb header_2_font_size=\u00a0\u00bb55px\u00a0\u00bb header_2_line_height=\u00a0\u00bb1.5em\u00a0\u00bb header_3_font=\u00a0\u00bbOpen Sans||||||||\u00a0\u00bb header_3_text_color=\u00a0\u00bb#FFFFFF\u00a0\u00bb header_3_line_height=\u00a0\u00bb1.4em\u00a0\u00bb header_6_font=\u00a0\u00bbOpen Sans||||||||\u00a0\u00bb header_6_text_color=\u00a0\u00bb#e09900&Prime; header_6_font_size=\u00a0\u00bb40px\u00a0\u00bb custom_margin_tablet=\u00a0\u00bb\u00a0\u00bb custom_margin_phone=\u00a0\u00bb50px||-50px||false|false\u00a0\u00bb custom_margin_last_edited=\u00a0\u00bbon|phone\u00a0\u00bb custom_padding=\u00a0\u00bb20px|30px|20px|320px|true|false\u00a0\u00bb custom_padding_tablet=\u00a0\u00bb|20px||20px|false|true\u00a0\u00bb custom_padding_phone=\u00a0\u00bb0px|20px||20px|false|false\u00a0\u00bb custom_padding_last_edited=\u00a0\u00bbon|tablet\u00a0\u00bb hover_enabled=\u00a0\u00bb0&Prime; text_font_size_tablet=\u00a0\u00bb\u00a0\u00bb text_font_size_phone=\u00a0\u00bb16px\u00a0\u00bb text_font_size_last_edited=\u00a0\u00bbon|phone\u00a0\u00bb header_2_font_size_tablet=\u00a0\u00bb\u00a0\u00bb header_2_font_size_phone=\u00a0\u00bb35px\u00a0\u00bb header_2_font_size_last_edited=\u00a0\u00bbon|phone\u00a0\u00bb global_colors_info=\u00a0\u00bb{}\u00a0\u00bb sticky_enabled=\u00a0\u00bb0&Prime;]<\/p>\n<h2>Int\u00e9r\u00eat pour un monument fun\u00e9raire<\/h2>\n<h6>Aux Arts Fun\u00e9raires<\/h6>\n<p><small>GEN\u00c8VE &#8211; VAUD &#8211; VALAIS<small>\u00a0<\/small>\u2013 FRIBOURG \u2013 NEUCH\u00c2TEL<\/small><\/p>\n<h3 class=\"fs-40 fw-300\"><\/h3>\n<h3 class=\"fs-40 fw-300\"><span>Votre sp\u00e9cialiste en monuments fun\u00e9raires pour toute la Suisse romande<\/span><\/h3>\n<p>[\/et_pb_text][\/et_pb_column][et_pb_column type=\u00a0\u00bb1_4&Prime; _builder_version=\u00a0\u00bb4.8.2&Prime; _module_preset=\u00a0\u00bbdefault\u00a0\u00bb background_enable_color=\u00a0\u00bboff\u00a0\u00bb global_colors_info=\u00a0\u00bb{}\u00a0\u00bb][\/et_pb_column][\/et_pb_row][\/et_pb_section][et_pb_section fb_built=\u00a0\u00bb1&Prime; _builder_version=\u00a0\u00bb4.8.2&Prime; _module_preset=\u00a0\u00bbdefault\u00a0\u00bb background_color=\u00a0\u00bbrgba(0,0,0,0.06)\u00a0\u00bb custom_padding=\u00a0\u00bb||4px|||\u00a0\u00bb top_divider_style=\u00a0\u00bbslant2&Prime; top_divider_color=\u00a0\u00bb#005450&Prime; top_divider_flip=\u00a0\u00bbvertical\u00a0\u00bb bottom_divider_flip=\u00a0\u00bbvertical\u00a0\u00bb global_colors_info=\u00a0\u00bb{}\u00a0\u00bb][et_pb_row _builder_version=\u00a0\u00bb4.9.0&Prime; _module_preset=\u00a0\u00bbdefault\u00a0\u00bb background_color=\u00a0\u00bb#005450&Prime; width_tablet=\u00a0\u00bb\u00a0\u00bb width_phone=\u00a0\u00bb96%\u00a0\u00bb width_last_edited=\u00a0\u00bbon|phone\u00a0\u00bb max_width=\u00a0\u00bb2560px\u00a0\u00bb custom_margin=\u00a0\u00bb70px||70px||true|false\u00a0\u00bb custom_padding=\u00a0\u00bb||0px||false|false\u00a0\u00bb global_colors_info=\u00a0\u00bb{}\u00a0\u00bb][et_pb_column type=\u00a0\u00bb4_4&Prime; _builder_version=\u00a0\u00bb4.8.2&Prime; _module_preset=\u00a0\u00bbdefault\u00a0\u00bb global_colors_info=\u00a0\u00bb{}\u00a0\u00bb][et_pb_text _builder_version=\u00a0\u00bb4.9.10&Prime; _module_preset=\u00a0\u00bbdefault\u00a0\u00bb text_text_color=\u00a0\u00bb#FFFFFF\u00a0\u00bb text_font_size=\u00a0\u00bb25px\u00a0\u00bb text_orientation=\u00a0\u00bbcenter\u00a0\u00bb custom_padding=\u00a0\u00bb10px||||false|false\u00a0\u00bb custom_padding_tablet=\u00a0\u00bb\u00a0\u00bb custom_padding_phone=\u00a0\u00bb\u00a0\u00bb custom_padding_last_edited=\u00a0\u00bbon|desktop\u00a0\u00bb global_colors_info=\u00a0\u00bb{}\u00a0\u00bb]<\/p>\n<p>Faites votre choix, et nous prendrons contact avec vous pour affiner votre demande<\/p>\n<p>[\/et_pb_text][et_pb_code _builder_version=\u00a0\u00bb4.8.2&Prime; _module_preset=\u00a0\u00bbdefault\u00a0\u00bb text_orientation=\u00a0\u00bbleft\u00a0\u00bb custom_padding=\u00a0\u00bb|150px||150px|true|true\u00a0\u00bb custom_padding_tablet=\u00a0\u00bb\u00a0\u00bb custom_padding_phone=\u00a0\u00bb|8px||8px|true|true\u00a0\u00bb custom_padding_last_edited=\u00a0\u00bbon|phone\u00a0\u00bb text_orientation_tablet=\u00a0\u00bb\u00a0\u00bb text_orientation_phone=\u00a0\u00bbcenter\u00a0\u00bb text_orientation_last_edited=\u00a0\u00bbon|phone\u00a0\u00bb global_colors_info=\u00a0\u00bb{}\u00a0\u00bb][wpforms id=\u00a0\u00bb945&Prime;][\/et_pb_code][et_pb_text _builder_version=\u00a0\u00bb4.9.0&Prime; _module_preset=\u00a0\u00bbdefault\u00a0\u00bb text_font=\u00a0\u00bb||on||on||||\u00a0\u00bb text_text_color=\u00a0\u00bb#FFFFFF\u00a0\u00bb link_text_color=\u00a0\u00bb#FFFFFF\u00a0\u00bb text_orientation=\u00a0\u00bbright\u00a0\u00bb custom_margin=\u00a0\u00bb|10%|30px||false|false\u00a0\u00bb global_colors_info=\u00a0\u00bb{}\u00a0\u00bb]<\/p>\n<p><a href=\"\/confidentialite\">notre politique de confidentialit\u00e9<\/a><\/p>\n<p>[\/et_pb_text][\/et_pb_column][\/et_pb_row][\/et_pb_section]<\/p>\n","protected":false},"excerpt":{"rendered":"<p>Int\u00e9r\u00eat pour un monument fun\u00e9raire Aux Arts Fun\u00e9raires GEN\u00c8VE &#8211; VAUD &#8211; VALAIS\u00a0\u2013 FRIBOURG \u2013 NEUCH\u00c2TEL Votre sp\u00e9cialiste en monuments fun\u00e9raires pour toute la Suisse romandeFaites votre choix, et nous prendrons contact avec vous pour affiner votre demande[wpforms id=\u00a0\u00bb945&Prime;]notre politique de confidentialit\u00e9<\/p>\n","protected":false},"author":1,"featured_media":0,"parent":0,"menu_order":91,"comment_status":"closed","ping_status":"closed","template":"","meta":{"_et_pb_use_builder":"on","_et_pb_old_content":"<!-- wp:divi\/placeholder \/-->","_et_gb_content_width":"","footnotes":""},"class_list":["post-761","page","type-page","status-publish","hentry"],"yoast_head":"<!-- This site is optimized with the Yoast SEO plugin v27.5 - https:\/\/yoast.com\/product\/yoast-seo-wordpress\/ -->\n<title>Votre sp\u00e9cialiste en monuments fun\u00e9raires pour toute la Suisse romande depuis plus de 30 ans -<\/title>\n<meta name=\"description\" content=\"Que vous ayez besoin d&#039;un monument en granit personnalis\u00e9 et\/ou personnalisable \u00e0 souhaits, d&#039;une pierre tombale en granit brut ou poli ou d&#039;une marbrerie nous avons la solution au meilleur prixGrand choix de monuments fun\u00e9raires \/ pierres tombales, pour urne, pour b\u00e9b\u00e9, pour enfant, simple ou double \u2013 orthodoxe, musulmane, juive, isra\u00e9lite, islamique, zen \u2013 design, moderne, original, personnalisable \u2013 Valais, Vaud, Gen\u00e8ve, Fribourg\" \/>\n<meta name=\"robots\" content=\"index, follow, max-snippet:-1, max-image-preview:large, max-video-preview:-1\" \/>\n<link rel=\"canonical\" href=\"https:\/\/artsfuneraires.ch\/de\/konfigurator-fur-kostenvoranschlage\/\" \/>\n<meta property=\"og:locale\" content=\"de_DE\" \/>\n<meta property=\"og:type\" content=\"article\" \/>\n<meta property=\"og:title\" content=\"Votre sp\u00e9cialiste en monuments fun\u00e9raires pour toute la Suisse romande depuis plus de 30 ans -\" \/>\n<meta property=\"og:description\" content=\"Que vous ayez besoin d&#039;un monument en granit personnalis\u00e9 et\/ou personnalisable \u00e0 souhaits, d&#039;une pierre tombale en granit brut ou poli ou d&#039;une marbrerie nous avons la solution au meilleur prixGrand choix de monuments fun\u00e9raires \/ pierres tombales, pour urne, pour b\u00e9b\u00e9, pour enfant, simple ou double \u2013 orthodoxe, musulmane, juive, isra\u00e9lite, islamique, zen \u2013 design, moderne, original, personnalisable \u2013 Valais, Vaud, Gen\u00e8ve, Fribourg\" \/>\n<meta property=\"og:url\" content=\"https:\/\/artsfuneraires.ch\/de\/konfigurator-fur-kostenvoranschlage\/\" \/>\n<meta property=\"og:site_name\" content=\"Aux Arts Fun\u00e9raires - vos monuments fun\u00e9raires\" \/>\n<meta property=\"article:modified_time\" content=\"2021-09-27T16:19:37+00:00\" \/>\n<meta name=\"twitter:card\" content=\"summary_large_image\" \/>\n<meta name=\"twitter:label1\" content=\"Gesch\u00e4tzte Lesezeit\" \/>\n\t<meta name=\"twitter:data1\" content=\"3\u00a0Minuten\" \/>\n<script type=\"application\/ld+json\" class=\"yoast-schema-graph\">{\"@context\":\"https:\\\/\\\/schema.org\",\"@graph\":[{\"@type\":\"WebPage\",\"@id\":\"https:\\\/\\\/artsfuneraires.ch\\\/configurateur-pour-devis\\\/\",\"url\":\"https:\\\/\\\/artsfuneraires.ch\\\/configurateur-pour-devis\\\/\",\"name\":\"Votre sp\u00e9cialiste en monuments fun\u00e9raires pour toute la Suisse romande depuis plus de 30 ans -\",\"isPartOf\":{\"@id\":\"https:\\\/\\\/artsfuneraires.ch\\\/#website\"},\"datePublished\":\"2021-02-06T12:55:53+00:00\",\"dateModified\":\"2021-09-27T16:19:37+00:00\",\"description\":\"Que vous ayez besoin d'un monument en granit personnalis\u00e9 et\\\/ou personnalisable \u00e0 souhaits, d'une pierre tombale en granit brut ou poli ou d'une marbrerie nous avons la solution au meilleur prixGrand choix de monuments fun\u00e9raires \\\/ pierres tombales, pour urne, pour b\u00e9b\u00e9, pour enfant, simple ou double \u2013 orthodoxe, musulmane, juive, isra\u00e9lite, islamique, zen \u2013 design, moderne, original, personnalisable \u2013 Valais, Vaud, Gen\u00e8ve, Fribourg\",\"breadcrumb\":{\"@id\":\"https:\\\/\\\/artsfuneraires.ch\\\/configurateur-pour-devis\\\/#breadcrumb\"},\"inLanguage\":\"de\",\"potentialAction\":[{\"@type\":\"ReadAction\",\"target\":[\"https:\\\/\\\/artsfuneraires.ch\\\/configurateur-pour-devis\\\/\"]}]},{\"@type\":\"BreadcrumbList\",\"@id\":\"https:\\\/\\\/artsfuneraires.ch\\\/configurateur-pour-devis\\\/#breadcrumb\",\"itemListElement\":[{\"@type\":\"ListItem\",\"position\":1,\"name\":\"Accueil\",\"item\":\"https:\\\/\\\/artsfuneraires.ch\\\/\"},{\"@type\":\"ListItem\",\"position\":2,\"name\":\"configurateur pour devis\"}]},{\"@type\":\"WebSite\",\"@id\":\"https:\\\/\\\/artsfuneraires.ch\\\/#website\",\"url\":\"https:\\\/\\\/artsfuneraires.ch\\\/\",\"name\":\"Aux Arts Fun\u00e9raires - vos monuments fun\u00e9raires\",\"description\":\"Votre sp\u00e9cialiste en monuments fun\u00e9raires pour toute la Suisse romande\",\"publisher\":{\"@id\":\"https:\\\/\\\/artsfuneraires.ch\\\/#organization\"},\"potentialAction\":[{\"@type\":\"SearchAction\",\"target\":{\"@type\":\"EntryPoint\",\"urlTemplate\":\"https:\\\/\\\/artsfuneraires.ch\\\/?s={search_term_string}\"},\"query-input\":{\"@type\":\"PropertyValueSpecification\",\"valueRequired\":true,\"valueName\":\"search_term_string\"}}],\"inLanguage\":\"de\"},{\"@type\":\"Organization\",\"@id\":\"https:\\\/\\\/artsfuneraires.ch\\\/#organization\",\"name\":\"Aux Arts Fun\u00e9raires\",\"url\":\"https:\\\/\\\/artsfuneraires.ch\\\/\",\"logo\":{\"@type\":\"ImageObject\",\"inLanguage\":\"de\",\"@id\":\"https:\\\/\\\/artsfuneraires.ch\\\/#\\\/schema\\\/logo\\\/image\\\/\",\"url\":\"https:\\\/\\\/www.artsfuneraires.ch\\\/wp-content\\\/uploads\\\/2021\\\/02\\\/baseLogoAF.png\",\"contentUrl\":\"https:\\\/\\\/www.artsfuneraires.ch\\\/wp-content\\\/uploads\\\/2021\\\/02\\\/baseLogoAF.png\",\"width\":469,\"height\":110,\"caption\":\"Aux Arts Fun\u00e9raires\"},\"image\":{\"@id\":\"https:\\\/\\\/artsfuneraires.ch\\\/#\\\/schema\\\/logo\\\/image\\\/\"}}]}<\/script>\n<!-- \/ Yoast SEO plugin. -->","yoast_head_json":{"title":"Ihr Spezialist f\u00fcr Grabdenkm\u00e4ler f\u00fcr die ganze Westschweiz seit \u00fcber 30 Jahren - -.","description":"Ob Sie ein pers\u00f6nliches und\/oder nach Ihren W\u00fcnschen gestaltbares Granitdenkmal, einen Grabstein aus unbehandeltem oder poliertem Granit oder eine Marmorierung ben\u00f6tigen - wir haben die L\u00f6sung zum besten PreisGro\u00dfe Auswahl an Grabdenkm\u00e4lern \/ Grabsteinen, f\u00fcr Urne, f\u00fcr Baby, f\u00fcr Kind, einfach oder doppelt - orthodox, muslimisch, j\u00fcdisch, israelitisch, islamisch, Zen - Design, modern, originell, gestaltbar - Wallis, Waadt, Genf, Freiburg","robots":{"index":"index","follow":"follow","max-snippet":"max-snippet:-1","max-image-preview":"max-image-preview:large","max-video-preview":"max-video-preview:-1"},"canonical":"https:\/\/artsfuneraires.ch\/de\/konfigurator-fur-kostenvoranschlage\/","og_locale":"de_DE","og_type":"article","og_title":"Votre sp\u00e9cialiste en monuments fun\u00e9raires pour toute la Suisse romande depuis plus de 30 ans -","og_description":"Que vous ayez besoin d'un monument en granit personnalis\u00e9 et\/ou personnalisable \u00e0 souhaits, d'une pierre tombale en granit brut ou poli ou d'une marbrerie nous avons la solution au meilleur prixGrand choix de monuments fun\u00e9raires \/ pierres tombales, pour urne, pour b\u00e9b\u00e9, pour enfant, simple ou double \u2013 orthodoxe, musulmane, juive, isra\u00e9lite, islamique, zen \u2013 design, moderne, original, personnalisable \u2013 Valais, Vaud, Gen\u00e8ve, Fribourg","og_url":"https:\/\/artsfuneraires.ch\/de\/konfigurator-fur-kostenvoranschlage\/","og_site_name":"Aux Arts Fun\u00e9raires - vos monuments fun\u00e9raires","article_modified_time":"2021-09-27T16:19:37+00:00","twitter_card":"summary_large_image","twitter_misc":{"Gesch\u00e4tzte Lesezeit":"3\u00a0Minuten"},"schema":{"@context":"https:\/\/schema.org","@graph":[{"@type":"WebPage","@id":"https:\/\/artsfuneraires.ch\/configurateur-pour-devis\/","url":"https:\/\/artsfuneraires.ch\/configurateur-pour-devis\/","name":"Ihr Spezialist f\u00fcr Grabdenkm\u00e4ler f\u00fcr die ganze Westschweiz seit \u00fcber 30 Jahren - -.","isPartOf":{"@id":"https:\/\/artsfuneraires.ch\/#website"},"datePublished":"2021-02-06T12:55:53+00:00","dateModified":"2021-09-27T16:19:37+00:00","description":"Ob Sie ein pers\u00f6nliches und\/oder nach Ihren W\u00fcnschen gestaltbares Granitdenkmal, einen Grabstein aus unbehandeltem oder poliertem Granit oder eine Marmorierung ben\u00f6tigen - wir haben die L\u00f6sung zum besten PreisGro\u00dfe Auswahl an Grabdenkm\u00e4lern \/ Grabsteinen, f\u00fcr Urne, f\u00fcr Baby, f\u00fcr Kind, einfach oder doppelt - orthodox, muslimisch, j\u00fcdisch, israelitisch, islamisch, Zen - Design, modern, originell, gestaltbar - Wallis, Waadt, Genf, Freiburg","breadcrumb":{"@id":"https:\/\/artsfuneraires.ch\/configurateur-pour-devis\/#breadcrumb"},"inLanguage":"de","potentialAction":[{"@type":"ReadAction","target":["https:\/\/artsfuneraires.ch\/configurateur-pour-devis\/"]}]},{"@type":"BreadcrumbList","@id":"https:\/\/artsfuneraires.ch\/configurateur-pour-devis\/#breadcrumb","itemListElement":[{"@type":"ListItem","position":1,"name":"Accueil","item":"https:\/\/artsfuneraires.ch\/"},{"@type":"ListItem","position":2,"name":"configurateur pour devis"}]},{"@type":"WebSite","@id":"https:\/\/artsfuneraires.ch\/#website","url":"https:\/\/artsfuneraires.ch\/","name":"Aux Arts Fun\u00e9raires - Ihre Grabdenkm\u00e4ler","description":"Ihr Spezialist f\u00fcr Grabdenkm\u00e4ler f\u00fcr die gesamte Westschweiz","publisher":{"@id":"https:\/\/artsfuneraires.ch\/#organization"},"potentialAction":[{"@type":"SearchAction","target":{"@type":"EntryPoint","urlTemplate":"https:\/\/artsfuneraires.ch\/?s={search_term_string}"},"query-input":{"@type":"PropertyValueSpecification","valueRequired":true,"valueName":"search_term_string"}}],"inLanguage":"de"},{"@type":"Organization","@id":"https:\/\/artsfuneraires.ch\/#organization","name":"Aux Arts Fun\u00e9raires","url":"https:\/\/artsfuneraires.ch\/","logo":{"@type":"ImageObject","inLanguage":"de","@id":"https:\/\/artsfuneraires.ch\/#\/schema\/logo\/image\/","url":"https:\/\/www.artsfuneraires.ch\/wp-content\/uploads\/2021\/02\/baseLogoAF.png","contentUrl":"https:\/\/www.artsfuneraires.ch\/wp-content\/uploads\/2021\/02\/baseLogoAF.png","width":469,"height":110,"caption":"Aux Arts Fun\u00e9raires"},"image":{"@id":"https:\/\/artsfuneraires.ch\/#\/schema\/logo\/image\/"}}]}},"_links":{"self":[{"href":"https:\/\/artsfuneraires.ch\/de\/wp-json\/wp\/v2\/pages\/761","targetHints":{"allow":["GET"]}}],"collection":[{"href":"https:\/\/artsfuneraires.ch\/de\/wp-json\/wp\/v2\/pages"}],"about":[{"href":"https:\/\/artsfuneraires.ch\/de\/wp-json\/wp\/v2\/types\/page"}],"author":[{"embeddable":true,"href":"https:\/\/artsfuneraires.ch\/de\/wp-json\/wp\/v2\/users\/1"}],"replies":[{"embeddable":true,"href":"https:\/\/artsfuneraires.ch\/de\/wp-json\/wp\/v2\/comments?post=761"}],"version-history":[{"count":23,"href":"https:\/\/artsfuneraires.ch\/de\/wp-json\/wp\/v2\/pages\/761\/revisions"}],"predecessor-version":[{"id":2665,"href":"https:\/\/artsfuneraires.ch\/de\/wp-json\/wp\/v2\/pages\/761\/revisions\/2665"}],"wp:attachment":[{"href":"https:\/\/artsfuneraires.ch\/de\/wp-json\/wp\/v2\/media?parent=761"}],"curies":[{"name":"wp","href":"https:\/\/api.w.org\/{rel}","templated":true}]}}