{"id":278,"date":"2021-01-30T19:39:10","date_gmt":"2021-01-30T18:39:10","guid":{"rendered":"http:\/\/cl.maxi-trampoline.com\/?page_id=2"},"modified":"2026-02-08T09:37:37","modified_gmt":"2026-02-08T08:37:37","slug":"informazioni-legali","status":"publish","type":"page","link":"https:\/\/artsfuneraires.ch\/it\/mentions-legales\/","title":{"rendered":"appoggi"},"content":{"rendered":"<p>[et_pb_section fb_built=\u00a0\u00bb1&Prime; _builder_version=\u00a0\u00bb4.22.1&Prime; _module_preset=\u00a0\u00bbdefault\u00a0\u00bb background_image=\u00a0\u00bbhttps:\/\/artsfuneraires.ch\/wp-content\/uploads\/2021\/02\/A-4.jpg\u00a0\u00bb parallax=\u00a0\u00bbon\u00a0\u00bb parallax_method=\u00a0\u00bboff\u00a0\u00bb custom_margin=\u00a0\u00bb-100px||||false|false\u00a0\u00bb custom_padding=\u00a0\u00bb0px||0px||false|false\u00a0\u00bb locked=\u00a0\u00bboff\u00a0\u00bb global_colors_info=\u00a0\u00bb{}\u00a0\u00bb da_is_popup=\u00a0\u00bboff\u00a0\u00bb da_exit_intent=\u00a0\u00bboff\u00a0\u00bb da_has_close=\u00a0\u00bbon\u00a0\u00bb da_alt_close=\u00a0\u00bboff\u00a0\u00bb da_dark_close=\u00a0\u00bboff\u00a0\u00bb da_not_modal=\u00a0\u00bbon\u00a0\u00bb da_is_singular=\u00a0\u00bboff\u00a0\u00bb da_with_loader=\u00a0\u00bboff\u00a0\u00bb da_has_shadow=\u00a0\u00bbon\u00a0\u00bb da_disable_devices=\u00a0\u00bboff|off|off\u00a0\u00bb][et_pb_row _builder_version=\u00a0\u00bb4.22.1&Prime; _module_preset=\u00a0\u00bbdefault\u00a0\u00bb background_color=\u00a0\u00bbrgba(0,39,37,0.9)\u00a0\u00bb width=\u00a0\u00bb100%\u00a0\u00bb max_width=\u00a0\u00bb2560px\u00a0\u00bb custom_margin=\u00a0\u00bb100px|auto|60px|auto|false|false\u00a0\u00bb custom_margin_tablet=\u00a0\u00bb0px||||false|false\u00a0\u00bb custom_margin_phone=\u00a0\u00bb0px|auto|0px|auto|false|false\u00a0\u00bb custom_margin_last_edited=\u00a0\u00bbon|tablet\u00a0\u00bb custom_padding=\u00a0\u00bb0px|||||\u00a0\u00bb locked=\u00a0\u00bboff\u00a0\u00bb global_colors_info=\u00a0\u00bb{}\u00a0\u00bb][et_pb_column type=\u00a0\u00bb4_4&Prime; _builder_version=\u00a0\u00bb4.16&Prime; _module_preset=\u00a0\u00bbdefault\u00a0\u00bb global_colors_info=\u00a0\u00bb{}\u00a0\u00bb][et_pb_text _builder_version=\u00a0\u00bb4.16&Prime; _module_preset=\u00a0\u00bbdefault\u00a0\u00bb text_font=\u00a0\u00bbOpen Sans||||||||\u00a0\u00bb text_text_color=\u00a0\u00bb#E09900&Prime; text_font_size=\u00a0\u00bb22px\u00a0\u00bb text_line_height=\u00a0\u00bb2em\u00a0\u00bb header_text_color=\u00a0\u00bb#000000&Prime; header_2_font=\u00a0\u00bbAbril Fatface||||||||\u00a0\u00bb header_2_text_color=\u00a0\u00bb#FFFFFF\u00a0\u00bb header_2_font_size=\u00a0\u00bb55px\u00a0\u00bb header_3_font=\u00a0\u00bbOpen Sans||||||||\u00a0\u00bb header_3_text_color=\u00a0\u00bb#FFFFFF\u00a0\u00bb header_3_font_size=\u00a0\u00bb19px\u00a0\u00bb header_3_line_height=\u00a0\u00bb1.4em\u00a0\u00bb custom_margin_tablet=\u00a0\u00bb\u00a0\u00bb custom_margin_phone=\u00a0\u00bb50px||-50px||false|false\u00a0\u00bb custom_margin_last_edited=\u00a0\u00bbon|phone\u00a0\u00bb custom_padding=\u00a0\u00bb22px|30px||320px|false|false\u00a0\u00bb custom_padding_tablet=\u00a0\u00bb|20px||20px|false|true\u00a0\u00bb custom_padding_phone=\u00a0\u00bb0px|20px||20px|false|false\u00a0\u00bb custom_padding_last_edited=\u00a0\u00bbon|tablet\u00a0\u00bb text_font_size_tablet=\u00a0\u00bb\u00a0\u00bb text_font_size_phone=\u00a0\u00bb16px\u00a0\u00bb text_font_size_last_edited=\u00a0\u00bbon|phone\u00a0\u00bb header_2_font_size_tablet=\u00a0\u00bb\u00a0\u00bb header_2_font_size_phone=\u00a0\u00bb35px\u00a0\u00bb header_2_font_size_last_edited=\u00a0\u00bbon|phone\u00a0\u00bb global_colors_info=\u00a0\u00bb{}\u00a0\u00bb]<\/p>\n<h2>Mentions l\u00e9gales<\/h2>\n<p>Aux Arts Fun\u00e9raires &#8211;\u00a0<small>Valais \u2013 Vaud \u2013 Gen\u00e8ve \u2013 Fribourg \u2013 Neuch\u00e2tel<\/small><\/p>\n<h3 class=\"fs-40 fw-300\"><span>Votre sp\u00e9cialiste en monuments fun\u00e9raires pour toute la Suisse romande<\/span><\/h3>\n<p>[\/et_pb_text][\/et_pb_column][\/et_pb_row][\/et_pb_section][et_pb_section fb_built=\u00a0\u00bb1&Prime; _builder_version=\u00a0\u00bb4.22.1&Prime; _module_preset=\u00a0\u00bbdefault\u00a0\u00bb custom_margin=\u00a0\u00bb0px||0px||false|false\u00a0\u00bb custom_padding=\u00a0\u00bb0px||0px||false|false\u00a0\u00bb global_colors_info=\u00a0\u00bb{}\u00a0\u00bb da_is_popup=\u00a0\u00bboff\u00a0\u00bb da_exit_intent=\u00a0\u00bboff\u00a0\u00bb da_has_close=\u00a0\u00bbon\u00a0\u00bb da_alt_close=\u00a0\u00bboff\u00a0\u00bb da_dark_close=\u00a0\u00bboff\u00a0\u00bb da_not_modal=\u00a0\u00bbon\u00a0\u00bb da_is_singular=\u00a0\u00bboff\u00a0\u00bb da_with_loader=\u00a0\u00bboff\u00a0\u00bb da_has_shadow=\u00a0\u00bbon\u00a0\u00bb da_disable_devices=\u00a0\u00bboff|off|off\u00a0\u00bb][et_pb_row _builder_version=\u00a0\u00bb4.22.1&Prime; _module_preset=\u00a0\u00bbdefault\u00a0\u00bb global_colors_info=\u00a0\u00bb{}\u00a0\u00bb][et_pb_column type=\u00a0\u00bb4_4&Prime; _builder_version=\u00a0\u00bb4.16&Prime; _module_preset=\u00a0\u00bbdefault\u00a0\u00bb global_colors_info=\u00a0\u00bb{}\u00a0\u00bb][et_pb_text _builder_version=\u00a0\u00bb4.27.5&Prime; _module_preset=\u00a0\u00bbdefault\u00a0\u00bb text_font_size=\u00a0\u00bb11px\u00a0\u00bb text_orientation=\u00a0\u00bbjustified\u00a0\u00bb hover_enabled=\u00a0\u00bb0&Prime; global_colors_info=\u00a0\u00bb{}\u00a0\u00bb sticky_enabled=\u00a0\u00bb0&Prime;]<\/p>\n<p>1 &#8211; Propri\u00e9taire du site: Aux Arts Fun\u00e9raires<br \/><style>\n.my-column {\n  float: left;\n  width: 50%;\n  padding: 15px;\n}  \n.my-row:after {\n  content: \"\";\n  display: table;\n  clear: both;\n} \n  \n.my-amper{\n\tcolor:black; \n\tfont-size:large; \n\tfont-weight:bold;\n}  \n.my-title-1st-letter{\n\tfont-family=Open-Sans, Arial, sans-serif; \n\tcolor:black; \n\tfont-size:x-large; \n\tfont-weight:bold;\t\t  \n}\n.my-title-txt{\n\tfont-size:initial; \n\tcolor:black; \n\tfont-weight:bold; \n\ttext-transform: uppercase;\n\tline-height:1.5em!important;\t\n}\n.entry-content table:not(.variations) {\n    border: 0px solid #eee!important;\n    margin: 0 0 15px;\n    text-align: justify!important;\n    width: 100%; \n }\n.my-paragraphe{\n\tfont-family=initial; \n\tcolor:#666666; \n\tfont-size:12px; \n\tfont-weight:initial; \n\tline-height:1.5em!important;\t\n\tmargin-left:37px;\n} \nhr {\n\tborder:none; \n\tborder-bottom:1.5px \n\tsolid black;\n}    \n  \n@media screen and (max-width: 600px) {\n  .my-column {\n    width: 100%;\n    }\n.my-paragraphe{\n\tmargin-left:0px;\n\t}  \n}  \n  \n<\/style>\n\n\n<div class=\"my-row\">\n<!-- premiere colonne --><div class=\"my-column\">\n<!-- BLOC DE TEXTE -->\n<span class=\"my-amper\">&para;&nbsp;&nbsp;&#183;&nbsp;&nbsp;<span class=\"my-title-1st-letter\">B<\/span><span class=\"my-title-txt\">ASES JURIDIQUES<\/span>\t\t\t\t\t\t\t\t\t\t\t\t\t\t   \n<hr>\n<!-- Paragraphes de texte -->\n  <p class=\"my-paragraphe\">\n2 \u2013 Remarques juridiques\n<br>Le propri\u00e9taire n\u2019apporte aucune garantie d\u2019exhaustivit\u00e9 et d\u2019exactitude concernant les informations publi\u00e9es sur son site internet. Les donn\u00e9es personnelles seront uniquement utilis\u00e9es pour le traitement de vos demandes ou pour vous fournir des informations sur les prestations de la soci\u00e9t\u00e9. Aucune donn\u00e9e ne sera vendue, lou\u00e9e ou communiqu\u00e9e \u00e0 des tiers. Les informations du serveur seront uniquement exploit\u00e9es \u00e0 des fins statistiques g\u00e9n\u00e9rales. Cela nous permet d\u2019optimiser en permanence la qualit\u00e9 de notre pr\u00e9sence sur Internet. En cas de renvoi \u00e0 des sites ext\u00e9rieurs, nous n\u2019assumons aucune responsabilit\u00e9 pour leurs contenus et leurs pratiques de protection des donn\u00e9es.\n<br>\n<br>3 \u2013 Bases l\u00e9gales\n<br>3.1 Les informations pr\u00e9sentes sur cette page \u201cmentions l\u00e9gales\u201d sont r\u00e9gies et interpr\u00e9t\u00e9es conform\u00e9ment aux lois suisses.\n<br>3.2 La Loi f\u00e9d\u00e9rale sur la protection des donn\u00e9es (LPD) (https:\/\/www.fedlex.admin.ch\/eli\/cc\/2022\/491\/fr) constitue la base de cette d\u00e9claration sur la protection des donn\u00e9es.\n<br>\n<br>4 \u2013 For juridique\n<br>Le for juridique li\u00e9 au contenu du site est celui des tribunaux ordinaires au si\u00e8ge du propri\u00e9taire du site (voir point 1). Le for juridique r\u00e9glant les questions entre le prestataire (NovAgency Co.,Ltd) et le propri\u00e9taire du site est celui des tribunaux ordinaires au si\u00e8ge du prestataire (NovAgency Co.,Lt). \n<br>\n<br>&nbsp;\t\n<\/p>  \n \n  \n \n<!-- BLOC DE TEXTE -->\n<span class=\"my-amper\">&para;&nbsp;&nbsp;&#183;&nbsp;&nbsp;<span class=\"my-title-1st-letter\">C<\/span><span style=\"align-text=left;\" class=\"my-title-txt\">ontact et localisation des serveurs<\/span>\t\t\t\t\t\t\t\t\t\t\t\t\t\t   \n<hr>\n<!-- Paragraphes de texte -->\n  <p class=\"my-paragraphe\">\n5 \u2013 Support graphique et technique du site\n<br>Novagency Co.,Ltd - International web agency, 138\/80 Chaiyaphruked, Moo12, Nong Prue, Banglamung, Chon Buri 20150, T\u00e9l. 027 552 60 11, Courriel : info@novagency.ch\n<br>\n<br>6 \u2013 H\u00e9bergeur\n<br>Infomaniak S.A., 25 Eug\u00e8ne-Marziano, 1227 Les Acacias, http:\/\/www.infomaniak.com\n<br>\n<br>&nbsp;\t\n<\/p>  \n \n \n  \n<!-- BLOC DE TEXTE -->\n<span class=\"my-amper\">&para;&nbsp;&nbsp;&#183;&nbsp;&nbsp;<span class=\"my-title-1st-letter\">P<\/span><span class=\"my-title-txt\">ropri\u00e9t\u00e9 intellectuelle<\/span>\t\t   \n<hr>\n<!-- Paragraphes de texte -->\n  <p class=\"my-paragraphe\">\n7 \u2013 Propri\u00e9t\u00e9 intellectuelle et contrefa\u00e7ons\n<br>Le propri\u00e9taire de ce site est le client (voir point 1). Il d\u00e9tient les droits de propri\u00e9t\u00e9 intellectuelle sur les textes et les images qu'il aura lui-m\u00eame fournis; il d\u00e9tient un droit d\u2019usage sur tous les autres \u00e9l\u00e9ments du site.\nNovAgency Co.,Ltd. est seul propri\u00e9taire des droits de propri\u00e9t\u00e9 intellectuelle sur le design et la structure du site.\nToute reproduction, repr\u00e9sentation, modification, publication, adaptation de tout ou partie des \u00e9l\u00e9ments du site, quel que soit le moyen ou le proc\u00e9d\u00e9 utilis\u00e9, est interdite, sauf autorisation \u00e9crite pr\u00e9alable du propri\u00e9taire de l'\u00e9l\u00e9ment concern\u00e9. Toute exploitation non autoris\u00e9e du site ou d\u2019un quelconque \u00e9l\u00e9ment qu\u2019il contient sera consid\u00e9r\u00e9e comme constitutive d\u2019une contrefa\u00e7on et poursuivie conform\u00e9ment aux dispositions l\u00e9gales.\n<br>&nbsp;\t\n<\/p>  \n\n \n<!-- seconde colonne --><\/div><div class=\"my-column\">\n\n\n<!-- BLOC DE TEXTE -->\n<span class=\"my-amper\">&para;&nbsp;&nbsp;&#183;&nbsp;&nbsp;<span class=\"my-title-1st-letter\">D<\/span><span class=\"my-title-txt\">roits d'auteur<\/span>\t\t\t\t\t\t\t\t\t\t\t\t\t\t   \n<hr>\n<!-- Paragraphes de texte -->\n  <p class=\"my-paragraphe\">\n8 \u2013 Droits d\u2019auteur\n<br>Les \u00e9l\u00e9ments de ce site sont la propri\u00e9t\u00e9 de Novagency Co.,Ltd et de son auteur et rel\u00e8vent de la l\u00e9gislation internationale sur le droit d\u2019auteur, le droit des marques et, de fa\u00e7on g\u00e9n\u00e9rale, sur la propri\u00e9t\u00e9 intellectuelle. Novagency Co.,Ltd ne pourra en aucun cas \u00eatre tenu pour responsable d\u2019un quelconque manquement aux droits \u00e0 l\u2019image ainsi qu\u2019aux droits d\u2019auteur en ce qui concerne les \u00e9l\u00e9ments pr\u00e9sents sur le site. Le propri\u00e9taire du site (voir point 1) est seul responsable de v\u00e9rifier ces droits d'auteur sur son site. Par exception, certains contenus (textes, images) sont la propri\u00e9t\u00e9 de leurs auteurs respectifs. Toute reproduction, en tout ou partie, du contenu de ce site sur quelque support ou par tout proc\u00e9d\u00e9 que ce soit est interdite sans l\u2019autorisation expresse de l\u2019auteur. Le non-respect de cette interdiction constitue une contrefa\u00e7on susceptible d\u2019engager la responsabilit\u00e9 civile et p\u00e9nale du contrefacteur.\n<br>\n<br>&nbsp;\t\n<\/p>  \n\n\n<!-- BLOC DE TEXTE -->\n<span class=\"my-amper\">&para;&nbsp;&nbsp;&#183;&nbsp;&nbsp;<span class=\"my-title-1st-letter\">L<\/span><span class=\"my-title-txt\">iens et responsabilit\u00e9s<\/span>\t\t\t\t\t\t\t\t\t\t\t\t\t\t   \n<hr>\n<!-- Paragraphes de texte -->\n  <p class=\"my-paragraphe\">\n9 \u2013 Liens hypertextes\n<br>Ce site internet contient un certain nombre de liens hypertextes vers d\u2019autres sites. Cependant, ni le propri\u00e9taire ni l\u2019\u00e9diteur de site n\u2019ont pas la possibilit\u00e9 de suivre et v\u00e9rifier le contenu de ces sites. En cons\u00e9quence ils n\u2019assumeront aucune responsabilit\u00e9 de ce fait.\n<br>\n<br>10 \u2013 Exclusion de responsabilit\u00e9\n<br>Le propri\u00e9taire et l\u2019\u00e9diteur se r\u00e9servent le droit de ne pas \u00eatre responsable de l\u2019actualit\u00e9, de l\u2019exactitude, de l\u2019exhaustivit\u00e9, de la fiabilit\u00e9 ou de la qualit\u00e9 des informations fournies. Toute action en responsabilit\u00e9 contre le propri\u00e9taire pour des dommages mat\u00e9riels ou immat\u00e9riels r\u00e9sultant d\u2019informations publi\u00e9es ou de d\u00e9fauts techniques est exclue. Le propri\u00e9taire se r\u00e9serve express\u00e9ment le droit de modifier ou de faire modifier, tout ou partie du site, sans annonce s\u00e9par\u00e9e. Il en va de m\u00eame lorsqu\u2019il souhaite cesser temporairement ou d\u00e9finitivement la publication de son site.<br>\n<br>&nbsp;\t\n<\/p>  \n\n\n<!-- BLOC DE TEXTE -->\n<span class=\"my-amper\">&para;&nbsp;&nbsp;&#183;&nbsp;&nbsp;<span class=\"my-title-1st-letter\">M<\/span><span class=\"my-title-txt\">odifications, remarques et r\u00e9visions<\/span>\t\t\t\t\t\t\t\t\t\t\t\t\t\t   \n<hr>\n<!-- Paragraphes de texte -->\n  <p class=\"my-paragraphe\">\n11. Modifications des pr\u00e9sentes mentions l\u00e9gales\n<br>Des modifications peuvent \u00eatre apport\u00e9es \u00e0 tout moment \u00e0 ces mentions l\u00e9gales et \u00e0  cette d\u00e9claration sur la protection des donn\u00e9es.\n<br>Veuillez consulter r\u00e9guli\u00e8rement cette d\u00e9claration.\n<br>\n<br>12. Remarques\n<br>Bien que d\u00e9finie s\u00e9parement, la <a href=\"\/confidentialite\/\">politique de confidentialit\u00e9<\/a> fait pleinement partie de ces mentions l\u00e9gales.\n<br>\n<br>13. R\u00e9visions (derniers 12 mois)\n<br>01.01.2025 : pr\u00e9cision sur la propri\u00e9t\u00e9 intellectuelle des \u00e9l\u00e9ments du site\n<br>31.01.2025 : pr\u00e9cision sur les diff\u00e9rents for juridiques \n<br>29.03.2026 : s\u00e9paration claire des droits d'auteurs et de la propri\u00e9t\u00e9 intellectuelle \n<br>\n<br>&nbsp;\t\n<\/p>  \n  \n  \n  \n<!-- BLOC DE TEXTE -->\n<span class=\"my-amper\">&para;&nbsp;&nbsp;&#183;&nbsp;&nbsp;<span class=\"my-title-1st-letter\">E<\/span><span class=\"my-title-txt\">dition actuelle<\/span>\t\t\t\t\t\t\t\t\t\t\t\t\t\t   \n<hr>\n<!-- Paragraphes de texte -->\n  <p class=\"my-paragraphe\">\nR\u00e9vision du 29.03.2026<br>\n<br>&nbsp;\t\n  \n  <\/div>\n  \n  <\/div><\/p>\n<p>[\/et_pb_text][\/et_pb_column][\/et_pb_row][\/et_pb_section]<\/p>\n","protected":false},"excerpt":{"rendered":"<p>Informazioni legali Aux Arts Fun\u00e9raires - Vallese - Vaud - Gen\u00e8ve - Friburgo - Neuch\u00e2tel Il vostro specialista in monumenti funebri per tutta la Svizzera francese1 - Proprietario del sito: Aux Arts Fun\u00e9raires<style>\n.my-column {\n  float: left;\n  width: 50%;\n  padding: 15px;\n}  \n.my-row:after {\n  content: \"\";\n  display: table;\n  clear: both;\n} \n  \n.my-amper{\n\tcolor:black; \n\tfont-size:large; \n\tfont-weight:bold;\n}  \n.my-title-1st-letter{\n\tfont-family=Open-Sans, Arial, sans-serif; \n\tcolor:black; \n\tfont-size:x-large; \n\tfont-weight:bold;\t\t  \n}\n.my-title-txt{\n\tfont-size:initial; \n\tcolor:black; \n\tfont-weight:bold; \n\ttext-transform: uppercase;\n\tline-height:1.5em!important;\t\n}\n.entry-content table:not(.variations) {\n    border: 0px solid #eee!important;\n    margin: 0 0 15px;\n    text-align: justify!important;\n    width: 100%; \n }\n.my-paragraphe{\n\tfont-family=initial; \n\tcolor:#666666; \n\tfont-size:12px; \n\tfont-weight:initial; \n\tline-height:1.5em!important;\t\n\tmargin-left:37px;\n} \nhr {\n\tborder:none; \n\tborder-bottom:1.5px \n\tsolid black;\n}    \n  \n@media screen and (max-width: 600px) {\n  .my-column {\n    width: 100%;\n    }\n.my-paragraphe{\n\tmargin-left:0px;\n\t}  \n}  \n  \n<\/style>\n\n\n<div class=\"my-row\">\n<!-- premiere colonne --><div class=\"my-column\">\n<!-- BLOC DE TEXTE -->\n<span class=\"my-amper\">\u00b6 -&nbsp;&nbsp;<span class=\"my-title-1st-letter\">B<\/span><span class=\"my-title-txt\">ASI LEGALI<\/span>\t\t\t\t\t\t\t\t\t\t\t\t\t\t   \n<hr>\n<!-- Paragraphes de texte -->\n  <p class=\"my-paragraphe\">\n2 - Commenti legali\n<br>Il titolare non garantisce la completezza o l'accuratezza delle informazioni pubblicate sul proprio sito web. I dati personali saranno utilizzati solo per elaborare le vostre richieste o per fornirvi informazioni sui servizi dell'azienda. Nessun dato sar\u00e0 venduto, affittato o trasmesso a terzi. Le informazioni del server saranno utilizzate solo per scopi statistici generali. Questo ci permette di ottimizzare costantemente la qualit\u00e0 della nostra presenza su Internet. Quando si fa riferimento a siti esterni, non ci assumiamo alcuna responsabilit\u00e0 per il loro contenuto o per le pratiche di protezione dei dati.\n<br>\n<br>3 - Base giuridica\n<br>3.1 Le informazioni fornite in questa pagina di \"informazioni legali\" sono regolate e interpretate in conformit\u00e0 al diritto svizzero.\n<br>3.2 La legge federale sulla protezione dei dati (https:\/\/www.fedlex.admin.ch\/eli\/cc\/2022\/491\/fr) costituisce la base della presente dichiarazione sulla protezione dei dati.\n<br>\n<br>4 - Forma giuridica\n<br>Il foro competente in relazione al contenuto del sito \u00e8 il tribunale ordinario presso la sede legale del proprietario del sito (vedi punto 1). Il foro competente per le questioni tra il fornitore del servizio (NovAgency Co.,Ltd) e il proprietario del sito \u00e8 il tribunale ordinario presso la sede legale del fornitore del servizio (NovAgency Co.,Lt). \n<br>\n<br>&nbsp;\t\n<\/p>  \n \n  \n \n<!-- BLOC DE TEXTE -->\n<span class=\"my-amper\">\u00b6 -&nbsp;&nbsp;<span class=\"my-title-1st-letter\">C<\/span><span style=\"align-text=left;\" class=\"my-title-txt\">ontatto e ubicazione dei server<\/span>\t\t\t\t\t\t\t\t\t\t\t\t\t\t   \n<hr>\n<!-- Paragraphes de texte -->\n  <p class=\"my-paragraphe\">\n5 - Supporto grafico e tecnico per il sito\n<br>Novagency Co,Ltd - Agenzia web internazionale, 138\/80 Chaiyaphruked, Moo12, Nong Prue, Banglamung, Chon Buri 20150, Tel. 027 552 60 11, E-mail: info@novagency.ch\n<br>\n<br>6 - Hosting\n<br>Infomaniak S.A., 25 Eug\u00e8ne-Marziano, 1227 Les Acacias, http:\/\/www.infomaniak.com\n<br>\n<br>&nbsp;\t\n<\/p>  \n \n \n  \n<!-- BLOC DE TEXTE -->\n<span class=\"my-amper\">\u00b6 -&nbsp;&nbsp;<span class=\"my-title-1st-letter\">P<\/span><span class=\"my-title-txt\">propriet\u00e0 intellettuale<\/span>\t\t   \n<hr>\n<!-- Paragraphes de texte -->\n  <p class=\"my-paragraphe\">\n7 - Propriet\u00e0 intellettuale e contraffazione\n<br>Il proprietario di questo sito \u00e8 il cliente (vedi punto 1). Detiene i diritti di propriet\u00e0 intellettuale dei testi e delle immagini forniti dal cliente e ha il diritto di utilizzare tutti gli altri elementi del sito.\nNovAgency Co Ltd \u00e8 l'unica titolare dei diritti di propriet\u00e0 intellettuale sul design e sulla struttura del sito.\n\u00c8 vietata la riproduzione, la rappresentazione, la modifica, la pubblicazione, l'adattamento di tutti o parte degli elementi del sito, qualunque sia il mezzo o il processo utilizzato, senza la previa autorizzazione scritta del proprietario dell'elemento in questione. Qualsiasi utilizzo non autorizzato del sito o di uno qualsiasi degli elementi in esso contenuti sar\u00e0 considerato come una violazione e sar\u00e0 perseguito in conformit\u00e0 alle disposizioni di legge.\n<br>&nbsp;\t\n<\/p>  \n\n \n<!-- seconde colonne --><\/div><div class=\"my-column\">\n\n\n<!-- BLOC DE TEXTE -->\n<span class=\"my-amper\">\u00b6 -&nbsp;&nbsp;<span class=\"my-title-1st-letter\">D<\/span><span class=\"my-title-txt\">diritti<\/span>\t\t\t\t\t\t\t\t\t\t\t\t\t\t   \n<hr>\n<!-- Paragraphes de texte -->\n  <p class=\"my-paragraphe\">\n8 - Copyright\n<br>Gli elementi di questo sito sono di propriet\u00e0 di Novagency Co,Ltd e del suo autore e sono coperti dalla legislazione internazionale in materia di copyright, diritto dei marchi e propriet\u00e0 intellettuale in generale. Novagency Co,Ltd non pu\u00f2 in alcun modo essere ritenuta responsabile di eventuali violazioni dei diritti d'immagine o di copyright in relazione agli elementi presenti sul sito. Il proprietario del sito (vedi punto 1) \u00e8 l'unico responsabile della verifica di tali diritti d'autore sul proprio sito. In via eccezionale, alcuni contenuti (testi, immagini) sono di propriet\u00e0 dei rispettivi autori. \u00c8 vietata la riproduzione, totale o parziale, del contenuto di questo sito su qualsiasi supporto o con qualsiasi procedimento senza l'espressa autorizzazione dell'autore. L'inosservanza di questo divieto costituisce una violazione passibile di responsabilit\u00e0 civile e penale per l'autore della violazione.\n<br>\n<br>&nbsp;\t\n<\/p>  \n\n\n<!-- BLOC DE TEXTE -->\n<span class=\"my-amper\">\u00b6 -&nbsp;&nbsp;<span class=\"my-title-1st-letter\">L<\/span><span class=\"my-title-txt\">ienti e responsabilit\u00e0<\/span>\t\t\t\t\t\t\t\t\t\t\t\t\t\t   \n<hr>\n<!-- Paragraphes de texte -->\n  <p class=\"my-paragraphe\">\n9 - Collegamenti ipertestuali\n<br>Questo sito web contiene una serie di collegamenti ipertestuali ad altri siti. Tuttavia, n\u00e9 il proprietario n\u00e9 l'editore del sito hanno la possibilit\u00e0 di monitorare e controllare il contenuto di questi siti. Di conseguenza, non possono assumersi alcuna responsabilit\u00e0 al riguardo.\n<br>\n<br>10 - Esclusione di responsabilit\u00e0\n<br>Il proprietario e l'editore si riservano il diritto di non essere responsabili dell'attualit\u00e0, della correttezza, della completezza, dell'affidabilit\u00e0 o della qualit\u00e0 delle informazioni fornite. \u00c8 esclusa qualsiasi richiesta di responsabilit\u00e0 nei confronti del proprietario per danni materiali o immateriali derivanti dalle informazioni pubblicate o da difetti tecnici. Il proprietario si riserva espressamente il diritto di modificare o far modificare tutto o parte del sito senza preavviso separato. Lo stesso vale se il proprietario desidera interrompere temporaneamente o definitivamente la pubblicazione del sito.<br>\n<br>&nbsp;\t\n<\/p>  \n\n\n<!-- BLOC DE TEXTE -->\n<span class=\"my-amper\">\u00b6 -&nbsp;&nbsp;<span class=\"my-title-1st-letter\">M<\/span><span class=\"my-title-txt\">modifiche, osservazioni e revisioni<\/span>\t\t\t\t\t\t\t\t\t\t\t\t\t\t   \n<hr>\n<!-- Paragraphes de texte -->\n  <p class=\"my-paragraphe\">\n11. Modifiche alla presente nota legale\n<br>Le presenti note legali e la presente dichiarazione sulla protezione dei dati possono essere modificate in qualsiasi momento.\n<br>Si prega di consultare regolarmente questa dichiarazione.\n<br>\n<br>12. Commenti\n<br>Anche se definito separatamente, il <a href=\"\/it\/privacy\/\">Informativa sulla privacy<\/a> costituisce parte integrante della presente nota legale.\n<br>\n<br>13. Revisioni (ultimi 12 mesi)\n<br>01.01.2025: chiarimento sulla propriet\u00e0 intellettuale degli elementi del sito\n<br>31.01.2025: chiarimenti sulle diverse forme giuridiche \n<br>29.03.2026: netta separazione tra diritti d'autore e diritti di propriet\u00e0 intellettuale \n<br>\n<br>&nbsp;\t\n<\/p>  \n  \n  \n  \n<!-- BLOC DE TEXTE -->\n<span class=\"my-amper\">\u00b6 -&nbsp;&nbsp;<span class=\"my-title-1st-letter\">E<\/span><span class=\"my-title-txt\">corrente<\/span>\t\t\t\t\t\t\t\t\t\t\t\t\t\t   \n<hr>\n<!-- Paragraphes de texte -->\n  <p class=\"my-paragraphe\">\nRevisione del 29.03.2026<br>\n<br>&nbsp;\t\n  \n  <\/div>\n  \n  <\/div><\/p>","protected":false},"author":1,"featured_media":0,"parent":0,"menu_order":99,"comment_status":"closed","ping_status":"closed","template":"","meta":{"_et_pb_use_builder":"on","_et_pb_old_content":"<!-- wp:paragraph -->\n<p>This is an example page. It's different from a blog post because it will stay in one place and will show up in your site navigation (in most themes). Most people start with an About page that introduces them to potential site visitors. It might say something like this:<\/p>\n<!-- \/wp:paragraph -->\n\n<!-- wp:quote -->\n<blockquote class=\"wp-block-quote\"><p>Hi there! I'm a bike messenger by day, aspiring actor by night, and this is my website. I live in Los Angeles, have a great dog named Jack, and I like pi&#241;a coladas. (And gettin' caught in the rain.)<\/p><\/blockquote>\n<!-- \/wp:quote -->\n\n<!-- wp:paragraph -->\n<p>...or something like this:<\/p>\n<!-- \/wp:paragraph -->\n\n<!-- wp:quote -->\n<blockquote class=\"wp-block-quote\"><p>The XYZ Doohickey Company was founded in 1971, and has been providing quality doohickeys to the public ever since. Located in Gotham City, XYZ employs over 2,000 people and does all kinds of awesome things for the Gotham community.<\/p><\/blockquote>\n<!-- \/wp:quote -->\n\n<!-- wp:paragraph -->\n<p>As a new WordPress user, you should go to <a href=\"http:\/\/cl.maxi-trampoline.com\/wp-admin\/\">your dashboard<\/a> to delete this page and create new pages for your content. Have fun!<\/p>\n<!-- \/wp:paragraph -->","_et_gb_content_width":"","footnotes":""},"class_list":["post-278","page","type-page","status-publish","hentry"],"yoast_head":"<!-- This site is optimized with the Yoast SEO plugin v27.5 - https:\/\/yoast.com\/product\/yoast-seo-wordpress\/ -->\n<title>Votre sp\u00e9cialiste en monuments fun\u00e9raires pour toute la Suisse romande depuis plus de 30 ans -<\/title>\n<meta name=\"description\" content=\"Que vous ayez besoin d&#039;un monument en granit personnalis\u00e9 et\/ou personnalisable \u00e0 souhaits, d&#039;une pierre tombale en granit brut ou poli ou d&#039;une marbrerie nous avons la solution au meilleur prixGrand choix de monuments fun\u00e9raires \/ pierres tombales, pour urne, pour b\u00e9b\u00e9, pour enfant, simple ou double \u2013 orthodoxe, musulmane, juive, isra\u00e9lite, islamique, zen \u2013 design, moderne, original, personnalisable \u2013 Valais, Vaud, Gen\u00e8ve, Fribourg\" \/>\n<meta name=\"robots\" content=\"index, follow, max-snippet:-1, max-image-preview:large, max-video-preview:-1\" \/>\n<link rel=\"canonical\" href=\"https:\/\/artsfuneraires.ch\/it\/informazioni-legali\/\" \/>\n<meta property=\"og:locale\" content=\"it_IT\" \/>\n<meta property=\"og:type\" content=\"article\" \/>\n<meta property=\"og:title\" content=\"Votre sp\u00e9cialiste en monuments fun\u00e9raires pour toute la Suisse romande depuis plus de 30 ans -\" \/>\n<meta property=\"og:description\" content=\"Que vous ayez besoin d&#039;un monument en granit personnalis\u00e9 et\/ou personnalisable \u00e0 souhaits, d&#039;une pierre tombale en granit brut ou poli ou d&#039;une marbrerie nous avons la solution au meilleur prixGrand choix de monuments fun\u00e9raires \/ pierres tombales, pour urne, pour b\u00e9b\u00e9, pour enfant, simple ou double \u2013 orthodoxe, musulmane, juive, isra\u00e9lite, islamique, zen \u2013 design, moderne, original, personnalisable \u2013 Valais, Vaud, Gen\u00e8ve, Fribourg\" \/>\n<meta property=\"og:url\" content=\"https:\/\/artsfuneraires.ch\/it\/informazioni-legali\/\" \/>\n<meta property=\"og:site_name\" content=\"Aux Arts Fun\u00e9raires - vos monuments fun\u00e9raires\" \/>\n<meta property=\"article:modified_time\" content=\"2026-02-08T08:37:37+00:00\" \/>\n<meta name=\"twitter:card\" content=\"summary_large_image\" \/>\n<meta name=\"twitter:label1\" content=\"Tempo di lettura stimato\" \/>\n\t<meta name=\"twitter:data1\" content=\"2 minuti\" \/>\n<script type=\"application\/ld+json\" class=\"yoast-schema-graph\">{\"@context\":\"https:\\\/\\\/schema.org\",\"@graph\":[{\"@type\":\"WebPage\",\"@id\":\"https:\\\/\\\/artsfuneraires.ch\\\/mentions-legales\\\/\",\"url\":\"https:\\\/\\\/artsfuneraires.ch\\\/mentions-legales\\\/\",\"name\":\"Votre sp\u00e9cialiste en monuments fun\u00e9raires pour toute la Suisse romande depuis plus de 30 ans -\",\"isPartOf\":{\"@id\":\"https:\\\/\\\/artsfuneraires.ch\\\/#website\"},\"datePublished\":\"2021-01-30T18:39:10+00:00\",\"dateModified\":\"2026-02-08T08:37:37+00:00\",\"description\":\"Que vous ayez besoin d'un monument en granit personnalis\u00e9 et\\\/ou personnalisable \u00e0 souhaits, d'une pierre tombale en granit brut ou poli ou d'une marbrerie nous avons la solution au meilleur prixGrand choix de monuments fun\u00e9raires \\\/ pierres tombales, pour urne, pour b\u00e9b\u00e9, pour enfant, simple ou double \u2013 orthodoxe, musulmane, juive, isra\u00e9lite, islamique, zen \u2013 design, moderne, original, personnalisable \u2013 Valais, Vaud, Gen\u00e8ve, Fribourg\",\"breadcrumb\":{\"@id\":\"https:\\\/\\\/artsfuneraires.ch\\\/mentions-legales\\\/#breadcrumb\"},\"inLanguage\":\"it-IT\",\"potentialAction\":[{\"@type\":\"ReadAction\",\"target\":[\"https:\\\/\\\/artsfuneraires.ch\\\/mentions-legales\\\/\"]}]},{\"@type\":\"BreadcrumbList\",\"@id\":\"https:\\\/\\\/artsfuneraires.ch\\\/mentions-legales\\\/#breadcrumb\",\"itemListElement\":[{\"@type\":\"ListItem\",\"position\":1,\"name\":\"Accueil\",\"item\":\"https:\\\/\\\/artsfuneraires.ch\\\/\"},{\"@type\":\"ListItem\",\"position\":2,\"name\":\"mentions-legales\"}]},{\"@type\":\"WebSite\",\"@id\":\"https:\\\/\\\/artsfuneraires.ch\\\/#website\",\"url\":\"https:\\\/\\\/artsfuneraires.ch\\\/\",\"name\":\"Aux Arts Fun\u00e9raires - vos monuments fun\u00e9raires\",\"description\":\"Votre sp\u00e9cialiste en monuments fun\u00e9raires pour toute la Suisse romande\",\"publisher\":{\"@id\":\"https:\\\/\\\/artsfuneraires.ch\\\/#organization\"},\"potentialAction\":[{\"@type\":\"SearchAction\",\"target\":{\"@type\":\"EntryPoint\",\"urlTemplate\":\"https:\\\/\\\/artsfuneraires.ch\\\/?s={search_term_string}\"},\"query-input\":{\"@type\":\"PropertyValueSpecification\",\"valueRequired\":true,\"valueName\":\"search_term_string\"}}],\"inLanguage\":\"it-IT\"},{\"@type\":\"Organization\",\"@id\":\"https:\\\/\\\/artsfuneraires.ch\\\/#organization\",\"name\":\"Aux Arts Fun\u00e9raires\",\"url\":\"https:\\\/\\\/artsfuneraires.ch\\\/\",\"logo\":{\"@type\":\"ImageObject\",\"inLanguage\":\"it-IT\",\"@id\":\"https:\\\/\\\/artsfuneraires.ch\\\/#\\\/schema\\\/logo\\\/image\\\/\",\"url\":\"https:\\\/\\\/www.artsfuneraires.ch\\\/wp-content\\\/uploads\\\/2021\\\/02\\\/baseLogoAF.png\",\"contentUrl\":\"https:\\\/\\\/www.artsfuneraires.ch\\\/wp-content\\\/uploads\\\/2021\\\/02\\\/baseLogoAF.png\",\"width\":469,\"height\":110,\"caption\":\"Aux Arts Fun\u00e9raires\"},\"image\":{\"@id\":\"https:\\\/\\\/artsfuneraires.ch\\\/#\\\/schema\\\/logo\\\/image\\\/\"}}]}<\/script>\n<!-- \/ Yoast SEO plugin. -->","yoast_head_json":{"title":"Il vostro specialista in monumenti funebri per tutta la Svizzera romanda da oltre 30 anni -.","description":"Se avete bisogno di un monumento in granito personalizzato e\/o personalizzabile, di una lapide in granito grezzo o levigato o di una lavorazione del marmo, abbiamo la soluzione al miglior prezzo. Ampia scelta di monumenti funebri \/ lapidi, per urne, per neonati, per bambini, singoli o doppi - ortodossi, musulmani, ebrei, israeliti, islamici, zen - design, moderni, originali, personalizzabili - Vallese, Vaud, Ginevra, Friburgo","robots":{"index":"index","follow":"follow","max-snippet":"max-snippet:-1","max-image-preview":"max-image-preview:large","max-video-preview":"max-video-preview:-1"},"canonical":"https:\/\/artsfuneraires.ch\/it\/informazioni-legali\/","og_locale":"it_IT","og_type":"article","og_title":"Votre sp\u00e9cialiste en monuments fun\u00e9raires pour toute la Suisse romande depuis plus de 30 ans -","og_description":"Que vous ayez besoin d'un monument en granit personnalis\u00e9 et\/ou personnalisable \u00e0 souhaits, d'une pierre tombale en granit brut ou poli ou d'une marbrerie nous avons la solution au meilleur prixGrand choix de monuments fun\u00e9raires \/ pierres tombales, pour urne, pour b\u00e9b\u00e9, pour enfant, simple ou double \u2013 orthodoxe, musulmane, juive, isra\u00e9lite, islamique, zen \u2013 design, moderne, original, personnalisable \u2013 Valais, Vaud, Gen\u00e8ve, Fribourg","og_url":"https:\/\/artsfuneraires.ch\/it\/informazioni-legali\/","og_site_name":"Aux Arts Fun\u00e9raires - vos monuments fun\u00e9raires","article_modified_time":"2026-02-08T08:37:37+00:00","twitter_card":"summary_large_image","twitter_misc":{"Tempo di lettura stimato":"2 minuti"},"schema":{"@context":"https:\/\/schema.org","@graph":[{"@type":"WebPage","@id":"https:\/\/artsfuneraires.ch\/mentions-legales\/","url":"https:\/\/artsfuneraires.ch\/mentions-legales\/","name":"Il vostro specialista in monumenti funebri per tutta la Svizzera romanda da oltre 30 anni -.","isPartOf":{"@id":"https:\/\/artsfuneraires.ch\/#website"},"datePublished":"2021-01-30T18:39:10+00:00","dateModified":"2026-02-08T08:37:37+00:00","description":"Se avete bisogno di un monumento in granito personalizzato e\/o personalizzabile, di una lapide in granito grezzo o levigato o di una lavorazione del marmo, abbiamo la soluzione al miglior prezzo. Ampia scelta di monumenti funebri \/ lapidi, per urne, per neonati, per bambini, singoli o doppi - ortodossi, musulmani, ebrei, israeliti, islamici, zen - design, moderni, originali, personalizzabili - Vallese, Vaud, Ginevra, Friburgo","breadcrumb":{"@id":"https:\/\/artsfuneraires.ch\/mentions-legales\/#breadcrumb"},"inLanguage":"it-IT","potentialAction":[{"@type":"ReadAction","target":["https:\/\/artsfuneraires.ch\/mentions-legales\/"]}]},{"@type":"BreadcrumbList","@id":"https:\/\/artsfuneraires.ch\/mentions-legales\/#breadcrumb","itemListElement":[{"@type":"ListItem","position":1,"name":"Accueil","item":"https:\/\/artsfuneraires.ch\/"},{"@type":"ListItem","position":2,"name":"mentions-legales"}]},{"@type":"WebSite","@id":"https:\/\/artsfuneraires.ch\/#website","url":"https:\/\/artsfuneraires.ch\/","name":"Aux Arts Fun\u00e9raires - i vostri monumenti funebri","description":"Il vostro specialista in monumenti funebri per tutta la Svizzera francese","publisher":{"@id":"https:\/\/artsfuneraires.ch\/#organization"},"potentialAction":[{"@type":"SearchAction","target":{"@type":"EntryPoint","urlTemplate":"https:\/\/artsfuneraires.ch\/?s={search_term_string}"},"query-input":{"@type":"PropertyValueSpecification","valueRequired":true,"valueName":"search_term_string"}}],"inLanguage":"it-IT"},{"@type":"Organization","@id":"https:\/\/artsfuneraires.ch\/#organization","name":"Presso Funeral Arts","url":"https:\/\/artsfuneraires.ch\/","logo":{"@type":"ImageObject","inLanguage":"it-IT","@id":"https:\/\/artsfuneraires.ch\/#\/schema\/logo\/image\/","url":"https:\/\/www.artsfuneraires.ch\/wp-content\/uploads\/2021\/02\/baseLogoAF.png","contentUrl":"https:\/\/www.artsfuneraires.ch\/wp-content\/uploads\/2021\/02\/baseLogoAF.png","width":469,"height":110,"caption":"Aux Arts Fun\u00e9raires"},"image":{"@id":"https:\/\/artsfuneraires.ch\/#\/schema\/logo\/image\/"}}]}},"_links":{"self":[{"href":"https:\/\/artsfuneraires.ch\/it\/wp-json\/wp\/v2\/pages\/278","targetHints":{"allow":["GET"]}}],"collection":[{"href":"https:\/\/artsfuneraires.ch\/it\/wp-json\/wp\/v2\/pages"}],"about":[{"href":"https:\/\/artsfuneraires.ch\/it\/wp-json\/wp\/v2\/types\/page"}],"author":[{"embeddable":true,"href":"https:\/\/artsfuneraires.ch\/it\/wp-json\/wp\/v2\/users\/1"}],"replies":[{"embeddable":true,"href":"https:\/\/artsfuneraires.ch\/it\/wp-json\/wp\/v2\/comments?post=278"}],"version-history":[{"count":7,"href":"https:\/\/artsfuneraires.ch\/it\/wp-json\/wp\/v2\/pages\/278\/revisions"}],"predecessor-version":[{"id":3083,"href":"https:\/\/artsfuneraires.ch\/it\/wp-json\/wp\/v2\/pages\/278\/revisions\/3083"}],"wp:attachment":[{"href":"https:\/\/artsfuneraires.ch\/it\/wp-json\/wp\/v2\/media?parent=278"}],"curies":[{"name":"wp","href":"https:\/\/api.w.org\/{rel}","templated":true}]}}